{"id":12931,"date":"2021-05-28T15:08:24","date_gmt":"2021-05-28T13:08:24","guid":{"rendered":"https:\/\/unterbaech.ch\/alte-eischlersuon-circular-hike\/"},"modified":"2026-03-23T13:35:26","modified_gmt":"2026-03-23T12:35:26","slug":"alte-eischlersuon-circular-hike","status":"publish","type":"page","link":"https:\/\/unterbaech.ch\/en\/discover-experience\/summer\/hiking\/hiking-trails-augstbord-region\/alte-eischlersuon-circular-hike\/","title":{"rendered":"Alte Eischlersuon Circular Hike"},"content":{"rendered":"\n<style type=\"text\/css\" data-created_by=\"avia_inline_auto\" id=\"style-css-av-kbax8y3e-d0cae3c9a9beedae43998dd14d6bde78\">\n.avia-section.av-kbax8y3e-d0cae3c9a9beedae43998dd14d6bde78 .av-parallax .av-parallax-inner{\nbackground-repeat:no-repeat;\nbackground-image:url(https:\/\/unterbaech.ch\/wp-content\/uploads\/2020\/07\/Suone_Herbst-scaled.jpg);\nbackground-position:50% 100%;\nbackground-attachment:scroll;\n}\n<\/style>\n<div id='av_section_1'  class='avia-section av-kbax8y3e-d0cae3c9a9beedae43998dd14d6bde78 main_color avia-section-default avia-no-border-styling  avia-builder-el-0  el_before_av_section  avia-builder-el-first  section-fullwidthimage avia-full-stretch av-parallax-section avia-bg-style-parallax av-minimum-height av-minimum-height-50 av-height-50  container_wrap fullsize'  data-section-bg-repeat='stretch' data-av_minimum_height_pc='50' data-av_min_height_opt='50'><div class='av-parallax' data-avia-parallax-ratio='0.3' ><div class='av-parallax-inner main_color avia-full-stretch'><\/div><\/div><div class='container av-section-cont-open' ><main  role=\"main\" itemprop=\"mainContentOfPage\"  class='template-page content  av-content-full alpha units'><div class='post-entry post-entry-type-page post-entry-12931'><div class='entry-content-wrapper clearfix'>\n<\/div><\/div><\/main><!-- close content main element --><\/div><\/div><div id='av_section_2'  class='avia-section av-1n2h9-eef07d2470a934665895b572bc96122f main_color avia-section-default avia-no-border-styling  avia-builder-el-1  el_after_av_section  el_before_av_codeblock  section-leadtext onecol avia-bg-style-scroll container_wrap fullsize'  ><div class='container av-section-cont-open' ><div class='template-page content  av-content-full alpha units'><div class='post-entry post-entry-type-page post-entry-12931'><div class='entry-content-wrapper clearfix'>\n<section  class='av_textblock_section av-kbawhdx8-9a55faeefcbf4e8706dea9c49b9010c2 '   itemscope=\"itemscope\" itemtype=\"https:\/\/schema.org\/CreativeWork\" ><div class='avia_textblock'  itemprop=\"text\" ><p style=\"text-align: center;\"><strong>HIKING TOUR NO.\u00a08<br \/>\n<\/strong><\/p>\n<h3 style=\"text-align: center;\">ALTE EISCHLERSUON CIRCULAR HIKE<\/h3>\n<\/div><\/section>\n\n<style type=\"text\/css\" data-created_by=\"avia_inline_auto\" id=\"style-css-av-kbax4bbr-27f78f1f5574462b1f9eaf8ccb6701aa\">\n#top .hr.hr-invisible.av-kbax4bbr-27f78f1f5574462b1f9eaf8ccb6701aa{\nheight:25px;\n}\n<\/style>\n<div  class='hr av-kbax4bbr-27f78f1f5574462b1f9eaf8ccb6701aa hr-invisible  avia-builder-el-3  el_after_av_textblock  el_before_av_textblock '><span class='hr-inner '><span class=\"hr-inner-style\"><\/span><\/span><\/div>\n<section  class='av_textblock_section av-kb9j7yy8-a841f9424f5c95cb58456311f1f11ce0 '   itemscope=\"itemscope\" itemtype=\"https:\/\/schema.org\/CreativeWork\" ><div class='avia_textblock lead'  itemprop=\"text\" ><p>After a short but sweet chairlift ride from Unterb\u00e4ch to Brandalp, this beautiful circular hike starts on the forest road towards B\u00fcrchen. After a few minutes\u2019 walk, the path turns right into the forest. After a short steep ascent, you take a leisurely walk along the merrily babbling Meigger Suon, a preserved historic waterway, towards Breite St\u00e4g. When you get there, follow the path through the forest along the Eischlersuon waterway to Breitmattu. After a short visit to the &#8220;Maria Schnee&#8221; chapel located there, continue via Habere to Eischoll. From the village of Eischoll, after a short hike along the Haltsuon waterway, you return to Unterb\u00e4ch.<\/p>\n<\/div><\/section>\n\n<style type=\"text\/css\" data-created_by=\"avia_inline_auto\" id=\"style-css-av-kbax4bbr-1-5a8ac6f69941ae208175a263e4cae52b\">\n#top .hr.hr-invisible.av-kbax4bbr-1-5a8ac6f69941ae208175a263e4cae52b{\nheight:25px;\n}\n<\/style>\n<div  class='hr av-kbax4bbr-1-5a8ac6f69941ae208175a263e4cae52b hr-invisible  avia-builder-el-5  el_after_av_textblock  el_before_av_textblock '><span class='hr-inner '><span class=\"hr-inner-style\"><\/span><\/span><\/div>\n<section  class='av_textblock_section av-kbawhdx8-2-c3aaa1f96d560bfd9e44117b9617de7b '   itemscope=\"itemscope\" itemtype=\"https:\/\/schema.org\/CreativeWork\" ><div class='avia_textblock lead'  itemprop=\"text\" ><h5>TOUR DETAILS:<\/h5>\n<ul>\n<li style=\"text-align: left;\"><span data-contrast=\"auto\"><strong>Hike time:<\/strong> 2h 50\u00a0<\/span><span data-contrast=\"auto\"> (\u2191278 m \u2193649<\/span><span data-contrast=\"auto\">\u00a0m<\/span><span data-ccp-props=\"{\">)<\/span><\/li>\n<li style=\"text-align: left;\"><span data-contrast=\"auto\"><strong>Route:<\/strong> Brandalp \u2013 Meigger Suon <\/span><span data-contrast=\"auto\">\u2013 Breite St\u00e4g <\/span><span data-contrast=\"auto\">\u2013 Alte Eischlersuon <\/span><span data-contrast=\"auto\">\u2013 Breitmattu<\/span><span data-ccp-props=\"{\">\u00a0<span data-contrast=\"auto\">\u2013 Habere <\/span><span data-contrast=\"auto\">\u2013 Eischoll <\/span><span data-contrast=\"auto\">\u2013 Unterb\u00e4ch<\/span><\/span><\/li>\n<\/ul>\n<\/div><\/section>\n<\/div><\/div><\/div><!-- close content main div --><\/div><\/div><div id='after_section_2'  class='main_color av_default_container_wrap container_wrap fullsize'  ><div class='container av-section-cont-open' ><div class='template-page content  av-content-full alpha units'><div class='post-entry post-entry-type-page post-entry-12931'><div class='entry-content-wrapper clearfix'>\n\n<div  class='hr av-2wb06i-16d7ec4028013018931f1eb5b85ddddc hr-default  avia-builder-el-8  el_after_av_codeblock  el_before_av_one_full '><span class='hr-inner '><span class=\"hr-inner-style\"><\/span><\/span><\/div>\n\n<style type=\"text\/css\" data-created_by=\"avia_inline_auto\" id=\"style-css-av-kbujysp3-bb5986012cdba25cfd25bc18cd1575b4\">\n.flex_column.av-kbujysp3-bb5986012cdba25cfd25bc18cd1575b4{\nborder-radius:0px 0px 0px 0px;\npadding:0px 0px 0px 0px;\n}\n<\/style>\n<div  class='flex_column av-kbujysp3-bb5986012cdba25cfd25bc18cd1575b4 av_one_full  avia-builder-el-9  el_after_av_hr  avia-builder-el-last  gallery-masonry first flex_column_div av-zero-column-padding  '     ><div id='av-masonry-1' class='av-masonry av-kbrrgn31-78de16ca7ff7987d87e39992abacc553 noHover av-fixed-size av-large-gap av-hover-overlay-active av-masonry-animation-active av-masonry-col-3 av-caption-always av-caption-style- av-masonry-gallery ' data-post_id=\"12931\"><div class=\"av-masonry-container isotope av-js-disabled\"><div class='av-masonry-entry isotope-item av-masonry-item-no-image '><\/div><a href=\"https:\/\/unterbaech.ch\/wp-content\/uploads\/2020\/07\/Bietschhorn_Breitmatten_Herbst-1440x1080.jpg\" data-srcset=\"https:\/\/unterbaech.ch\/wp-content\/uploads\/2020\/07\/Bietschhorn_Breitmatten_Herbst-1440x1080.jpg 1440w, https:\/\/unterbaech.ch\/wp-content\/uploads\/2020\/07\/Bietschhorn_Breitmatten_Herbst-1024x768.jpg 1024w, https:\/\/unterbaech.ch\/wp-content\/uploads\/2020\/07\/Bietschhorn_Breitmatten_Herbst-768x576.jpg 768w, https:\/\/unterbaech.ch\/wp-content\/uploads\/2020\/07\/Bietschhorn_Breitmatten_Herbst-1536x1152.jpg 1536w, https:\/\/unterbaech.ch\/wp-content\/uploads\/2020\/07\/Bietschhorn_Breitmatten_Herbst-1500x1125.jpg 1500w, https:\/\/unterbaech.ch\/wp-content\/uploads\/2020\/07\/Bietschhorn_Breitmatten_Herbst-705x529.jpg 705w, https:\/\/unterbaech.ch\/wp-content\/uploads\/2020\/07\/Bietschhorn_Breitmatten_Herbst.jpg 1600w\" data-sizes=\"(max-width: 1440px) 100vw, 1440px\"  aria-label=\"image Bietschhorn_Breitmatten_Herbst\"  id='av-masonry-1-item-1409' data-av-masonry-item='1409' class='av-masonry-entry isotope-item post-1409 attachment type-attachment status-inherit hentry  av-masonry-item-with-image av-grid-img' title=\"Bietschhorn_Breitmatten_Herbst\" alt=\"\"    itemprop=\"thumbnailUrl\" ><div class='av-inner-masonry-sizer'><\/div><figure class='av-inner-masonry main_color'><div class=\"av-masonry-outerimage-container\"><div class='av-masonry-image-container' style=\"background-image: url(https:\/\/unterbaech.ch\/wp-content\/uploads\/2020\/07\/Bietschhorn_Breitmatten_Herbst-705x529.jpg);\"  title=\"Bietschhorn_Breitmatten_Herbst\" ><\/div><\/div><\/figure><\/a><!--end av-masonry entry--><a href=\"https:\/\/unterbaech.ch\/wp-content\/uploads\/2020\/07\/Suone_Herbst-1440x1080.jpg\" data-srcset=\"https:\/\/unterbaech.ch\/wp-content\/uploads\/2020\/07\/Suone_Herbst-1440x1080.jpg 1440w, https:\/\/unterbaech.ch\/wp-content\/uploads\/2020\/07\/Suone_Herbst-1024x768.jpg 1024w, https:\/\/unterbaech.ch\/wp-content\/uploads\/2020\/07\/Suone_Herbst-768x576.jpg 768w, https:\/\/unterbaech.ch\/wp-content\/uploads\/2020\/07\/Suone_Herbst-1536x1152.jpg 1536w, https:\/\/unterbaech.ch\/wp-content\/uploads\/2020\/07\/Suone_Herbst-2048x1536.jpg 2048w, https:\/\/unterbaech.ch\/wp-content\/uploads\/2020\/07\/Suone_Herbst-1500x1125.jpg 1500w, https:\/\/unterbaech.ch\/wp-content\/uploads\/2020\/07\/Suone_Herbst-705x529.jpg 705w, https:\/\/unterbaech.ch\/wp-content\/uploads\/2020\/07\/Suone_Herbst-scaled.jpg 1920w\" data-sizes=\"(max-width: 1440px) 100vw, 1440px\"  aria-label=\"image Suone_Herbst\"  id='av-masonry-1-item-1475' data-av-masonry-item='1475' class='av-masonry-entry isotope-item post-1475 attachment type-attachment status-inherit hentry  av-masonry-item-with-image av-grid-img' title=\"Suone_Herbst\" alt=\"\"    itemprop=\"thumbnailUrl\" ><div class='av-inner-masonry-sizer'><\/div><figure class='av-inner-masonry main_color'><div class=\"av-masonry-outerimage-container\"><div class='av-masonry-image-container' style=\"background-image: url(https:\/\/unterbaech.ch\/wp-content\/uploads\/2020\/07\/Suone_Herbst-705x529.jpg);\"  title=\"Suone_Herbst\" ><\/div><\/div><\/figure><\/a><!--end av-masonry entry--><a href=\"https:\/\/unterbaech.ch\/wp-content\/uploads\/IMG_2823-810x1080.jpg\" data-srcset=\"https:\/\/unterbaech.ch\/wp-content\/uploads\/IMG_2823-810x1080.jpg 810w, https:\/\/unterbaech.ch\/wp-content\/uploads\/IMG_2823-576x768.jpg 576w, https:\/\/unterbaech.ch\/wp-content\/uploads\/IMG_2823-768x1024.jpg 768w, https:\/\/unterbaech.ch\/wp-content\/uploads\/IMG_2823-1152x1536.jpg 1152w, https:\/\/unterbaech.ch\/wp-content\/uploads\/IMG_2823-1536x2048.jpg 1536w, https:\/\/unterbaech.ch\/wp-content\/uploads\/IMG_2823-1125x1500.jpg 1125w, https:\/\/unterbaech.ch\/wp-content\/uploads\/IMG_2823-529x705.jpg 529w, https:\/\/unterbaech.ch\/wp-content\/uploads\/IMG_2823-scaled.jpg 1920w\" data-sizes=\"(max-width: 810px) 100vw, 810px\"  aria-label=\"image IMG_2823\"  id='av-masonry-1-item-7231' data-av-masonry-item='7231' class='av-masonry-entry isotope-item post-7231 attachment type-attachment status-inherit hentry  av-masonry-item-with-image av-grid-img' title=\"IMG_2823\" alt=\"\"    itemprop=\"thumbnailUrl\" ><div class='av-inner-masonry-sizer'><\/div><figure class='av-inner-masonry main_color'><div class=\"av-masonry-outerimage-container\"><div class='av-masonry-image-container' style=\"background-image: url(https:\/\/unterbaech.ch\/wp-content\/uploads\/IMG_2823-529x705.jpg);\"  title=\"IMG_2823\" ><\/div><\/div><\/figure><\/a><!--end av-masonry entry--><a href=\"https:\/\/unterbaech.ch\/wp-content\/uploads\/IMG_2907-1-810x1080.jpg\" data-srcset=\"https:\/\/unterbaech.ch\/wp-content\/uploads\/IMG_2907-1-810x1080.jpg 810w, https:\/\/unterbaech.ch\/wp-content\/uploads\/IMG_2907-1-576x768.jpg 576w, https:\/\/unterbaech.ch\/wp-content\/uploads\/IMG_2907-1-768x1024.jpg 768w, https:\/\/unterbaech.ch\/wp-content\/uploads\/IMG_2907-1-1152x1536.jpg 1152w, https:\/\/unterbaech.ch\/wp-content\/uploads\/IMG_2907-1-1536x2048.jpg 1536w, https:\/\/unterbaech.ch\/wp-content\/uploads\/IMG_2907-1-1125x1500.jpg 1125w, https:\/\/unterbaech.ch\/wp-content\/uploads\/IMG_2907-1-529x705.jpg 529w, https:\/\/unterbaech.ch\/wp-content\/uploads\/IMG_2907-1-scaled.jpg 1920w\" data-sizes=\"(max-width: 810px) 100vw, 810px\"  aria-label=\"image IMG_2907\"  id='av-masonry-1-item-7234' data-av-masonry-item='7234' class='av-masonry-entry isotope-item post-7234 attachment type-attachment status-inherit hentry  av-masonry-item-with-image av-grid-img' title=\"IMG_2907\" alt=\"\"    itemprop=\"thumbnailUrl\" ><div class='av-inner-masonry-sizer'><\/div><figure class='av-inner-masonry main_color'><div class=\"av-masonry-outerimage-container\"><div class='av-masonry-image-container' style=\"background-image: url(https:\/\/unterbaech.ch\/wp-content\/uploads\/IMG_2907-1-529x705.jpg);\"  title=\"IMG_2907\" ><\/div><\/div><\/figure><\/a><!--end av-masonry entry--><a href=\"https:\/\/unterbaech.ch\/wp-content\/uploads\/DMYS1691-1-1440x1080.jpg\" data-srcset=\"https:\/\/unterbaech.ch\/wp-content\/uploads\/DMYS1691-1-1440x1080.jpg 1440w, https:\/\/unterbaech.ch\/wp-content\/uploads\/DMYS1691-1-1024x768.jpg 1024w, https:\/\/unterbaech.ch\/wp-content\/uploads\/DMYS1691-1-768x576.jpg 768w, https:\/\/unterbaech.ch\/wp-content\/uploads\/DMYS1691-1-1536x1152.jpg 1536w, https:\/\/unterbaech.ch\/wp-content\/uploads\/DMYS1691-1-2048x1536.jpg 2048w, https:\/\/unterbaech.ch\/wp-content\/uploads\/DMYS1691-1-1500x1125.jpg 1500w, https:\/\/unterbaech.ch\/wp-content\/uploads\/DMYS1691-1-705x529.jpg 705w, https:\/\/unterbaech.ch\/wp-content\/uploads\/DMYS1691-1-scaled.jpg 1920w\" data-sizes=\"(max-width: 1440px) 100vw, 1440px\"  aria-label=\"image DMYS1691\"  id='av-masonry-1-item-7216' data-av-masonry-item='7216' class='av-masonry-entry isotope-item post-7216 attachment type-attachment status-inherit hentry  av-masonry-item-with-image av-grid-img' title=\"DMYS1691\" alt=\"\"    itemprop=\"thumbnailUrl\" ><div class='av-inner-masonry-sizer'><\/div><figure class='av-inner-masonry main_color'><div class=\"av-masonry-outerimage-container\"><div class='av-masonry-image-container' style=\"background-image: url(https:\/\/unterbaech.ch\/wp-content\/uploads\/DMYS1691-1-705x529.jpg);\"  title=\"DMYS1691\" ><\/div><\/div><\/figure><\/a><!--end av-masonry entry--><a href=\"https:\/\/unterbaech.ch\/wp-content\/uploads\/2020\/07\/Eischoll-Dorf-Sommer1-1920x523.jpg\" data-srcset=\"https:\/\/unterbaech.ch\/wp-content\/uploads\/2020\/07\/Eischoll-Dorf-Sommer1-1920x523.jpg 1920w, https:\/\/unterbaech.ch\/wp-content\/uploads\/2020\/07\/Eischoll-Dorf-Sommer1-1024x279.jpg 1024w, https:\/\/unterbaech.ch\/wp-content\/uploads\/2020\/07\/Eischoll-Dorf-Sommer1-768x209.jpg 768w, https:\/\/unterbaech.ch\/wp-content\/uploads\/2020\/07\/Eischoll-Dorf-Sommer1-1536x418.jpg 1536w, https:\/\/unterbaech.ch\/wp-content\/uploads\/2020\/07\/Eischoll-Dorf-Sommer1-2048x557.jpg 2048w, https:\/\/unterbaech.ch\/wp-content\/uploads\/2020\/07\/Eischoll-Dorf-Sommer1-1500x408.jpg 1500w, https:\/\/unterbaech.ch\/wp-content\/uploads\/2020\/07\/Eischoll-Dorf-Sommer1-705x192.jpg 705w\" data-sizes=\"(max-width: 1500px) 100vw, 1500px\"  aria-label=\"image Eischoll Dorf Sommer1\"  id='av-masonry-1-item-3705' data-av-masonry-item='3705' class='av-masonry-entry isotope-item post-3705 attachment type-attachment status-inherit hentry  av-masonry-item-with-image av-landscape-img' title=\"Eischoll Dorf Sommer1\" alt=\"\"    itemprop=\"thumbnailUrl\" ><div class='av-inner-masonry-sizer'><\/div><figure class='av-inner-masonry main_color'><div class=\"av-masonry-outerimage-container\"><div class='av-masonry-image-container' style=\"background-image: url(https:\/\/unterbaech.ch\/wp-content\/uploads\/2020\/07\/Eischoll-Dorf-Sommer1-705x192.jpg);\"  title=\"Eischoll Dorf Sommer1\" ><\/div><\/div><\/figure><\/a><!--end av-masonry entry--><\/div><\/div><\/div>\n","protected":false},"excerpt":{"rendered":"","protected":false},"author":8,"featured_media":0,"parent":14249,"menu_order":0,"comment_status":"closed","ping_status":"closed","template":"","meta":{"inline_featured_image":false,"footnotes":""},"class_list":["post-12931","page","type-page","status-publish","hentry"],"yoast_head":"<!-- This site is optimized with the Yoast SEO plugin v27.5 - https:\/\/yoast.com\/product\/yoast-seo-wordpress\/ -->\n<title>Alte Eischlersuon Circular Hike - Unterb\u00e4ch<\/title>\n<meta name=\"description\" content=\"After a short but sweet chairlift ride from Unterb\u00e4ch to Brandalp, this beautiful circular hike starts on the forest road towards B\u00fcrchen. After a few minutes walk, the path turns right into the forest.\" \/>\n<meta name=\"robots\" content=\"index, follow, max-snippet:-1, max-image-preview:large, max-video-preview:-1\" \/>\n<link rel=\"canonical\" href=\"https:\/\/unterbaech.ch\/en\/discover-experience\/summer\/hiking\/hiking-trails-augstbord-region\/alte-eischlersuon-circular-hike\/\" \/>\n<meta property=\"og:locale\" content=\"en_US\" \/>\n<meta property=\"og:type\" content=\"article\" \/>\n<meta property=\"og:title\" content=\"Alte Eischlersuon Circular Hike - Unterb\u00e4ch\" \/>\n<meta property=\"og:description\" content=\"After a short but sweet chairlift ride from Unterb\u00e4ch to Brandalp, this beautiful circular hike starts on the forest road towards B\u00fcrchen. After a few minutes walk, the path turns right into the forest.\" \/>\n<meta property=\"og:url\" content=\"https:\/\/unterbaech.ch\/en\/discover-experience\/summer\/hiking\/hiking-trails-augstbord-region\/alte-eischlersuon-circular-hike\/\" \/>\n<meta property=\"og:site_name\" content=\"Unterb\u00e4ch\" \/>\n<meta property=\"article:publisher\" content=\"https:\/\/www.facebook.com\/unterbaech\" \/>\n<meta property=\"article:modified_time\" content=\"2026-03-23T12:35:26+00:00\" \/>\n<meta name=\"twitter:card\" content=\"summary_large_image\" \/>\n<meta name=\"twitter:label1\" content=\"Est. reading time\" \/>\n\t<meta name=\"twitter:data1\" content=\"1 minute\" \/>\n<script type=\"application\/ld+json\" class=\"yoast-schema-graph\">{\"@context\":\"https:\\\/\\\/schema.org\",\"@graph\":[{\"@type\":\"WebPage\",\"@id\":\"https:\\\/\\\/unterbaech.ch\\\/en\\\/discover-experience\\\/summer\\\/hiking\\\/hiking-trails-augstbord-region\\\/alte-eischlersuon-circular-hike\\\/\",\"url\":\"https:\\\/\\\/unterbaech.ch\\\/en\\\/discover-experience\\\/summer\\\/hiking\\\/hiking-trails-augstbord-region\\\/alte-eischlersuon-circular-hike\\\/\",\"name\":\"Alte Eischlersuon Circular Hike - Unterb\u00e4ch\",\"isPartOf\":{\"@id\":\"https:\\\/\\\/unterbaech.ch\\\/en\\\/#website\"},\"datePublished\":\"2021-05-28T13:08:24+00:00\",\"dateModified\":\"2026-03-23T12:35:26+00:00\",\"description\":\"After a short but sweet chairlift ride from Unterb\u00e4ch to Brandalp, this beautiful circular hike starts on the forest road towards B\u00fcrchen. After a few minutes walk, the path turns right into the forest.\",\"breadcrumb\":{\"@id\":\"https:\\\/\\\/unterbaech.ch\\\/en\\\/discover-experience\\\/summer\\\/hiking\\\/hiking-trails-augstbord-region\\\/alte-eischlersuon-circular-hike\\\/#breadcrumb\"},\"inLanguage\":\"en-US\",\"potentialAction\":[{\"@type\":\"ReadAction\",\"target\":[\"https:\\\/\\\/unterbaech.ch\\\/en\\\/discover-experience\\\/summer\\\/hiking\\\/hiking-trails-augstbord-region\\\/alte-eischlersuon-circular-hike\\\/\"]}]},{\"@type\":\"BreadcrumbList\",\"@id\":\"https:\\\/\\\/unterbaech.ch\\\/en\\\/discover-experience\\\/summer\\\/hiking\\\/hiking-trails-augstbord-region\\\/alte-eischlersuon-circular-hike\\\/#breadcrumb\",\"itemListElement\":[{\"@type\":\"ListItem\",\"position\":1,\"name\":\"Startseite\",\"item\":\"https:\\\/\\\/unterbaech.ch\\\/en\\\/home\\\/\"},{\"@type\":\"ListItem\",\"position\":2,\"name\":\"Discover &#038; Experience\",\"item\":\"https:\\\/\\\/unterbaech.ch\\\/en\\\/discover-experience\\\/\"},{\"@type\":\"ListItem\",\"position\":3,\"name\":\"Summer\",\"item\":\"https:\\\/\\\/unterbaech.ch\\\/en\\\/unterbaech\\\/sommer\\\/\"},{\"@type\":\"ListItem\",\"position\":4,\"name\":\"Hiking\",\"item\":\"https:\\\/\\\/unterbaech.ch\\\/en\\\/unterbaech\\\/sommer\\\/wandern\\\/\"},{\"@type\":\"ListItem\",\"position\":5,\"name\":\"Hiking trails augstbord region\",\"item\":\"https:\\\/\\\/unterbaech.ch\\\/en\\\/unterbaech\\\/sommer\\\/wandern\\\/wanderwege-augstbordregion\\\/\"},{\"@type\":\"ListItem\",\"position\":6,\"name\":\"Alte Eischlersuon Circular Hike\"}]},{\"@type\":\"WebSite\",\"@id\":\"https:\\\/\\\/unterbaech.ch\\\/en\\\/#website\",\"url\":\"https:\\\/\\\/unterbaech.ch\\\/en\\\/\",\"name\":\"Unterb\u00e4ch\",\"description\":\"\",\"publisher\":{\"@id\":\"https:\\\/\\\/unterbaech.ch\\\/en\\\/#organization\"},\"potentialAction\":[{\"@type\":\"SearchAction\",\"target\":{\"@type\":\"EntryPoint\",\"urlTemplate\":\"https:\\\/\\\/unterbaech.ch\\\/en\\\/?s={search_term_string}\"},\"query-input\":{\"@type\":\"PropertyValueSpecification\",\"valueRequired\":true,\"valueName\":\"search_term_string\"}}],\"inLanguage\":\"en-US\"},{\"@type\":\"Organization\",\"@id\":\"https:\\\/\\\/unterbaech.ch\\\/en\\\/#organization\",\"name\":\"Unterb\u00e4ch Tourismus\",\"url\":\"https:\\\/\\\/unterbaech.ch\\\/en\\\/\",\"logo\":{\"@type\":\"ImageObject\",\"inLanguage\":\"en-US\",\"@id\":\"https:\\\/\\\/unterbaech.ch\\\/en\\\/#\\\/schema\\\/logo\\\/image\\\/\",\"url\":\"https:\\\/\\\/unterbaech.ch\\\/wp-content\\\/uploads\\\/Logo-1.png\",\"contentUrl\":\"https:\\\/\\\/unterbaech.ch\\\/wp-content\\\/uploads\\\/Logo-1.png\",\"width\":1125,\"height\":1102,\"caption\":\"Unterb\u00e4ch Tourismus\"},\"image\":{\"@id\":\"https:\\\/\\\/unterbaech.ch\\\/en\\\/#\\\/schema\\\/logo\\\/image\\\/\"},\"sameAs\":[\"https:\\\/\\\/www.facebook.com\\\/unterbaech\",\"https:\\\/\\\/www.instagram.com\\\/visit.unterbaech\\\/\",\"https:\\\/\\\/de.wikipedia.org\\\/wiki\\\/Unterb\u00e4ch\"]}]}<\/script>\n<!-- \/ Yoast SEO plugin. -->","yoast_head_json":{"title":"Alte Eischlersuon Circular Hike - Unterb\u00e4ch","description":"After a short but sweet chairlift ride from Unterb\u00e4ch to Brandalp, this beautiful circular hike starts on the forest road towards B\u00fcrchen. After a few minutes walk, the path turns right into the forest.","robots":{"index":"index","follow":"follow","max-snippet":"max-snippet:-1","max-image-preview":"max-image-preview:large","max-video-preview":"max-video-preview:-1"},"canonical":"https:\/\/unterbaech.ch\/en\/discover-experience\/summer\/hiking\/hiking-trails-augstbord-region\/alte-eischlersuon-circular-hike\/","og_locale":"en_US","og_type":"article","og_title":"Alte Eischlersuon Circular Hike - Unterb\u00e4ch","og_description":"After a short but sweet chairlift ride from Unterb\u00e4ch to Brandalp, this beautiful circular hike starts on the forest road towards B\u00fcrchen. After a few minutes walk, the path turns right into the forest.","og_url":"https:\/\/unterbaech.ch\/en\/discover-experience\/summer\/hiking\/hiking-trails-augstbord-region\/alte-eischlersuon-circular-hike\/","og_site_name":"Unterb\u00e4ch","article_publisher":"https:\/\/www.facebook.com\/unterbaech","article_modified_time":"2026-03-23T12:35:26+00:00","twitter_card":"summary_large_image","twitter_misc":{"Est. reading time":"1 minute"},"schema":{"@context":"https:\/\/schema.org","@graph":[{"@type":"WebPage","@id":"https:\/\/unterbaech.ch\/en\/discover-experience\/summer\/hiking\/hiking-trails-augstbord-region\/alte-eischlersuon-circular-hike\/","url":"https:\/\/unterbaech.ch\/en\/discover-experience\/summer\/hiking\/hiking-trails-augstbord-region\/alte-eischlersuon-circular-hike\/","name":"Alte Eischlersuon Circular Hike - Unterb\u00e4ch","isPartOf":{"@id":"https:\/\/unterbaech.ch\/en\/#website"},"datePublished":"2021-05-28T13:08:24+00:00","dateModified":"2026-03-23T12:35:26+00:00","description":"After a short but sweet chairlift ride from Unterb\u00e4ch to Brandalp, this beautiful circular hike starts on the forest road towards B\u00fcrchen. After a few minutes walk, the path turns right into the forest.","breadcrumb":{"@id":"https:\/\/unterbaech.ch\/en\/discover-experience\/summer\/hiking\/hiking-trails-augstbord-region\/alte-eischlersuon-circular-hike\/#breadcrumb"},"inLanguage":"en-US","potentialAction":[{"@type":"ReadAction","target":["https:\/\/unterbaech.ch\/en\/discover-experience\/summer\/hiking\/hiking-trails-augstbord-region\/alte-eischlersuon-circular-hike\/"]}]},{"@type":"BreadcrumbList","@id":"https:\/\/unterbaech.ch\/en\/discover-experience\/summer\/hiking\/hiking-trails-augstbord-region\/alte-eischlersuon-circular-hike\/#breadcrumb","itemListElement":[{"@type":"ListItem","position":1,"name":"Startseite","item":"https:\/\/unterbaech.ch\/en\/home\/"},{"@type":"ListItem","position":2,"name":"Discover &#038; Experience","item":"https:\/\/unterbaech.ch\/en\/discover-experience\/"},{"@type":"ListItem","position":3,"name":"Summer","item":"https:\/\/unterbaech.ch\/en\/unterbaech\/sommer\/"},{"@type":"ListItem","position":4,"name":"Hiking","item":"https:\/\/unterbaech.ch\/en\/unterbaech\/sommer\/wandern\/"},{"@type":"ListItem","position":5,"name":"Hiking trails augstbord region","item":"https:\/\/unterbaech.ch\/en\/unterbaech\/sommer\/wandern\/wanderwege-augstbordregion\/"},{"@type":"ListItem","position":6,"name":"Alte Eischlersuon Circular Hike"}]},{"@type":"WebSite","@id":"https:\/\/unterbaech.ch\/en\/#website","url":"https:\/\/unterbaech.ch\/en\/","name":"Unterb\u00e4ch","description":"","publisher":{"@id":"https:\/\/unterbaech.ch\/en\/#organization"},"potentialAction":[{"@type":"SearchAction","target":{"@type":"EntryPoint","urlTemplate":"https:\/\/unterbaech.ch\/en\/?s={search_term_string}"},"query-input":{"@type":"PropertyValueSpecification","valueRequired":true,"valueName":"search_term_string"}}],"inLanguage":"en-US"},{"@type":"Organization","@id":"https:\/\/unterbaech.ch\/en\/#organization","name":"Unterb\u00e4ch Tourismus","url":"https:\/\/unterbaech.ch\/en\/","logo":{"@type":"ImageObject","inLanguage":"en-US","@id":"https:\/\/unterbaech.ch\/en\/#\/schema\/logo\/image\/","url":"https:\/\/unterbaech.ch\/wp-content\/uploads\/Logo-1.png","contentUrl":"https:\/\/unterbaech.ch\/wp-content\/uploads\/Logo-1.png","width":1125,"height":1102,"caption":"Unterb\u00e4ch Tourismus"},"image":{"@id":"https:\/\/unterbaech.ch\/en\/#\/schema\/logo\/image\/"},"sameAs":["https:\/\/www.facebook.com\/unterbaech","https:\/\/www.instagram.com\/visit.unterbaech\/","https:\/\/de.wikipedia.org\/wiki\/Unterb\u00e4ch"]}]}},"_links":{"self":[{"href":"https:\/\/unterbaech.ch\/en\/wp-json\/wp\/v2\/pages\/12931","targetHints":{"allow":["GET"]}}],"collection":[{"href":"https:\/\/unterbaech.ch\/en\/wp-json\/wp\/v2\/pages"}],"about":[{"href":"https:\/\/unterbaech.ch\/en\/wp-json\/wp\/v2\/types\/page"}],"author":[{"embeddable":true,"href":"https:\/\/unterbaech.ch\/en\/wp-json\/wp\/v2\/users\/8"}],"replies":[{"embeddable":true,"href":"https:\/\/unterbaech.ch\/en\/wp-json\/wp\/v2\/comments?post=12931"}],"version-history":[{"count":6,"href":"https:\/\/unterbaech.ch\/en\/wp-json\/wp\/v2\/pages\/12931\/revisions"}],"predecessor-version":[{"id":29403,"href":"https:\/\/unterbaech.ch\/en\/wp-json\/wp\/v2\/pages\/12931\/revisions\/29403"}],"up":[{"embeddable":true,"href":"https:\/\/unterbaech.ch\/en\/wp-json\/wp\/v2\/pages\/14249"}],"wp:attachment":[{"href":"https:\/\/unterbaech.ch\/en\/wp-json\/wp\/v2\/media?parent=12931"}],"curies":[{"name":"wp","href":"https:\/\/api.w.org\/{rel}","templated":true}]}}