{"id":12789,"date":"2021-05-14T14:44:42","date_gmt":"2021-05-14T12:44:42","guid":{"rendered":"https:\/\/unterbaech.ch\/exercice-dequilibriste-sur-laugstbordhorn\/"},"modified":"2026-03-23T12:17:43","modified_gmt":"2026-03-23T11:17:43","slug":"exercice-dequilibriste-sur-laugstbordhorn","status":"publish","type":"page","link":"https:\/\/unterbaech.ch\/fr\/decouvertes-et-experiences\/lete\/randonnees\/chemins-de-randonnee-de-la-region-daugstbord\/exercice-dequilibriste-sur-laugstbordhorn\/","title":{"rendered":"Exercice d\u2019\u00e9quilibriste sur l\u2019Augstbordhorn"},"content":{"rendered":"\n<style type=\"text\/css\" data-created_by=\"avia_inline_auto\" id=\"style-css-av-kbax8y3e-56b3a11dd14cc6f9feed3001364f734d\">\n.avia-section.av-kbax8y3e-56b3a11dd14cc6f9feed3001364f734d .av-parallax .av-parallax-inner{\nbackground-repeat:no-repeat;\nbackground-image:url(https:\/\/unterbaech.ch\/wp-content\/uploads\/2020\/07\/IMG_0466-scaled.jpg);\nbackground-position:50% 50%;\nbackground-attachment:scroll;\n}\n<\/style>\n<div id='av_section_1'  class='avia-section av-kbax8y3e-56b3a11dd14cc6f9feed3001364f734d main_color avia-section-default avia-no-border-styling  avia-builder-el-0  el_before_av_section  avia-builder-el-first  section-fullwidthimage avia-full-stretch av-parallax-section avia-bg-style-parallax av-minimum-height av-minimum-height-50 av-height-50  container_wrap fullsize'  data-section-bg-repeat='stretch' data-av_minimum_height_pc='50' data-av_min_height_opt='50'><div class='av-parallax' data-avia-parallax-ratio='0.3' ><div class='av-parallax-inner main_color avia-full-stretch'><\/div><\/div><div class='container av-section-cont-open' ><main  role=\"main\" itemprop=\"mainContentOfPage\"  class='template-page content  av-content-full alpha units'><div class='post-entry post-entry-type-page post-entry-12789'><div class='entry-content-wrapper clearfix'>\n<\/div><\/div><\/main><!-- close content main element --><\/div><\/div><div id='av_section_2'  class='avia-section av-1n2h9-eef07d2470a934665895b572bc96122f main_color avia-section-default avia-no-border-styling  avia-builder-el-1  el_after_av_section  el_before_av_codeblock  section-leadtext onecol avia-bg-style-scroll container_wrap fullsize'  ><div class='container av-section-cont-open' ><div class='template-page content  av-content-full alpha units'><div class='post-entry post-entry-type-page post-entry-12789'><div class='entry-content-wrapper clearfix'>\n<section  class='av_textblock_section av-kbawhdx8-d06beca92eb518f06cbc493fe9f758bf '   itemscope=\"itemscope\" itemtype=\"https:\/\/schema.org\/CreativeWork\" ><div class='avia_textblock'  itemprop=\"text\" ><p style=\"text-align: center;\"><strong>RANDONNEES NUMERO 5<br \/>\n<\/strong><\/p>\n<h3 style=\"text-align: center;\">EXERCICE D&rsquo;EQUILIBRISTE SUR L&rsquo;AUGSTBORDHORN<\/h3>\n<\/div><\/section>\n\n<style type=\"text\/css\" data-created_by=\"avia_inline_auto\" id=\"style-css-av-kbax4bbr-27f78f1f5574462b1f9eaf8ccb6701aa\">\n#top .hr.hr-invisible.av-kbax4bbr-27f78f1f5574462b1f9eaf8ccb6701aa{\nheight:25px;\n}\n<\/style>\n<div  class='hr av-kbax4bbr-27f78f1f5574462b1f9eaf8ccb6701aa hr-invisible  avia-builder-el-3  el_after_av_textblock  el_before_av_textblock '><span class='hr-inner '><span class=\"hr-inner-style\"><\/span><\/span><\/div>\n<section  class='av_textblock_section av-kb9j7yy8-cb52267f29ec33a0cbd1cb12b1aeb1b9 '   itemscope=\"itemscope\" itemtype=\"https:\/\/schema.org\/CreativeWork\" ><div class='avia_textblock lead'  itemprop=\"text\" ><p>Il est possible de s\u2019\u00e9pargner la mont\u00e9e vers Brandalp, point de d\u00e9part de ce tour, en prenant le t\u00e9l\u00e9si\u00e8ge. Il restera encore suffisamment de m\u00e8tres \u00e0 gravir pour garder le caract\u00e8re sportif de cette randonn\u00e9e. Depuis la Brandalp, on suit d\u2019abord la route foresti\u00e8re en direction de B\u00fcrchen, jusqu\u2019\u00e0 ce que, apr\u00e8s la zone de chalets, le chemin bifurque sur la droite et s\u2019enfonce dans la for\u00eat. Il faut suivre les serpentins tr\u00e8s pentus jusqu\u2019\u00e0 la premi\u00e8re escale, \u00e0 l\u2019alpage de Gebidem. D\u2019ici, on profite d\u2019une vue panoramique magnifique sur le Valais et les Alpes bernoises, sur lesquelles tr\u00f4ne l\u2019imposant Bietschhorn. Le parcours continue sa mont\u00e9e, passant devant le \u00abSteimannjini\u00bb artistiquement empil\u00e9, pour rejoindre March, \u00e0 2876\u00a0m. De l\u00e0, il ne restent plus que 100\u00a0m\u00e8tres pour atteindre l\u2019Augstbordhorn, qui donne son nom \u00e0 la r\u00e9gion. S\u2019\u00e9l\u00e8vant \u00e0 2973\u00a0m\u00e8tres, l\u2019Augstbordhorn est l\u2019un des plus beaux sommets du canton du Valais. Depuis le large plateau au sommet, la vue d\u00e9gag\u00e9e est \u00e0 couper le souffle. Apr\u00e8s un temps de repos et une inscription dans le livre d\u2019or du sommet, on suit le S que forme la cr\u00eate de l\u2019Augstbord jusqu\u2019au Dreizehntenhorn. Ce tron\u00e7on ne convient qu\u2019aux randonneurs au pied s\u00fbr et ne souffrant pas de vertige. L\u2019ascension de ce sommet de 3000\u00a0m\u00e8tres relativement peu connu vaut toutefois la peine. La vue depuis le sommet est ph\u00e9nom\u00e9nale. Il ne faut pas non plus oublier d\u2019\u00e9crire dans le livre d\u2019or du sommet. De l\u00e0, une descente caillouteuse et raide m\u00e8ne au Grossen See. Bien entendu, il est \u00e9galement possible de faire l\u2019impasse sur la mont\u00e9e au Dreizenhntenhorn par l\u2019ar\u00eate expos\u00e9e , en descendant directement de l\u2019Augstbordhorn au Grosse See (1h30 de moins). Quelle que soit la variante choisie, il est recommand\u00e9 de se reposer longuement au bord de ce magnifique lac de montagne avant d\u2019entamer la descente d\u2019environ deux heures \u00e0 travers Ginals et passant par Unner S\u00e4nntum et Breite St\u00e4g, puis Meigger Suon jusqu&rsquo;\u00e0 Brandalp.<\/p>\n<\/div><\/section>\n\n<style type=\"text\/css\" data-created_by=\"avia_inline_auto\" id=\"style-css-av-kbax4bbr-1-5a8ac6f69941ae208175a263e4cae52b\">\n#top .hr.hr-invisible.av-kbax4bbr-1-5a8ac6f69941ae208175a263e4cae52b{\nheight:25px;\n}\n<\/style>\n<div  class='hr av-kbax4bbr-1-5a8ac6f69941ae208175a263e4cae52b hr-invisible  avia-builder-el-5  el_after_av_textblock  el_before_av_textblock '><span class='hr-inner '><span class=\"hr-inner-style\"><\/span><\/span><\/div>\n<section  class='av_textblock_section av-kbawhdx8-2-10cf2510a2901ad423aefa7241747bfd '   itemscope=\"itemscope\" itemtype=\"https:\/\/schema.org\/CreativeWork\" ><div class='avia_textblock lead'  itemprop=\"text\" ><h5>DETAIL DU TOUR:<\/h5>\n<ul>\n<li style=\"text-align: left;\"><span data-contrast=\"auto\"><strong>Dur\u00e9e de la randonn\u00e9e:<\/strong> 8h 50\u00a0<\/span><span data-contrast=\"auto\"> (\u21911850 m \u21931850<\/span><span data-contrast=\"auto\"> m)<\/span><\/li>\n<li style=\"text-align: left;\"><strong>Uniquement pour ceux qui ne souffrent pas de vertiges<\/strong> (tron\u00e7ons de sentier de randonn\u00e9e alpine)<\/li>\n<li style=\"text-align: left;\"><span data-contrast=\"auto\"><strong>Itin\u00e9raire:<\/strong> Brandalp \u2013 Gibidum <\/span><span data-contrast=\"auto\">\u2013 March <\/span><span data-contrast=\"auto\">\u2013 Augstbordhorn <\/span><span data-contrast=\"auto\">\u2013 Dreizehntenhorn \u2013 Grosse See \u2013 Unnter S\u00e4nntum \u2013 Breite St\u00e4g \u2013 Brandalp<\/span><\/li>\n<\/ul>\n<\/div><\/section>\n<\/div><\/div><\/div><!-- close content main div --><\/div><\/div><div id='after_section_2'  class='main_color av_default_container_wrap container_wrap fullsize'  ><div class='container av-section-cont-open' ><div class='template-page content  av-content-full alpha units'><div class='post-entry post-entry-type-page post-entry-12789'><div class='entry-content-wrapper clearfix'>\n\n<div  class='hr av-2wb06i-16d7ec4028013018931f1eb5b85ddddc hr-default  avia-builder-el-8  el_after_av_codeblock  el_before_av_one_full '><span class='hr-inner '><span class=\"hr-inner-style\"><\/span><\/span><\/div>\n\n<style type=\"text\/css\" data-created_by=\"avia_inline_auto\" id=\"style-css-av-kbujysp3-bb5986012cdba25cfd25bc18cd1575b4\">\n.flex_column.av-kbujysp3-bb5986012cdba25cfd25bc18cd1575b4{\nborder-radius:0px 0px 0px 0px;\npadding:0px 0px 0px 0px;\n}\n<\/style>\n<div  class='flex_column av-kbujysp3-bb5986012cdba25cfd25bc18cd1575b4 av_one_full  avia-builder-el-9  el_after_av_hr  avia-builder-el-last  gallery-masonry first flex_column_div av-zero-column-padding  '     ><div id='av-masonry-1' class='av-masonry av-kbrrgn31-4eeff736ca97e15723b1f9ae740a87a2 noHover av-fixed-size av-large-gap av-hover-overlay-active av-masonry-animation-active av-masonry-col-3 av-caption-always av-caption-style- av-masonry-gallery ' data-post_id=\"12789\"><div class=\"av-masonry-container isotope av-js-disabled\"><div class='av-masonry-entry isotope-item av-masonry-item-no-image '><\/div><a href=\"https:\/\/unterbaech.ch\/wp-content\/uploads\/2020\/07\/IMG_0465-1620x1080.jpg\" data-srcset=\"https:\/\/unterbaech.ch\/wp-content\/uploads\/2020\/07\/IMG_0465-1620x1080.jpg 1620w, https:\/\/unterbaech.ch\/wp-content\/uploads\/2020\/07\/IMG_0465-1024x683.jpg 1024w, https:\/\/unterbaech.ch\/wp-content\/uploads\/2020\/07\/IMG_0465-768x512.jpg 768w, https:\/\/unterbaech.ch\/wp-content\/uploads\/2020\/07\/IMG_0465-1536x1024.jpg 1536w, https:\/\/unterbaech.ch\/wp-content\/uploads\/2020\/07\/IMG_0465-2048x1365.jpg 2048w, https:\/\/unterbaech.ch\/wp-content\/uploads\/2020\/07\/IMG_0465-1500x1000.jpg 1500w, https:\/\/unterbaech.ch\/wp-content\/uploads\/2020\/07\/IMG_0465-705x470.jpg 705w, https:\/\/unterbaech.ch\/wp-content\/uploads\/2020\/07\/IMG_0465-scaled.jpg 1920w\" data-sizes=\"(max-width: 1500px) 100vw, 1500px\"  aria-label=\"image IMG_0465\"  id='av-masonry-1-item-2771' data-av-masonry-item='2771' class='av-masonry-entry isotope-item post-2771 attachment type-attachment status-inherit hentry  av-masonry-item-with-image av-grid-img' title=\"IMG_0465\" alt=\"\"    itemprop=\"thumbnailUrl\" ><div class='av-inner-masonry-sizer'><\/div><figure class='av-inner-masonry main_color'><div class=\"av-masonry-outerimage-container\"><div class='av-masonry-image-container' style=\"background-image: url(https:\/\/unterbaech.ch\/wp-content\/uploads\/2020\/07\/IMG_0465-705x470.jpg);\"  title=\"IMG_0465\" ><\/div><\/div><\/figure><\/a><!--end av-masonry entry--><a href=\"https:\/\/unterbaech.ch\/wp-content\/uploads\/2020\/07\/Gipfel-Augstbordhorn_Herbst-1440x1080.jpg\" data-srcset=\"https:\/\/unterbaech.ch\/wp-content\/uploads\/2020\/07\/Gipfel-Augstbordhorn_Herbst-1440x1080.jpg 1440w, https:\/\/unterbaech.ch\/wp-content\/uploads\/2020\/07\/Gipfel-Augstbordhorn_Herbst-1024x768.jpg 1024w, https:\/\/unterbaech.ch\/wp-content\/uploads\/2020\/07\/Gipfel-Augstbordhorn_Herbst-768x576.jpg 768w, https:\/\/unterbaech.ch\/wp-content\/uploads\/2020\/07\/Gipfel-Augstbordhorn_Herbst-1536x1152.jpg 1536w, https:\/\/unterbaech.ch\/wp-content\/uploads\/2020\/07\/Gipfel-Augstbordhorn_Herbst-2048x1536.jpg 2048w, https:\/\/unterbaech.ch\/wp-content\/uploads\/2020\/07\/Gipfel-Augstbordhorn_Herbst-1500x1125.jpg 1500w, https:\/\/unterbaech.ch\/wp-content\/uploads\/2020\/07\/Gipfel-Augstbordhorn_Herbst-705x529.jpg 705w, https:\/\/unterbaech.ch\/wp-content\/uploads\/2020\/07\/Gipfel-Augstbordhorn_Herbst-scaled.jpg 1920w\" data-sizes=\"(max-width: 1440px) 100vw, 1440px\"  aria-label=\"image Gipfel Augstbordhorn_Herbst\"  id='av-masonry-1-item-1428' data-av-masonry-item='1428' class='av-masonry-entry isotope-item post-1428 attachment type-attachment status-inherit hentry  av-masonry-item-with-image av-grid-img' title=\"Gipfel Augstbordhorn_Herbst\" alt=\"\"    itemprop=\"thumbnailUrl\" ><div class='av-inner-masonry-sizer'><\/div><figure class='av-inner-masonry main_color'><div class=\"av-masonry-outerimage-container\"><div class='av-masonry-image-container' style=\"background-image: url(https:\/\/unterbaech.ch\/wp-content\/uploads\/2020\/07\/Gipfel-Augstbordhorn_Herbst-705x529.jpg);\"  title=\"Gipfel Augstbordhorn_Herbst\" ><\/div><\/div><\/figure><\/a><!--end av-masonry entry--><a href=\"https:\/\/unterbaech.ch\/wp-content\/uploads\/2020\/07\/Ausblick_Augstbordhorn_Herbst-1440x1080.jpg\" data-srcset=\"https:\/\/unterbaech.ch\/wp-content\/uploads\/2020\/07\/Ausblick_Augstbordhorn_Herbst-1440x1080.jpg 1440w, https:\/\/unterbaech.ch\/wp-content\/uploads\/2020\/07\/Ausblick_Augstbordhorn_Herbst-1024x768.jpg 1024w, https:\/\/unterbaech.ch\/wp-content\/uploads\/2020\/07\/Ausblick_Augstbordhorn_Herbst-768x576.jpg 768w, https:\/\/unterbaech.ch\/wp-content\/uploads\/2020\/07\/Ausblick_Augstbordhorn_Herbst-1536x1152.jpg 1536w, https:\/\/unterbaech.ch\/wp-content\/uploads\/2020\/07\/Ausblick_Augstbordhorn_Herbst-2048x1536.jpg 2048w, https:\/\/unterbaech.ch\/wp-content\/uploads\/2020\/07\/Ausblick_Augstbordhorn_Herbst-1500x1125.jpg 1500w, https:\/\/unterbaech.ch\/wp-content\/uploads\/2020\/07\/Ausblick_Augstbordhorn_Herbst-705x529.jpg 705w, https:\/\/unterbaech.ch\/wp-content\/uploads\/2020\/07\/Ausblick_Augstbordhorn_Herbst-scaled.jpg 1920w\" data-sizes=\"(max-width: 1440px) 100vw, 1440px\"  aria-label=\"image Ausblick_Augstbordhorn_Herbst\"  id='av-masonry-1-item-1389' data-av-masonry-item='1389' class='av-masonry-entry isotope-item post-1389 attachment type-attachment status-inherit hentry  av-masonry-item-with-image av-grid-img' title=\"Ausblick_Augstbordhorn_Herbst\" alt=\"\"    itemprop=\"thumbnailUrl\" ><div class='av-inner-masonry-sizer'><\/div><figure class='av-inner-masonry main_color'><div class=\"av-masonry-outerimage-container\"><div class='av-masonry-image-container' style=\"background-image: url(https:\/\/unterbaech.ch\/wp-content\/uploads\/2020\/07\/Ausblick_Augstbordhorn_Herbst-705x529.jpg);\"  title=\"Ausblick_Augstbordhorn_Herbst\" ><\/div><\/div><\/figure><\/a><!--end av-masonry entry--><a href=\"https:\/\/unterbaech.ch\/wp-content\/uploads\/2020\/07\/Abstieg-Augstbordhorn_Richtung-Ginals_Herbst-1-1440x1080.jpg\" data-srcset=\"https:\/\/unterbaech.ch\/wp-content\/uploads\/2020\/07\/Abstieg-Augstbordhorn_Richtung-Ginals_Herbst-1-1440x1080.jpg 1440w, https:\/\/unterbaech.ch\/wp-content\/uploads\/2020\/07\/Abstieg-Augstbordhorn_Richtung-Ginals_Herbst-1-1024x768.jpg 1024w, https:\/\/unterbaech.ch\/wp-content\/uploads\/2020\/07\/Abstieg-Augstbordhorn_Richtung-Ginals_Herbst-1-768x576.jpg 768w, https:\/\/unterbaech.ch\/wp-content\/uploads\/2020\/07\/Abstieg-Augstbordhorn_Richtung-Ginals_Herbst-1-1536x1152.jpg 1536w, https:\/\/unterbaech.ch\/wp-content\/uploads\/2020\/07\/Abstieg-Augstbordhorn_Richtung-Ginals_Herbst-1-2048x1536.jpg 2048w, https:\/\/unterbaech.ch\/wp-content\/uploads\/2020\/07\/Abstieg-Augstbordhorn_Richtung-Ginals_Herbst-1-1500x1125.jpg 1500w, https:\/\/unterbaech.ch\/wp-content\/uploads\/2020\/07\/Abstieg-Augstbordhorn_Richtung-Ginals_Herbst-1-705x529.jpg 705w, https:\/\/unterbaech.ch\/wp-content\/uploads\/2020\/07\/Abstieg-Augstbordhorn_Richtung-Ginals_Herbst-1-scaled.jpg 1920w\" data-sizes=\"(max-width: 1440px) 100vw, 1440px\"  aria-label=\"image Abstieg Augstbordhorn_Richtung Ginals_Herbst\"  id='av-masonry-1-item-1365' data-av-masonry-item='1365' class='av-masonry-entry isotope-item post-1365 attachment type-attachment status-inherit hentry  av-masonry-item-with-image av-grid-img' title=\"Abstieg Augstbordhorn_Richtung Ginals_Herbst\" alt=\"\"    itemprop=\"thumbnailUrl\" ><div class='av-inner-masonry-sizer'><\/div><figure class='av-inner-masonry main_color'><div class=\"av-masonry-outerimage-container\"><div class='av-masonry-image-container' style=\"background-image: url(https:\/\/unterbaech.ch\/wp-content\/uploads\/2020\/07\/Abstieg-Augstbordhorn_Richtung-Ginals_Herbst-1-705x529.jpg);\"  title=\"Abstieg Augstbordhorn_Richtung Ginals_Herbst\" ><\/div><\/div><\/figure><\/a><!--end av-masonry entry--><a href=\"https:\/\/unterbaech.ch\/wp-content\/uploads\/2020\/07\/IMG_0493-1620x1080.jpg\" data-srcset=\"https:\/\/unterbaech.ch\/wp-content\/uploads\/2020\/07\/IMG_0493-1620x1080.jpg 1620w, https:\/\/unterbaech.ch\/wp-content\/uploads\/2020\/07\/IMG_0493-1024x683.jpg 1024w, https:\/\/unterbaech.ch\/wp-content\/uploads\/2020\/07\/IMG_0493-768x512.jpg 768w, https:\/\/unterbaech.ch\/wp-content\/uploads\/2020\/07\/IMG_0493-1536x1024.jpg 1536w, https:\/\/unterbaech.ch\/wp-content\/uploads\/2020\/07\/IMG_0493-2048x1365.jpg 2048w, https:\/\/unterbaech.ch\/wp-content\/uploads\/2020\/07\/IMG_0493-1500x1000.jpg 1500w, https:\/\/unterbaech.ch\/wp-content\/uploads\/2020\/07\/IMG_0493-705x470.jpg 705w, https:\/\/unterbaech.ch\/wp-content\/uploads\/2020\/07\/IMG_0493-scaled.jpg 1920w\" data-sizes=\"(max-width: 1500px) 100vw, 1500px\"  aria-label=\"image IMG_0493\"  id='av-masonry-1-item-2843' data-av-masonry-item='2843' class='av-masonry-entry isotope-item post-2843 attachment type-attachment status-inherit hentry  av-masonry-item-with-image av-grid-img' title=\"IMG_0493\" alt=\"\"    itemprop=\"thumbnailUrl\" ><div class='av-inner-masonry-sizer'><\/div><figure class='av-inner-masonry main_color'><div class=\"av-masonry-outerimage-container\"><div class='av-masonry-image-container' style=\"background-image: url(https:\/\/unterbaech.ch\/wp-content\/uploads\/2020\/07\/IMG_0493-705x470.jpg);\"  title=\"IMG_0493\" ><\/div><\/div><\/figure><\/a><!--end av-masonry entry--><a href=\"https:\/\/unterbaech.ch\/wp-content\/uploads\/2020\/07\/IMG_0477-1620x1080.jpg\" data-srcset=\"https:\/\/unterbaech.ch\/wp-content\/uploads\/2020\/07\/IMG_0477-1620x1080.jpg 1620w, https:\/\/unterbaech.ch\/wp-content\/uploads\/2020\/07\/IMG_0477-1024x683.jpg 1024w, https:\/\/unterbaech.ch\/wp-content\/uploads\/2020\/07\/IMG_0477-768x512.jpg 768w, https:\/\/unterbaech.ch\/wp-content\/uploads\/2020\/07\/IMG_0477-1536x1024.jpg 1536w, https:\/\/unterbaech.ch\/wp-content\/uploads\/2020\/07\/IMG_0477-2048x1365.jpg 2048w, https:\/\/unterbaech.ch\/wp-content\/uploads\/2020\/07\/IMG_0477-1500x1000.jpg 1500w, https:\/\/unterbaech.ch\/wp-content\/uploads\/2020\/07\/IMG_0477-705x470.jpg 705w, https:\/\/unterbaech.ch\/wp-content\/uploads\/2020\/07\/IMG_0477-scaled.jpg 1920w\" data-sizes=\"(max-width: 1500px) 100vw, 1500px\"  aria-label=\"image IMG_0477\"  id='av-masonry-1-item-2804' data-av-masonry-item='2804' class='av-masonry-entry isotope-item post-2804 attachment type-attachment status-inherit hentry  av-masonry-item-with-image av-grid-img' title=\"IMG_0477\" alt=\"\"    itemprop=\"thumbnailUrl\" ><div class='av-inner-masonry-sizer'><\/div><figure class='av-inner-masonry main_color'><div class=\"av-masonry-outerimage-container\"><div class='av-masonry-image-container' style=\"background-image: url(https:\/\/unterbaech.ch\/wp-content\/uploads\/2020\/07\/IMG_0477-705x470.jpg);\"  title=\"IMG_0477\" ><\/div><\/div><\/figure><\/a><!--end av-masonry entry--><\/div><\/div><\/div>\n","protected":false},"excerpt":{"rendered":"","protected":false},"author":8,"featured_media":0,"parent":14246,"menu_order":0,"comment_status":"closed","ping_status":"closed","template":"","meta":{"inline_featured_image":false,"footnotes":""},"class_list":["post-12789","page","type-page","status-publish","hentry"],"yoast_head":"<!-- This site is optimized with the Yoast SEO plugin v27.5 - https:\/\/yoast.com\/product\/yoast-seo-wordpress\/ -->\n<title>Exercice d\u2019\u00e9quilibriste sur l\u2019Augstbordhorn - Unterb\u00e4ch<\/title>\n<meta name=\"description\" content=\"Il est possible de s\u2019\u00e9pargner la mont\u00e9e vers Brandalp, point de d\u00e9part de ce tour, en prenant le t\u00e9l\u00e9si\u00e8ge. Il restera encore suffisamment de m\u00e8tres \u00e0 gravir pour garder le caract\u00e8re sportif de cette randonn\u00e9e.\" \/>\n<meta name=\"robots\" content=\"index, follow, max-snippet:-1, max-image-preview:large, max-video-preview:-1\" \/>\n<link rel=\"canonical\" href=\"https:\/\/unterbaech.ch\/fr\/decouvertes-et-experiences\/lete\/randonnees\/chemins-de-randonnee-de-la-region-daugstbord\/exercice-dequilibriste-sur-laugstbordhorn\/\" \/>\n<meta property=\"og:locale\" content=\"fr_FR\" \/>\n<meta property=\"og:type\" content=\"article\" \/>\n<meta property=\"og:title\" content=\"Exercice d\u2019\u00e9quilibriste sur l\u2019Augstbordhorn - Unterb\u00e4ch\" \/>\n<meta property=\"og:description\" content=\"Il est possible de s\u2019\u00e9pargner la mont\u00e9e vers Brandalp, point de d\u00e9part de ce tour, en prenant le t\u00e9l\u00e9si\u00e8ge. Il restera encore suffisamment de m\u00e8tres \u00e0 gravir pour garder le caract\u00e8re sportif de cette randonn\u00e9e.\" \/>\n<meta property=\"og:url\" content=\"https:\/\/unterbaech.ch\/fr\/decouvertes-et-experiences\/lete\/randonnees\/chemins-de-randonnee-de-la-region-daugstbord\/exercice-dequilibriste-sur-laugstbordhorn\/\" \/>\n<meta property=\"og:site_name\" content=\"Unterb\u00e4ch\" \/>\n<meta property=\"article:publisher\" content=\"https:\/\/www.facebook.com\/unterbaech\" \/>\n<meta property=\"article:modified_time\" content=\"2026-03-23T11:17:43+00:00\" \/>\n<meta name=\"twitter:card\" content=\"summary_large_image\" \/>\n<meta name=\"twitter:label1\" content=\"Dur\u00e9e de lecture estim\u00e9e\" \/>\n\t<meta name=\"twitter:data1\" content=\"3 minutes\" \/>\n<script type=\"application\/ld+json\" class=\"yoast-schema-graph\">{\"@context\":\"https:\\\/\\\/schema.org\",\"@graph\":[{\"@type\":\"WebPage\",\"@id\":\"https:\\\/\\\/unterbaech.ch\\\/fr\\\/decouvertes-et-experiences\\\/lete\\\/randonnees\\\/chemins-de-randonnee-de-la-region-daugstbord\\\/exercice-dequilibriste-sur-laugstbordhorn\\\/\",\"url\":\"https:\\\/\\\/unterbaech.ch\\\/fr\\\/decouvertes-et-experiences\\\/lete\\\/randonnees\\\/chemins-de-randonnee-de-la-region-daugstbord\\\/exercice-dequilibriste-sur-laugstbordhorn\\\/\",\"name\":\"Exercice d\u2019\u00e9quilibriste sur l\u2019Augstbordhorn - Unterb\u00e4ch\",\"isPartOf\":{\"@id\":\"https:\\\/\\\/unterbaech.ch\\\/fr\\\/#website\"},\"datePublished\":\"2021-05-14T12:44:42+00:00\",\"dateModified\":\"2026-03-23T11:17:43+00:00\",\"description\":\"Il est possible de s\u2019\u00e9pargner la mont\u00e9e vers Brandalp, point de d\u00e9part de ce tour, en prenant le t\u00e9l\u00e9si\u00e8ge. Il restera encore suffisamment de m\u00e8tres \u00e0 gravir pour garder le caract\u00e8re sportif de cette randonn\u00e9e.\",\"breadcrumb\":{\"@id\":\"https:\\\/\\\/unterbaech.ch\\\/fr\\\/decouvertes-et-experiences\\\/lete\\\/randonnees\\\/chemins-de-randonnee-de-la-region-daugstbord\\\/exercice-dequilibriste-sur-laugstbordhorn\\\/#breadcrumb\"},\"inLanguage\":\"fr-FR\",\"potentialAction\":[{\"@type\":\"ReadAction\",\"target\":[\"https:\\\/\\\/unterbaech.ch\\\/fr\\\/decouvertes-et-experiences\\\/lete\\\/randonnees\\\/chemins-de-randonnee-de-la-region-daugstbord\\\/exercice-dequilibriste-sur-laugstbordhorn\\\/\"]}]},{\"@type\":\"BreadcrumbList\",\"@id\":\"https:\\\/\\\/unterbaech.ch\\\/fr\\\/decouvertes-et-experiences\\\/lete\\\/randonnees\\\/chemins-de-randonnee-de-la-region-daugstbord\\\/exercice-dequilibriste-sur-laugstbordhorn\\\/#breadcrumb\",\"itemListElement\":[{\"@type\":\"ListItem\",\"position\":1,\"name\":\"Startseite\",\"item\":\"https:\\\/\\\/unterbaech.ch\\\/fr\\\/accueil\\\/\"},{\"@type\":\"ListItem\",\"position\":2,\"name\":\"D\u00e9couvertes et exp\u00e9riences\",\"item\":\"https:\\\/\\\/unterbaech.ch\\\/fr\\\/decouvertes-et-experiences\\\/\"},{\"@type\":\"ListItem\",\"position\":3,\"name\":\"L&#8217;\u00e9te\",\"item\":\"https:\\\/\\\/unterbaech.ch\\\/fr\\\/unterbaech\\\/sommer\\\/\"},{\"@type\":\"ListItem\",\"position\":4,\"name\":\"Randonn\u00e9es\",\"item\":\"https:\\\/\\\/unterbaech.ch\\\/fr\\\/unterbaech\\\/sommer\\\/wandern\\\/\"},{\"@type\":\"ListItem\",\"position\":5,\"name\":\"Chemins de randonn\u00e9e de la r\u00e9gion d&#8217;Augstbord\",\"item\":\"https:\\\/\\\/unterbaech.ch\\\/fr\\\/unterbaech\\\/sommer\\\/wandern\\\/wanderwege-augstbordregion\\\/\"},{\"@type\":\"ListItem\",\"position\":6,\"name\":\"Exercice d\u2019\u00e9quilibriste sur l\u2019Augstbordhorn\"}]},{\"@type\":\"WebSite\",\"@id\":\"https:\\\/\\\/unterbaech.ch\\\/fr\\\/#website\",\"url\":\"https:\\\/\\\/unterbaech.ch\\\/fr\\\/\",\"name\":\"Unterb\u00e4ch\",\"description\":\"\",\"publisher\":{\"@id\":\"https:\\\/\\\/unterbaech.ch\\\/fr\\\/#organization\"},\"potentialAction\":[{\"@type\":\"SearchAction\",\"target\":{\"@type\":\"EntryPoint\",\"urlTemplate\":\"https:\\\/\\\/unterbaech.ch\\\/fr\\\/?s={search_term_string}\"},\"query-input\":{\"@type\":\"PropertyValueSpecification\",\"valueRequired\":true,\"valueName\":\"search_term_string\"}}],\"inLanguage\":\"fr-FR\"},{\"@type\":\"Organization\",\"@id\":\"https:\\\/\\\/unterbaech.ch\\\/fr\\\/#organization\",\"name\":\"Unterb\u00e4ch Tourismus\",\"url\":\"https:\\\/\\\/unterbaech.ch\\\/fr\\\/\",\"logo\":{\"@type\":\"ImageObject\",\"inLanguage\":\"fr-FR\",\"@id\":\"https:\\\/\\\/unterbaech.ch\\\/fr\\\/#\\\/schema\\\/logo\\\/image\\\/\",\"url\":\"https:\\\/\\\/unterbaech.ch\\\/wp-content\\\/uploads\\\/Logo-1.png\",\"contentUrl\":\"https:\\\/\\\/unterbaech.ch\\\/wp-content\\\/uploads\\\/Logo-1.png\",\"width\":1125,\"height\":1102,\"caption\":\"Unterb\u00e4ch Tourismus\"},\"image\":{\"@id\":\"https:\\\/\\\/unterbaech.ch\\\/fr\\\/#\\\/schema\\\/logo\\\/image\\\/\"},\"sameAs\":[\"https:\\\/\\\/www.facebook.com\\\/unterbaech\",\"https:\\\/\\\/www.instagram.com\\\/visit.unterbaech\\\/\",\"https:\\\/\\\/de.wikipedia.org\\\/wiki\\\/Unterb\u00e4ch\"]}]}<\/script>\n<!-- \/ Yoast SEO plugin. -->","yoast_head_json":{"title":"Exercice d\u2019\u00e9quilibriste sur l\u2019Augstbordhorn - Unterb\u00e4ch","description":"Il est possible de s\u2019\u00e9pargner la mont\u00e9e vers Brandalp, point de d\u00e9part de ce tour, en prenant le t\u00e9l\u00e9si\u00e8ge. Il restera encore suffisamment de m\u00e8tres \u00e0 gravir pour garder le caract\u00e8re sportif de cette randonn\u00e9e.","robots":{"index":"index","follow":"follow","max-snippet":"max-snippet:-1","max-image-preview":"max-image-preview:large","max-video-preview":"max-video-preview:-1"},"canonical":"https:\/\/unterbaech.ch\/fr\/decouvertes-et-experiences\/lete\/randonnees\/chemins-de-randonnee-de-la-region-daugstbord\/exercice-dequilibriste-sur-laugstbordhorn\/","og_locale":"fr_FR","og_type":"article","og_title":"Exercice d\u2019\u00e9quilibriste sur l\u2019Augstbordhorn - Unterb\u00e4ch","og_description":"Il est possible de s\u2019\u00e9pargner la mont\u00e9e vers Brandalp, point de d\u00e9part de ce tour, en prenant le t\u00e9l\u00e9si\u00e8ge. Il restera encore suffisamment de m\u00e8tres \u00e0 gravir pour garder le caract\u00e8re sportif de cette randonn\u00e9e.","og_url":"https:\/\/unterbaech.ch\/fr\/decouvertes-et-experiences\/lete\/randonnees\/chemins-de-randonnee-de-la-region-daugstbord\/exercice-dequilibriste-sur-laugstbordhorn\/","og_site_name":"Unterb\u00e4ch","article_publisher":"https:\/\/www.facebook.com\/unterbaech","article_modified_time":"2026-03-23T11:17:43+00:00","twitter_card":"summary_large_image","twitter_misc":{"Dur\u00e9e de lecture estim\u00e9e":"3 minutes"},"schema":{"@context":"https:\/\/schema.org","@graph":[{"@type":"WebPage","@id":"https:\/\/unterbaech.ch\/fr\/decouvertes-et-experiences\/lete\/randonnees\/chemins-de-randonnee-de-la-region-daugstbord\/exercice-dequilibriste-sur-laugstbordhorn\/","url":"https:\/\/unterbaech.ch\/fr\/decouvertes-et-experiences\/lete\/randonnees\/chemins-de-randonnee-de-la-region-daugstbord\/exercice-dequilibriste-sur-laugstbordhorn\/","name":"Exercice d\u2019\u00e9quilibriste sur l\u2019Augstbordhorn - Unterb\u00e4ch","isPartOf":{"@id":"https:\/\/unterbaech.ch\/fr\/#website"},"datePublished":"2021-05-14T12:44:42+00:00","dateModified":"2026-03-23T11:17:43+00:00","description":"Il est possible de s\u2019\u00e9pargner la mont\u00e9e vers Brandalp, point de d\u00e9part de ce tour, en prenant le t\u00e9l\u00e9si\u00e8ge. Il restera encore suffisamment de m\u00e8tres \u00e0 gravir pour garder le caract\u00e8re sportif de cette randonn\u00e9e.","breadcrumb":{"@id":"https:\/\/unterbaech.ch\/fr\/decouvertes-et-experiences\/lete\/randonnees\/chemins-de-randonnee-de-la-region-daugstbord\/exercice-dequilibriste-sur-laugstbordhorn\/#breadcrumb"},"inLanguage":"fr-FR","potentialAction":[{"@type":"ReadAction","target":["https:\/\/unterbaech.ch\/fr\/decouvertes-et-experiences\/lete\/randonnees\/chemins-de-randonnee-de-la-region-daugstbord\/exercice-dequilibriste-sur-laugstbordhorn\/"]}]},{"@type":"BreadcrumbList","@id":"https:\/\/unterbaech.ch\/fr\/decouvertes-et-experiences\/lete\/randonnees\/chemins-de-randonnee-de-la-region-daugstbord\/exercice-dequilibriste-sur-laugstbordhorn\/#breadcrumb","itemListElement":[{"@type":"ListItem","position":1,"name":"Startseite","item":"https:\/\/unterbaech.ch\/fr\/accueil\/"},{"@type":"ListItem","position":2,"name":"D\u00e9couvertes et exp\u00e9riences","item":"https:\/\/unterbaech.ch\/fr\/decouvertes-et-experiences\/"},{"@type":"ListItem","position":3,"name":"L&#8217;\u00e9te","item":"https:\/\/unterbaech.ch\/fr\/unterbaech\/sommer\/"},{"@type":"ListItem","position":4,"name":"Randonn\u00e9es","item":"https:\/\/unterbaech.ch\/fr\/unterbaech\/sommer\/wandern\/"},{"@type":"ListItem","position":5,"name":"Chemins de randonn\u00e9e de la r\u00e9gion d&#8217;Augstbord","item":"https:\/\/unterbaech.ch\/fr\/unterbaech\/sommer\/wandern\/wanderwege-augstbordregion\/"},{"@type":"ListItem","position":6,"name":"Exercice d\u2019\u00e9quilibriste sur l\u2019Augstbordhorn"}]},{"@type":"WebSite","@id":"https:\/\/unterbaech.ch\/fr\/#website","url":"https:\/\/unterbaech.ch\/fr\/","name":"Unterb\u00e4ch","description":"","publisher":{"@id":"https:\/\/unterbaech.ch\/fr\/#organization"},"potentialAction":[{"@type":"SearchAction","target":{"@type":"EntryPoint","urlTemplate":"https:\/\/unterbaech.ch\/fr\/?s={search_term_string}"},"query-input":{"@type":"PropertyValueSpecification","valueRequired":true,"valueName":"search_term_string"}}],"inLanguage":"fr-FR"},{"@type":"Organization","@id":"https:\/\/unterbaech.ch\/fr\/#organization","name":"Unterb\u00e4ch Tourismus","url":"https:\/\/unterbaech.ch\/fr\/","logo":{"@type":"ImageObject","inLanguage":"fr-FR","@id":"https:\/\/unterbaech.ch\/fr\/#\/schema\/logo\/image\/","url":"https:\/\/unterbaech.ch\/wp-content\/uploads\/Logo-1.png","contentUrl":"https:\/\/unterbaech.ch\/wp-content\/uploads\/Logo-1.png","width":1125,"height":1102,"caption":"Unterb\u00e4ch Tourismus"},"image":{"@id":"https:\/\/unterbaech.ch\/fr\/#\/schema\/logo\/image\/"},"sameAs":["https:\/\/www.facebook.com\/unterbaech","https:\/\/www.instagram.com\/visit.unterbaech\/","https:\/\/de.wikipedia.org\/wiki\/Unterb\u00e4ch"]}]}},"_links":{"self":[{"href":"https:\/\/unterbaech.ch\/fr\/wp-json\/wp\/v2\/pages\/12789","targetHints":{"allow":["GET"]}}],"collection":[{"href":"https:\/\/unterbaech.ch\/fr\/wp-json\/wp\/v2\/pages"}],"about":[{"href":"https:\/\/unterbaech.ch\/fr\/wp-json\/wp\/v2\/types\/page"}],"author":[{"embeddable":true,"href":"https:\/\/unterbaech.ch\/fr\/wp-json\/wp\/v2\/users\/8"}],"replies":[{"embeddable":true,"href":"https:\/\/unterbaech.ch\/fr\/wp-json\/wp\/v2\/comments?post=12789"}],"version-history":[{"count":3,"href":"https:\/\/unterbaech.ch\/fr\/wp-json\/wp\/v2\/pages\/12789\/revisions"}],"predecessor-version":[{"id":29369,"href":"https:\/\/unterbaech.ch\/fr\/wp-json\/wp\/v2\/pages\/12789\/revisions\/29369"}],"up":[{"embeddable":true,"href":"https:\/\/unterbaech.ch\/fr\/wp-json\/wp\/v2\/pages\/14246"}],"wp:attachment":[{"href":"https:\/\/unterbaech.ch\/fr\/wp-json\/wp\/v2\/media?parent=12789"}],"curies":[{"name":"wp","href":"https:\/\/api.w.org\/{rel}","templated":true}]}}