{"id":13828,"date":"2021-09-28T10:45:23","date_gmt":"2021-09-28T08:45:23","guid":{"rendered":"https:\/\/unterbaech.ch\/ski-de-fond\/"},"modified":"2026-01-12T15:43:39","modified_gmt":"2026-01-12T14:43:39","slug":"ski-de-fond","status":"publish","type":"page","link":"https:\/\/unterbaech.ch\/fr\/decouvertes-et-experiences\/winter\/ski-de-fond\/","title":{"rendered":"Ski de fond"},"content":{"rendered":"\n<style type=\"text\/css\" data-created_by=\"avia_inline_auto\" id=\"style-css-av-kbax8y3e-a112e998da93542a0a914292a14e2330\">\n.avia-section.av-kbax8y3e-a112e998da93542a0a914292a14e2330 .av-parallax .av-parallax-inner{\nbackground-repeat:no-repeat;\nbackground-image:url(https:\/\/unterbaech.ch\/wp-content\/uploads\/Moosalp-0819-scaled-1-1024x683.jpg);\nbackground-position:50% 50%;\nbackground-attachment:scroll;\n}\n<\/style>\n<div id='av_section_1'  class='avia-section av-kbax8y3e-a112e998da93542a0a914292a14e2330 main_color avia-section-default avia-no-border-styling  avia-builder-el-0  el_before_av_section  avia-builder-el-first  section-fullwidthimage avia-full-stretch av-parallax-section avia-bg-style-parallax av-minimum-height av-minimum-height-50 av-height-50  container_wrap fullsize'  data-section-bg-repeat='stretch' data-av_minimum_height_pc='50' data-av_min_height_opt='50'><div class='av-parallax' data-avia-parallax-ratio='0.3' ><div class='av-parallax-inner main_color avia-full-stretch'><\/div><\/div><div class='container av-section-cont-open' ><main  role=\"main\" itemprop=\"mainContentOfPage\"  class='template-page content  av-content-full alpha units'><div class='post-entry post-entry-type-page post-entry-13828'><div class='entry-content-wrapper clearfix'>\n<\/div><\/div><\/main><!-- close content main element --><\/div><\/div><div id='av_section_2'  class='avia-section av-1n2h9-eef07d2470a934665895b572bc96122f main_color avia-section-default avia-no-border-styling  avia-builder-el-1  el_after_av_section  el_before_av_section  section-leadtext onecol avia-bg-style-scroll container_wrap fullsize'  ><div class='container av-section-cont-open' ><div class='template-page content  av-content-full alpha units'><div class='post-entry post-entry-type-page post-entry-13828'><div class='entry-content-wrapper clearfix'>\n<section  class='av_textblock_section av-kbawhdx8-9a55faeefcbf4e8706dea9c49b9010c2 '   itemscope=\"itemscope\" itemtype=\"https:\/\/schema.org\/CreativeWork\" ><div class='avia_textblock'  itemprop=\"text\" ><p style=\"text-align: center;\"><strong>SE D\u00c9PLACER CHEZ NOS VOISINS \u00c0 LA NORDIQUE<br \/>\n<\/strong><\/p>\n<h3 style=\"text-align: center;\">SKI DE FOND \u00c0 B\u00dcRCHEN<\/h3>\n<\/div><\/section>\n<section  class='av_textblock_section av-kbawhdx8-9ab49b02ccbda94d5022e2db2fe03924 '   itemscope=\"itemscope\" itemtype=\"https:\/\/schema.org\/CreativeWork\" ><div class='avia_textblock lead'  itemprop=\"text\" ><p style=\"text-align: center;\">Dans le village voisin de B\u00fcrchen, vous pouvez glisser sur 12\u00a0km de pistes de ski de fond pr\u00e9par\u00e9es et profiter de la neige et du panorama \u00e0 la mani\u00e8re des peuples nordiques.<\/p>\n<p style=\"text-align: center;\">En voiture, vous pouvez rejoindre les pistes de ski de fond de B\u00fcrchen en 10 minutes. Si vous n\u2019avez pas de voiture, vous pouvez r\u00e9server le skibus tous les mercredis. Ce dernier est gratuit pour tous les clients poss\u00e9dant une carte d\u2019h\u00f4te \u00abRegion Oberwallis\u00bb ou un forfait de ski en cours de validit\u00e9.<\/p>\n<\/div><\/section>\n<\/div><\/div><\/div><!-- close content main div --><\/div><\/div><div id='av_section_3'  class='avia-section av-2ozu1-d0416f96d23280b881dcadfb59c1e2de main_color avia-section-default avia-no-border-styling  avia-builder-el-4  el_after_av_section  el_before_av_section  section-leadtext image avia-bg-style-scroll container_wrap fullsize'  ><div class='container av-section-cont-open' ><div class='template-page content  av-content-full alpha units'><div class='post-entry post-entry-type-page post-entry-13828'><div class='entry-content-wrapper clearfix'>\n<div class='flex_column_table av-3z81-f10b1524d109005ce059068763d09583 sc-av_one_half av-break-at-tablet-flextable av-equal-height-column-flextable'>\n<style type=\"text\/css\" data-created_by=\"avia_inline_auto\" id=\"style-css-av-3z81-f10b1524d109005ce059068763d09583\">\n.flex_column.av-3z81-f10b1524d109005ce059068763d09583{\nborder-radius:0px 0px 0px 0px;\npadding:0px 0px 0px 0px;\n}\n<\/style>\n<div  class='flex_column av-3z81-f10b1524d109005ce059068763d09583 av_one_half  avia-builder-el-5  el_before_av_one_half  avia-builder-el-first  first av-break-at-tablet flex_column_table_cell av-equal-height-column av-align-top av-zero-column-padding  '     ><p><section  class='av_textblock_section av-jwhniv6n-e1059a515c4ea93eb80544e318be7904 '   itemscope=\"itemscope\" itemtype=\"https:\/\/schema.org\/CreativeWork\" ><div class='avia_textblock'  itemprop=\"text\" ><p><strong>PISTE DE SKI DE FOND DE MOOSALP<\/strong><\/p>\n<\/div><\/section><br \/>\n<section  class='av_textblock_section av-jwhniv6n-4e87586fba6cd6a13a6b1c33aeecb56e '   itemscope=\"itemscope\" itemtype=\"https:\/\/schema.org\/CreativeWork\" ><div class='avia_textblock lead'  itemprop=\"text\" ><p>La piste circulaire de Moosalp est situ\u00e9e \u00e0 environ 2000\u00a0m\u00e8tres au-dessus de la mer. Gr\u00e2ce \u00e0 cette altitude, elle est tr\u00e8s enneig\u00e9e. L\u2019\u00abAlpuschnaager\u00bb, une dameuse \u00e9quip\u00e9e d\u2019une cabine de passagers, am\u00e8ne les skieurs de fond de B\u00fcrchen directement sur la piste et les en ram\u00e8ne. La piste se pr\u00eate aussi bien \u00e0 la technique classique qu\u2019\u00e0 la technique du skating.<\/p>\n<p>Longueur: 5\u00a0km<\/p>\n<\/div><\/section><\/p><\/div><div class='av-flex-placeholder'><\/div>\n<style type=\"text\/css\" data-created_by=\"avia_inline_auto\" id=\"style-css-av-3z81-a8d6fe18c9d7d90a405c831d06521fe3\">\n.flex_column.av-3z81-a8d6fe18c9d7d90a405c831d06521fe3{\nborder-radius:0px 0px 0px 0px;\npadding:0px 0px 0px 0px;\n}\n<\/style>\n<div  class='flex_column av-3z81-a8d6fe18c9d7d90a405c831d06521fe3 av_one_half  avia-builder-el-8  el_after_av_one_half  avia-builder-el-last  av-break-at-tablet flex_column_table_cell av-equal-height-column av-align-top av-zero-column-padding avia-full-stretch  '     ><style type=\"text\/css\" data-created_by=\"avia_inline_auto\" id=\"style-css-av-kbccxasc-2ebbbfde0ce1b5215fd45de516cec479\">\n.avia-image-container.av-kbccxasc-2ebbbfde0ce1b5215fd45de516cec479 img.avia_image{\nbox-shadow:none;\n}\n.avia-image-container.av-kbccxasc-2ebbbfde0ce1b5215fd45de516cec479 .av-image-caption-overlay-center{\ncolor:#ffffff;\n}\n<\/style>\n<div  class='avia-image-container av-kbccxasc-2ebbbfde0ce1b5215fd45de516cec479 av-styling- avia-align-center  avia-builder-el-9  avia-builder-el-no-sibling '   itemprop=\"image\" itemscope=\"itemscope\" itemtype=\"https:\/\/schema.org\/ImageObject\" ><div class=\"avia-image-container-inner\"><div class=\"avia-image-overlay-wrap\"><img decoding=\"async\" fetchpriority=\"high\" class='wp-image-4666 avia-img-lazy-loading-not-4666 avia_image ' src=\"https:\/\/unterbaech.ch\/wp-content\/uploads\/2020\/07\/Foto-9-1024x644.jpg\" alt='Moosalp Ski' title='Foto (9)'  height=\"644\" width=\"1024\"  itemprop=\"thumbnailUrl\" srcset=\"https:\/\/unterbaech.ch\/wp-content\/uploads\/2020\/07\/Foto-9-1024x644.jpg 1024w, https:\/\/unterbaech.ch\/wp-content\/uploads\/2020\/07\/Foto-9-1718x1080.jpg 1718w, https:\/\/unterbaech.ch\/wp-content\/uploads\/2020\/07\/Foto-9-768x483.jpg 768w, https:\/\/unterbaech.ch\/wp-content\/uploads\/2020\/07\/Foto-9-1536x965.jpg 1536w, https:\/\/unterbaech.ch\/wp-content\/uploads\/2020\/07\/Foto-9-2048x1287.jpg 2048w, https:\/\/unterbaech.ch\/wp-content\/uploads\/2020\/07\/Foto-9-1500x943.jpg 1500w, https:\/\/unterbaech.ch\/wp-content\/uploads\/2020\/07\/Foto-9-705x443.jpg 705w, https:\/\/unterbaech.ch\/wp-content\/uploads\/2020\/07\/Foto-9-scaled.jpg 1920w\" sizes=\"(max-width: 1024px) 100vw, 1024px\" \/><\/div><\/div><\/div><\/div><\/div><!--close column table wrapper. Autoclose: 1 -->\n<\/p>\n<\/div><\/div><\/div><!-- close content main div --><\/div><\/div><div id='av_section_4'  class='avia-section av-2ozu1-d0416f96d23280b881dcadfb59c1e2de main_color avia-section-default avia-no-border-styling  avia-builder-el-10  el_after_av_section  el_before_av_promobox  section-leadtext image avia-bg-style-scroll container_wrap fullsize'  ><div class='container av-section-cont-open' ><div class='template-page content  av-content-full alpha units'><div class='post-entry post-entry-type-page post-entry-13828'><div class='entry-content-wrapper clearfix'>\n<div class='flex_column_table av-3z81-f10b1524d109005ce059068763d09583 sc-av_one_half av-break-at-tablet-flextable av-equal-height-column-flextable'>\n<style type=\"text\/css\" data-created_by=\"avia_inline_auto\" id=\"style-css-av-3z81-f10b1524d109005ce059068763d09583\">\n.flex_column.av-3z81-f10b1524d109005ce059068763d09583{\nborder-radius:0px 0px 0px 0px;\npadding:0px 0px 0px 0px;\n}\n<\/style>\n<div  class='flex_column av-3z81-f10b1524d109005ce059068763d09583 av_one_half  avia-builder-el-11  el_before_av_one_half  avia-builder-el-first  first av-break-at-tablet flex_column_table_cell av-equal-height-column av-align-top av-zero-column-padding  '     ><p><section  class='av_textblock_section av-jwhniv6n-e1059a515c4ea93eb80544e318be7904 '   itemscope=\"itemscope\" itemtype=\"https:\/\/schema.org\/CreativeWork\" ><div class='avia_textblock'  itemprop=\"text\" ><p><strong>PISTE DE SKI DE FOND HELLELA<\/strong><\/p>\n<\/div><\/section><br \/>\n<section  class='av_textblock_section av-jwhniv6n-4e87586fba6cd6a13a6b1c33aeecb56e '   itemscope=\"itemscope\" itemtype=\"https:\/\/schema.org\/CreativeWork\" ><div class='avia_textblock lead'  itemprop=\"text\" ><p>La piste est accessible en quelques minutes depuis le hameau de Bodmen via Zentriegen ou depuis le hameau de Blatt. Changeante, elle m\u00e8ne \u00e0 Zeneggen \u00e0 travers des for\u00eats impressionnantes, sur les champs de neige de Hellela. Cette piste est \u00e9galement con\u00e7ue pour le style classique comme pour le skating.<\/p>\n<p>Longueur: 7\u00a0km<\/p>\n<\/div><\/section><\/p><\/div><div class='av-flex-placeholder'><\/div>\n<style type=\"text\/css\" data-created_by=\"avia_inline_auto\" id=\"style-css-av-3z81-a8d6fe18c9d7d90a405c831d06521fe3\">\n.flex_column.av-3z81-a8d6fe18c9d7d90a405c831d06521fe3{\nborder-radius:0px 0px 0px 0px;\npadding:0px 0px 0px 0px;\n}\n<\/style>\n<div  class='flex_column av-3z81-a8d6fe18c9d7d90a405c831d06521fe3 av_one_half  avia-builder-el-14  el_after_av_one_half  avia-builder-el-last  av-break-at-tablet flex_column_table_cell av-equal-height-column av-align-top av-zero-column-padding avia-full-stretch  '     ><style type=\"text\/css\" data-created_by=\"avia_inline_auto\" id=\"style-css-av-kbccxasc-0e9bc1b160c78ab793f52229e819b96e\">\n.avia-image-container.av-kbccxasc-0e9bc1b160c78ab793f52229e819b96e img.avia_image{\nbox-shadow:none;\n}\n.avia-image-container.av-kbccxasc-0e9bc1b160c78ab793f52229e819b96e .av-image-caption-overlay-center{\ncolor:#ffffff;\n}\n<\/style>\n<div  class='avia-image-container av-kbccxasc-0e9bc1b160c78ab793f52229e819b96e av-styling- avia-align-center  avia-builder-el-15  avia-builder-el-no-sibling '   itemprop=\"image\" itemscope=\"itemscope\" itemtype=\"https:\/\/schema.org\/ImageObject\" ><div class=\"avia-image-container-inner\"><div class=\"avia-image-overlay-wrap\"><img decoding=\"async\" fetchpriority=\"high\" class='wp-image-5855 avia-img-lazy-loading-not-5855 avia_image ' src=\"https:\/\/unterbaech.ch\/wp-content\/uploads\/moosalp-winterwandern-quer.jpg\" alt='' title='moosalp winterwandern quer'  height=\"1239\" width=\"1679\"  itemprop=\"thumbnailUrl\" srcset=\"https:\/\/unterbaech.ch\/wp-content\/uploads\/moosalp-winterwandern-quer.jpg 1679w, https:\/\/unterbaech.ch\/wp-content\/uploads\/moosalp-winterwandern-quer-1024x756.jpg 1024w, https:\/\/unterbaech.ch\/wp-content\/uploads\/moosalp-winterwandern-quer-1464x1080.jpg 1464w, https:\/\/unterbaech.ch\/wp-content\/uploads\/moosalp-winterwandern-quer-768x567.jpg 768w, https:\/\/unterbaech.ch\/wp-content\/uploads\/moosalp-winterwandern-quer-1536x1133.jpg 1536w, https:\/\/unterbaech.ch\/wp-content\/uploads\/moosalp-winterwandern-quer-1500x1107.jpg 1500w, https:\/\/unterbaech.ch\/wp-content\/uploads\/moosalp-winterwandern-quer-705x520.jpg 705w\" sizes=\"(max-width: 1679px) 100vw, 1679px\" \/><\/div><\/div><\/div><\/div><\/div><!--close column table wrapper. Autoclose: 1 -->\n<\/div><\/div><\/div><!-- close content main div --><\/div><\/div><div id='after_section_4'  class='main_color av_default_container_wrap container_wrap fullsize'  ><div class='container av-section-cont-open' ><div class='template-page content  av-content-full alpha units'><div class='post-entry post-entry-type-page post-entry-13828'><div class='entry-content-wrapper clearfix'>\n<div  class='av_promobox av-kcelab5r-6e23fb6c7acdc7c4ed62315c2786cd2f avia-button-yes  avia-builder-el-16  el_after_av_section  avia-builder-el-no-sibling  promobox'><div class='avia-promocontent'><\/p>\n<h4>Ski de fond dans la r\u00e9gion de Moosalpregion<\/h4>\n<p>Quoi de mieux que de glisser dans le paysage hivernal du Valais ? Dans la r\u00e9gion de Moosal, vous pouvez faire du ski de fond \u00e0 plus de 2 000 m\u00e8tres d&rsquo;altitude avec une vue sur le groupe Bietschhorn et Mischabel. En fin de journ\u00e9e, vous pourrez d\u00e9guster un \u00ab\u00a0caf\u00e9 Biruweich\u00a0\u00bb ou un bon g\u00e2teau \u00e0 la cr\u00e8me sur la Moosalp.<\/p>\n<\/div><div  class='avia-button-wrap av-kcelab5r-a00d224f717f8c8a8d461375100b518d-wrap avia-button-right  promobox'><a href='https:\/\/www.moosalpregion.ch\/angebot\/langlauf\/'  class='avia-button av-kcelab5r-a00d224f717f8c8a8d461375100b518d av-link-btn avia-icon_select-no avia-size-large avia-position-right avia-color-theme-color'  target=\"_blank\"  rel=\"noopener noreferrer\"  aria-label=\"plus des informations\"><span class='avia_iconbox_title' >plus des informations<\/span><\/a><\/div><\/div>\n","protected":false},"excerpt":{"rendered":"","protected":false},"author":8,"featured_media":0,"parent":13870,"menu_order":0,"comment_status":"closed","ping_status":"closed","template":"","meta":{"inline_featured_image":false,"footnotes":""},"class_list":["post-13828","page","type-page","status-publish","hentry"],"yoast_head":"<!-- This site is optimized with the Yoast SEO plugin v27.5 - https:\/\/yoast.com\/product\/yoast-seo-wordpress\/ -->\n<title>Ski de fond - Unterb\u00e4ch<\/title>\n<meta name=\"description\" content=\"Envie de faire du ski nordique ? Dans la r\u00e9gion d&#039;Augstbord, il y a 12 km de pistes classiques et de pistes de skating pr\u00eates pour le ski de fond. Et \u00e0 seulement 10 minutes d&#039;Unterb\u00e4ch!\" \/>\n<meta name=\"robots\" content=\"index, follow, max-snippet:-1, max-image-preview:large, max-video-preview:-1\" \/>\n<link rel=\"canonical\" href=\"https:\/\/unterbaech.ch\/fr\/decouvertes-et-experiences\/winter\/ski-de-fond\/\" \/>\n<meta property=\"og:locale\" content=\"fr_FR\" \/>\n<meta property=\"og:type\" content=\"article\" \/>\n<meta property=\"og:title\" content=\"Ski de fond - Unterb\u00e4ch\" \/>\n<meta property=\"og:description\" content=\"Envie de faire du ski nordique ? Dans la r\u00e9gion d&#039;Augstbord, il y a 12 km de pistes classiques et de pistes de skating pr\u00eates pour le ski de fond. Et \u00e0 seulement 10 minutes d&#039;Unterb\u00e4ch!\" \/>\n<meta property=\"og:url\" content=\"https:\/\/unterbaech.ch\/fr\/decouvertes-et-experiences\/winter\/ski-de-fond\/\" \/>\n<meta property=\"og:site_name\" content=\"Unterb\u00e4ch\" \/>\n<meta property=\"article:publisher\" content=\"https:\/\/www.facebook.com\/unterbaech\" \/>\n<meta property=\"article:modified_time\" content=\"2026-01-12T14:43:39+00:00\" \/>\n<meta name=\"twitter:card\" content=\"summary_large_image\" \/>\n<meta name=\"twitter:label1\" content=\"Dur\u00e9e de lecture estim\u00e9e\" \/>\n\t<meta name=\"twitter:data1\" content=\"3 minutes\" \/>\n<script type=\"application\/ld+json\" class=\"yoast-schema-graph\">{\"@context\":\"https:\\\/\\\/schema.org\",\"@graph\":[{\"@type\":\"WebPage\",\"@id\":\"https:\\\/\\\/unterbaech.ch\\\/fr\\\/decouvertes-et-experiences\\\/winter\\\/ski-de-fond\\\/\",\"url\":\"https:\\\/\\\/unterbaech.ch\\\/fr\\\/decouvertes-et-experiences\\\/winter\\\/ski-de-fond\\\/\",\"name\":\"Ski de fond - Unterb\u00e4ch\",\"isPartOf\":{\"@id\":\"https:\\\/\\\/unterbaech.ch\\\/fr\\\/#website\"},\"datePublished\":\"2021-09-28T08:45:23+00:00\",\"dateModified\":\"2026-01-12T14:43:39+00:00\",\"description\":\"Envie de faire du ski nordique ? Dans la r\u00e9gion d'Augstbord, il y a 12 km de pistes classiques et de pistes de skating pr\u00eates pour le ski de fond. Et \u00e0 seulement 10 minutes d'Unterb\u00e4ch!\",\"breadcrumb\":{\"@id\":\"https:\\\/\\\/unterbaech.ch\\\/fr\\\/decouvertes-et-experiences\\\/winter\\\/ski-de-fond\\\/#breadcrumb\"},\"inLanguage\":\"fr-FR\",\"potentialAction\":[{\"@type\":\"ReadAction\",\"target\":[\"https:\\\/\\\/unterbaech.ch\\\/fr\\\/decouvertes-et-experiences\\\/winter\\\/ski-de-fond\\\/\"]}]},{\"@type\":\"BreadcrumbList\",\"@id\":\"https:\\\/\\\/unterbaech.ch\\\/fr\\\/decouvertes-et-experiences\\\/winter\\\/ski-de-fond\\\/#breadcrumb\",\"itemListElement\":[{\"@type\":\"ListItem\",\"position\":1,\"name\":\"Startseite\",\"item\":\"https:\\\/\\\/unterbaech.ch\\\/fr\\\/accueil\\\/\"},{\"@type\":\"ListItem\",\"position\":2,\"name\":\"D\u00e9couvertes et exp\u00e9riences\",\"item\":\"https:\\\/\\\/unterbaech.ch\\\/fr\\\/decouvertes-et-experiences\\\/\"},{\"@type\":\"ListItem\",\"position\":3,\"name\":\"L&#8217;hiver\",\"item\":\"https:\\\/\\\/unterbaech.ch\\\/fr\\\/unterbaech\\\/winter\\\/\"},{\"@type\":\"ListItem\",\"position\":4,\"name\":\"Ski de fond\"}]},{\"@type\":\"WebSite\",\"@id\":\"https:\\\/\\\/unterbaech.ch\\\/fr\\\/#website\",\"url\":\"https:\\\/\\\/unterbaech.ch\\\/fr\\\/\",\"name\":\"Unterb\u00e4ch\",\"description\":\"\",\"publisher\":{\"@id\":\"https:\\\/\\\/unterbaech.ch\\\/fr\\\/#organization\"},\"potentialAction\":[{\"@type\":\"SearchAction\",\"target\":{\"@type\":\"EntryPoint\",\"urlTemplate\":\"https:\\\/\\\/unterbaech.ch\\\/fr\\\/?s={search_term_string}\"},\"query-input\":{\"@type\":\"PropertyValueSpecification\",\"valueRequired\":true,\"valueName\":\"search_term_string\"}}],\"inLanguage\":\"fr-FR\"},{\"@type\":\"Organization\",\"@id\":\"https:\\\/\\\/unterbaech.ch\\\/fr\\\/#organization\",\"name\":\"Unterb\u00e4ch Tourismus\",\"url\":\"https:\\\/\\\/unterbaech.ch\\\/fr\\\/\",\"logo\":{\"@type\":\"ImageObject\",\"inLanguage\":\"fr-FR\",\"@id\":\"https:\\\/\\\/unterbaech.ch\\\/fr\\\/#\\\/schema\\\/logo\\\/image\\\/\",\"url\":\"https:\\\/\\\/unterbaech.ch\\\/wp-content\\\/uploads\\\/Logo-1.png\",\"contentUrl\":\"https:\\\/\\\/unterbaech.ch\\\/wp-content\\\/uploads\\\/Logo-1.png\",\"width\":1125,\"height\":1102,\"caption\":\"Unterb\u00e4ch Tourismus\"},\"image\":{\"@id\":\"https:\\\/\\\/unterbaech.ch\\\/fr\\\/#\\\/schema\\\/logo\\\/image\\\/\"},\"sameAs\":[\"https:\\\/\\\/www.facebook.com\\\/unterbaech\",\"https:\\\/\\\/www.instagram.com\\\/visit.unterbaech\\\/\",\"https:\\\/\\\/de.wikipedia.org\\\/wiki\\\/Unterb\u00e4ch\"]}]}<\/script>\n<!-- \/ Yoast SEO plugin. -->","yoast_head_json":{"title":"Ski de fond - Unterb\u00e4ch","description":"Envie de faire du ski nordique ? Dans la r\u00e9gion d'Augstbord, il y a 12 km de pistes classiques et de pistes de skating pr\u00eates pour le ski de fond. Et \u00e0 seulement 10 minutes d'Unterb\u00e4ch!","robots":{"index":"index","follow":"follow","max-snippet":"max-snippet:-1","max-image-preview":"max-image-preview:large","max-video-preview":"max-video-preview:-1"},"canonical":"https:\/\/unterbaech.ch\/fr\/decouvertes-et-experiences\/winter\/ski-de-fond\/","og_locale":"fr_FR","og_type":"article","og_title":"Ski de fond - Unterb\u00e4ch","og_description":"Envie de faire du ski nordique ? Dans la r\u00e9gion d'Augstbord, il y a 12 km de pistes classiques et de pistes de skating pr\u00eates pour le ski de fond. Et \u00e0 seulement 10 minutes d'Unterb\u00e4ch!","og_url":"https:\/\/unterbaech.ch\/fr\/decouvertes-et-experiences\/winter\/ski-de-fond\/","og_site_name":"Unterb\u00e4ch","article_publisher":"https:\/\/www.facebook.com\/unterbaech","article_modified_time":"2026-01-12T14:43:39+00:00","twitter_card":"summary_large_image","twitter_misc":{"Dur\u00e9e de lecture estim\u00e9e":"3 minutes"},"schema":{"@context":"https:\/\/schema.org","@graph":[{"@type":"WebPage","@id":"https:\/\/unterbaech.ch\/fr\/decouvertes-et-experiences\/winter\/ski-de-fond\/","url":"https:\/\/unterbaech.ch\/fr\/decouvertes-et-experiences\/winter\/ski-de-fond\/","name":"Ski de fond - Unterb\u00e4ch","isPartOf":{"@id":"https:\/\/unterbaech.ch\/fr\/#website"},"datePublished":"2021-09-28T08:45:23+00:00","dateModified":"2026-01-12T14:43:39+00:00","description":"Envie de faire du ski nordique ? Dans la r\u00e9gion d'Augstbord, il y a 12 km de pistes classiques et de pistes de skating pr\u00eates pour le ski de fond. Et \u00e0 seulement 10 minutes d'Unterb\u00e4ch!","breadcrumb":{"@id":"https:\/\/unterbaech.ch\/fr\/decouvertes-et-experiences\/winter\/ski-de-fond\/#breadcrumb"},"inLanguage":"fr-FR","potentialAction":[{"@type":"ReadAction","target":["https:\/\/unterbaech.ch\/fr\/decouvertes-et-experiences\/winter\/ski-de-fond\/"]}]},{"@type":"BreadcrumbList","@id":"https:\/\/unterbaech.ch\/fr\/decouvertes-et-experiences\/winter\/ski-de-fond\/#breadcrumb","itemListElement":[{"@type":"ListItem","position":1,"name":"Startseite","item":"https:\/\/unterbaech.ch\/fr\/accueil\/"},{"@type":"ListItem","position":2,"name":"D\u00e9couvertes et exp\u00e9riences","item":"https:\/\/unterbaech.ch\/fr\/decouvertes-et-experiences\/"},{"@type":"ListItem","position":3,"name":"L&#8217;hiver","item":"https:\/\/unterbaech.ch\/fr\/unterbaech\/winter\/"},{"@type":"ListItem","position":4,"name":"Ski de fond"}]},{"@type":"WebSite","@id":"https:\/\/unterbaech.ch\/fr\/#website","url":"https:\/\/unterbaech.ch\/fr\/","name":"Unterb\u00e4ch","description":"","publisher":{"@id":"https:\/\/unterbaech.ch\/fr\/#organization"},"potentialAction":[{"@type":"SearchAction","target":{"@type":"EntryPoint","urlTemplate":"https:\/\/unterbaech.ch\/fr\/?s={search_term_string}"},"query-input":{"@type":"PropertyValueSpecification","valueRequired":true,"valueName":"search_term_string"}}],"inLanguage":"fr-FR"},{"@type":"Organization","@id":"https:\/\/unterbaech.ch\/fr\/#organization","name":"Unterb\u00e4ch Tourismus","url":"https:\/\/unterbaech.ch\/fr\/","logo":{"@type":"ImageObject","inLanguage":"fr-FR","@id":"https:\/\/unterbaech.ch\/fr\/#\/schema\/logo\/image\/","url":"https:\/\/unterbaech.ch\/wp-content\/uploads\/Logo-1.png","contentUrl":"https:\/\/unterbaech.ch\/wp-content\/uploads\/Logo-1.png","width":1125,"height":1102,"caption":"Unterb\u00e4ch Tourismus"},"image":{"@id":"https:\/\/unterbaech.ch\/fr\/#\/schema\/logo\/image\/"},"sameAs":["https:\/\/www.facebook.com\/unterbaech","https:\/\/www.instagram.com\/visit.unterbaech\/","https:\/\/de.wikipedia.org\/wiki\/Unterb\u00e4ch"]}]}},"_links":{"self":[{"href":"https:\/\/unterbaech.ch\/fr\/wp-json\/wp\/v2\/pages\/13828","targetHints":{"allow":["GET"]}}],"collection":[{"href":"https:\/\/unterbaech.ch\/fr\/wp-json\/wp\/v2\/pages"}],"about":[{"href":"https:\/\/unterbaech.ch\/fr\/wp-json\/wp\/v2\/types\/page"}],"author":[{"embeddable":true,"href":"https:\/\/unterbaech.ch\/fr\/wp-json\/wp\/v2\/users\/8"}],"replies":[{"embeddable":true,"href":"https:\/\/unterbaech.ch\/fr\/wp-json\/wp\/v2\/comments?post=13828"}],"version-history":[{"count":3,"href":"https:\/\/unterbaech.ch\/fr\/wp-json\/wp\/v2\/pages\/13828\/revisions"}],"predecessor-version":[{"id":28933,"href":"https:\/\/unterbaech.ch\/fr\/wp-json\/wp\/v2\/pages\/13828\/revisions\/28933"}],"up":[{"embeddable":true,"href":"https:\/\/unterbaech.ch\/fr\/wp-json\/wp\/v2\/pages\/13870"}],"wp:attachment":[{"href":"https:\/\/unterbaech.ch\/fr\/wp-json\/wp\/v2\/media?parent=13828"}],"curies":[{"name":"wp","href":"https:\/\/api.w.org\/{rel}","templated":true}]}}