{"id":14479,"date":"2021-11-11T14:02:10","date_gmt":"2021-11-11T13:02:10","guid":{"rendered":"https:\/\/unterbaech.ch\/sitemap\/"},"modified":"2021-11-11T14:02:12","modified_gmt":"2021-11-11T13:02:12","slug":"sitemap","status":"publish","type":"page","link":"https:\/\/unterbaech.ch\/fr\/sitemap\/","title":{"rendered":"Sitemap"},"content":{"rendered":"\n<style type=\"text\/css\" data-created_by=\"avia_inline_auto\" id=\"style-css-av-s8wx-7bb5325295e7127a38cf90136bf86c81\">\n.flex_column.av-s8wx-7bb5325295e7127a38cf90136bf86c81{\nborder-radius:0px 0px 0px 0px;\npadding:0px 0px 0px 0px;\n}\n<\/style>\n<div  class='flex_column av-s8wx-7bb5325295e7127a38cf90136bf86c81 av_one_full  avia-builder-el-0  avia-builder-el-no-sibling  first flex_column_div av-zero-column-padding  '     ><section  class='av_textblock_section av-jxk4dcrp-e9faf5e09e98316dfeaa7438d67e6eb1 '   itemscope=\"itemscope\" itemtype=\"https:\/\/schema.org\/CreativeWork\" ><div class='avia_textblock sitemap'  itemprop=\"text\" ><h1>Sitemap<\/h1>\n<p>&#13;<br \/>\n<div class=\"wsp-container\"><h2 class=\"wsp-pages-title\">Pages<\/h2>\n<ul class=\"wsp-pages-list\">\n<li class=\"page_item page-item-14308\"><a href=\"https:\/\/unterbaech.ch\/fr\/\">Accueil<\/a><\/li>\n<li class=\"page_item page-item-14331 page_item_has_children\"><a href=\"https:\/\/unterbaech.ch\/fr\/brochures-et-informations\/\">Brochures et informations<\/a>\n<ul class='children'>\n\t<li class=\"page_item page-item-14343\"><a href=\"https:\/\/unterbaech.ch\/fr\/brochures-et-informations\/dreiblatt\/\">Dreiblatt<\/a><\/li>\n\t<li class=\"page_item page-item-14334\"><a href=\"https:\/\/unterbaech.ch\/fr\/brochures-et-informations\/galerie-dimages\/\">Galerie d&rsquo;images<\/a><\/li>\n\t<li class=\"page_item page-item-14349\"><a href=\"https:\/\/unterbaech.ch\/fr\/brochures-et-informations\/liens\/\">Liens<\/a><\/li>\n\t<li class=\"page_item page-item-15856\"><a href=\"https:\/\/unterbaech.ch\/fr\/brochures-et-informations\/telechargement-de-la-brochure\/\">T\u00e9l\u00e9chargement de la brochure<\/a><\/li>\n<\/ul>\n<\/li>\n<li class=\"page_item page-item-14322\"><a href=\"https:\/\/unterbaech.ch\/fr\/bulletin-dinformation\/\">Bulletin d&rsquo;information<\/a><\/li>\n<li class=\"page_item page-item-14116 page_item_has_children\"><a href=\"https:\/\/unterbaech.ch\/fr\/decouvertes-et-experiences\/\">D\u00e9couvertes et exp\u00e9riences<\/a>\n<ul class='children'>\n\t<li class=\"page_item page-item-19377\"><a href=\"https:\/\/unterbaech.ch\/fr\/decouvertes-et-experiences\/chemin-des-pirates\/\">CHEMIN DES PIRATES<\/a><\/li>\n\t<li class=\"page_item page-item-14128 page_item_has_children\"><a href=\"https:\/\/unterbaech.ch\/fr\/decouvertes-et-experiences\/culture\/\">Culture<\/a>\n\t<ul class='children'>\n\t\t<li class=\"page_item page-item-14161\"><a href=\"https:\/\/unterbaech.ch\/fr\/decouvertes-et-experiences\/culture\/lart-au-village\/\">L\u2019art au village<\/a><\/li>\n\t\t<li class=\"page_item page-item-14134\"><a href=\"https:\/\/unterbaech.ch\/fr\/decouvertes-et-experiences\/culture\/le-ruetli-de-la-femme-suisse\/\">Le R\u00fctli de la femme suisse<\/a><\/li>\n\t\t<li class=\"page_item page-item-14155\"><a href=\"https:\/\/unterbaech.ch\/fr\/decouvertes-et-experiences\/culture\/les-bisses-des-aqueducs-historiques\/\">Les bisses \u2013 des aqueducs historiques<\/a><\/li>\n\t\t<li class=\"page_item page-item-14149\"><a href=\"https:\/\/unterbaech.ch\/fr\/decouvertes-et-experiences\/culture\/visite-du-village-et-visite-guidee-du-village\/\">Visite du village et visite guid\u00e9e du village<\/a><\/li>\n\t<\/ul>\n<\/li>\n\t<li class=\"page_item page-item-14059\"><a href=\"https:\/\/unterbaech.ch\/fr\/decouvertes-et-experiences\/destinations-dexcursion\/\">destinations d&rsquo;excursion<\/a><\/li>\n\t<li class=\"page_item page-item-14164 page_item_has_children\"><a href=\"https:\/\/unterbaech.ch\/fr\/decouvertes-et-experiences\/lete\/\">L&rsquo;\u00e9te<\/a>\n\t<ul class='children'>\n\t\t<li class=\"page_item page-item-14192 page_item_has_children\"><a href=\"https:\/\/unterbaech.ch\/fr\/decouvertes-et-experiences\/lete\/activites-de-loisirs\/\">Activit\u00e9s de loisirs<\/a>\n\t\t<ul class='children'>\n\t\t\t<li class=\"page_item page-item-14198\"><a href=\"https:\/\/unterbaech.ch\/fr\/decouvertes-et-experiences\/lete\/activites-de-loisirs\/foyers-et-barbecues\/\">Foyers et barbecues<\/a><\/li>\n\t\t\t<li class=\"page_item page-item-14201\"><a href=\"https:\/\/unterbaech.ch\/fr\/decouvertes-et-experiences\/lete\/activites-de-loisirs\/fishing\/\">P\u00eache<\/a><\/li>\n\t\t\t<li class=\"page_item page-item-15318\"><a href=\"https:\/\/unterbaech.ch\/fr\/decouvertes-et-experiences\/lete\/activites-de-loisirs\/pont-suspendu-milibach\/\">Pont suspendu Milibach<\/a><\/li>\n\t\t\t<li class=\"page_item page-item-14213\"><a href=\"https:\/\/unterbaech.ch\/fr\/decouvertes-et-experiences\/lete\/activites-de-loisirs\/seepark-augstbord\/\">Seepark Augstbord<\/a><\/li>\n\t\t\t<li class=\"page_item page-item-14216\"><a href=\"https:\/\/unterbaech.ch\/fr\/decouvertes-et-experiences\/lete\/activites-de-loisirs\/terrains-de-jeux\/\">Terrains de jeux<\/a><\/li>\n\t\t\t<li class=\"page_item page-item-14228\"><a href=\"https:\/\/unterbaech.ch\/fr\/decouvertes-et-experiences\/lete\/activites-de-loisirs\/trottinette\/\">Trottinette<\/a><\/li>\n\t\t<\/ul>\n<\/li>\n\t\t<li class=\"page_item page-item-14231 page_item_has_children\"><a href=\"https:\/\/unterbaech.ch\/fr\/decouvertes-et-experiences\/lete\/randonnees\/\">Randonn\u00e9es<\/a>\n\t\t<ul class='children'>\n\t\t\t<li class=\"page_item page-item-14089\"><a href=\"https:\/\/unterbaech.ch\/fr\/decouvertes-et-experiences\/lete\/randonnees\/bus-de-randonnee\/\">Bus de randonn\u00e9e<\/a><\/li>\n\t\t\t<li class=\"page_item page-item-14246 page_item_has_children\"><a href=\"https:\/\/unterbaech.ch\/fr\/decouvertes-et-experiences\/lete\/randonnees\/chemins-de-randonnee-de-la-region-daugstbord\/\">Chemins de randonn\u00e9e de la r\u00e9gion d&rsquo;Augstbord<\/a>\n\t\t\t<ul class='children'>\n\t\t\t\t<li class=\"page_item page-item-12777\"><a href=\"https:\/\/unterbaech.ch\/fr\/decouvertes-et-experiences\/lete\/randonnees\/chemins-de-randonnee-de-la-region-daugstbord\/circuit-de-randonnee-dalte-eischlersuon\/\">Circuit de randonn\u00e9e d\u2019Alte Eischlersuon<\/a><\/li>\n\t\t\t\t<li class=\"page_item page-item-12623\"><a href=\"https:\/\/unterbaech.ch\/fr\/decouvertes-et-experiences\/lete\/randonnees\/chemins-de-randonnee-de-la-region-daugstbord\/circuit-de-randonnee-deischollalp\/\">Circuit de randonn\u00e9e d\u2019Eischollalp<\/a><\/li>\n\t\t\t\t<li class=\"page_item page-item-12608\"><a href=\"https:\/\/unterbaech.ch\/fr\/decouvertes-et-experiences\/lete\/randonnees\/chemins-de-randonnee-de-la-region-daugstbord\/circuit-de-randonnee-de-brandalp\/\">Circuit de randonn\u00e9e de Brandalp-Strygge-Pont suspendu<\/a><\/li>\n\t\t\t\t<li class=\"page_item page-item-12807\"><a href=\"https:\/\/unterbaech.ch\/fr\/decouvertes-et-experiences\/lete\/randonnees\/chemins-de-randonnee-de-la-region-daugstbord\/circuit-de-randonnee-de-jolischlucht\/\">Circuit de randonn\u00e9e de Jolischlucht<\/a><\/li>\n\t\t\t\t<li class=\"page_item page-item-12786\"><a href=\"https:\/\/unterbaech.ch\/fr\/decouvertes-et-experiences\/lete\/randonnees\/chemins-de-randonnee-de-la-region-daugstbord\/circuit-de-randonnee-de-moosalp-long\/\">Circuit de randonn\u00e9e de Moosalp<\/a><\/li>\n\t\t\t\t<li class=\"page_item page-item-12780\"><a href=\"https:\/\/unterbaech.ch\/fr\/decouvertes-et-experiences\/lete\/randonnees\/chemins-de-randonnee-de-la-region-daugstbord\/circuit-de-randonnee-des-bisses\/\">Circuit de randonn\u00e9e des bisses<\/a><\/li>\n\t\t\t\t<li class=\"page_item page-item-12605\"><a href=\"https:\/\/unterbaech.ch\/fr\/decouvertes-et-experiences\/lete\/randonnees\/chemins-de-randonnee-de-la-region-daugstbord\/circuit-de-randonnee-dhaltsuon\/\">Circuit de randonn\u00e9e pont suspendu &#8211; Haltsuon<\/a><\/li>\n\t\t\t\t<li class=\"page_item page-item-12952\"><a href=\"https:\/\/unterbaech.ch\/fr\/decouvertes-et-experiences\/lete\/randonnees\/chemins-de-randonnee-de-la-region-daugstbord\/ergischhorn\/\">Ergischhorn<\/a><\/li>\n\t\t\t\t<li class=\"page_item page-item-12789\"><a href=\"https:\/\/unterbaech.ch\/fr\/decouvertes-et-experiences\/lete\/randonnees\/chemins-de-randonnee-de-la-region-daugstbord\/exercice-dequilibriste-sur-laugstbordhorn\/\">Exercice d\u2019\u00e9quilibriste sur l\u2019Augstbordhorn<\/a><\/li>\n\t\t\t\t<li class=\"page_item page-item-12783\"><a href=\"https:\/\/unterbaech.ch\/fr\/decouvertes-et-experiences\/lete\/randonnees\/chemins-de-randonnee-de-la-region-daugstbord\/randonnee-de-lalpage-de-tschorr\/\">Randonn\u00e9e de l\u2019alpage de Tschorr<\/a><\/li>\n\t\t\t\t<li class=\"page_item page-item-14293\"><a href=\"https:\/\/unterbaech.ch\/fr\/decouvertes-et-experiences\/lete\/randonnees\/chemins-de-randonnee-de-la-region-daugstbord\/randonnee-unterbaech-buerchen\/\">Randonn\u00e9e Unterb\u00e4ch &#8211; B\u00fcrchen<\/a><\/li>\n\t\t\t\t<li class=\"page_item page-item-12614\"><a href=\"https:\/\/unterbaech.ch\/fr\/decouvertes-et-experiences\/lete\/randonnees\/chemins-de-randonnee-de-la-region-daugstbord\/sentier-de-wandfluee\/\">Sentier de Wandfl\u00fce<\/a><\/li>\n\t\t\t<\/ul>\n<\/li>\n\t\t\t<li class=\"page_item page-item-14243 page_item_has_children\"><a href=\"https:\/\/unterbaech.ch\/fr\/decouvertes-et-experiences\/lete\/randonnees\/randonnee-avec-des-enfants\/\">Randonn\u00e9es avec enfants<\/a>\n\t\t\t<ul class='children'>\n\t\t\t\t<li class=\"page_item page-item-12810\"><a href=\"https:\/\/unterbaech.ch\/fr\/decouvertes-et-experiences\/lete\/randonnees\/randonnee-avec-des-enfants\/le-trail-des-detectives\/\">Le trail des d\u00e9tectives<\/a><\/li>\n\t\t\t\t<li class=\"page_item page-item-12792\"><a href=\"https:\/\/unterbaech.ch\/fr\/decouvertes-et-experiences\/lete\/randonnees\/randonnee-avec-des-enfants\/sentier-thematique-moosalbi-et-les-animaux-de-la-foret\/\">Sentier th\u00e9matique \u00abMoosalbi et les animaux de la for\u00eat\u00bb<\/a><\/li>\n\t\t\t<\/ul>\n<\/li>\n\t\t\t<li class=\"page_item page-item-14234 page_item_has_children\"><a href=\"https:\/\/unterbaech.ch\/fr\/decouvertes-et-experiences\/lete\/randonnees\/sentiers-educatifs-et-thematiques\/\">Sentiers \u00e9ducatifs et th\u00e9matiques<\/a>\n\t\t\t<ul class='children'>\n\t\t\t\t<li class=\"page_item page-item-12804\"><a href=\"https:\/\/unterbaech.ch\/fr\/decouvertes-et-experiences\/lete\/randonnees\/sentiers-educatifs-et-thematiques\/le-sentier-des-ecureuils\/\">Le sentier des \u00e9cureuils<\/a><\/li>\n\t\t\t\t<li class=\"page_item page-item-12813\"><a href=\"https:\/\/unterbaech.ch\/fr\/decouvertes-et-experiences\/lete\/randonnees\/sentiers-educatifs-et-thematiques\/le-sentier-des-oiseaux-mesanges-deischler\/\">Le sentier des oiseaux m\u00e9sanges d\u2019Eischler<\/a><\/li>\n\t\t\t\t<li class=\"page_item page-item-12620\"><a href=\"https:\/\/unterbaech.ch\/fr\/decouvertes-et-experiences\/lete\/randonnees\/sentiers-educatifs-et-thematiques\/le-sentier-du-loup\/\">Le sentier du loup<\/a><\/li>\n\t\t\t\t<li class=\"page_item page-item-12801\"><a href=\"https:\/\/unterbaech.ch\/fr\/decouvertes-et-experiences\/lete\/randonnees\/sentiers-educatifs-et-thematiques\/paysages-du-sentier-de-leau\/\">Paysages du sentier de l\u2019eau<\/a><\/li>\n\t\t\t\t<li class=\"page_item page-item-12771\"><a href=\"https:\/\/unterbaech.ch\/fr\/decouvertes-et-experiences\/lete\/randonnees\/sentiers-educatifs-et-thematiques\/sentier-des-citations-de-femmes\/\">Sentier des citations de femmes<\/a><\/li>\n\t\t\t\t<li class=\"page_item page-item-12795\"><a href=\"https:\/\/unterbaech.ch\/fr\/decouvertes-et-experiences\/lete\/randonnees\/sentiers-educatifs-et-thematiques\/sentier-des-sculptures\/\">Sentier des sculptures<\/a><\/li>\n\t\t\t\t<li class=\"page_item page-item-12798\"><a href=\"https:\/\/unterbaech.ch\/fr\/decouvertes-et-experiences\/lete\/randonnees\/sentiers-educatifs-et-thematiques\/sentier-pedagogique-des-bouleaux\/\">Sentier p\u00e9dagogique des bouleaux<\/a><\/li>\n\t\t\t<\/ul>\n<\/li>\n\t\t<\/ul>\n<\/li>\n\t\t<li class=\"page_item page-item-14173 page_item_has_children\"><a href=\"https:\/\/unterbaech.ch\/fr\/decouvertes-et-experiences\/lete\/velo\/\">V\u00e9lo<\/a>\n\t\t<ul class='children'>\n\t\t\t<li class=\"page_item page-item-22204\"><a href=\"https:\/\/unterbaech.ch\/fr\/decouvertes-et-experiences\/lete\/velo\/augstbord-enduro\/\">Augstbord Enduro<\/a><\/li>\n\t\t\t<li class=\"page_item page-item-12816\"><a href=\"https:\/\/unterbaech.ch\/fr\/decouvertes-et-experiences\/lete\/velo\/circuit-a-velo-dunterbaech\/\">Circuit \u00e0 v\u00e9lo d\u2019Unterb\u00e4ch<\/a><\/li>\n\t\t\t<li class=\"page_item page-item-12819\"><a href=\"https:\/\/unterbaech.ch\/fr\/decouvertes-et-experiences\/lete\/velo\/circuit-a-velo-de-la-region-daugstbord\/\">Circuit \u00e0 v\u00e9lo de la r\u00e9gion d\u2019Augstbord<\/a><\/li>\n\t\t\t<li class=\"page_item page-item-12825\"><a href=\"https:\/\/unterbaech.ch\/fr\/decouvertes-et-experiences\/lete\/velo\/moosalp-plateau-bike\/\">Moosalp Plateau Bike<\/a><\/li>\n\t\t\t<li class=\"page_item page-item-12828\"><a href=\"https:\/\/unterbaech.ch\/fr\/decouvertes-et-experiences\/lete\/velo\/trail-de-lunggi\/\">Trail de Lunggi<\/a><\/li>\n\t\t\t<li class=\"page_item page-item-12822\"><a href=\"https:\/\/unterbaech.ch\/fr\/decouvertes-et-experiences\/lete\/velo\/valais-bike-unterbaech-graechen\/\">Valais Bike: Unterb\u00e4ch \u2013 Gr\u00e4chen<\/a><\/li>\n\t\t<\/ul>\n<\/li>\n\t<\/ul>\n<\/li>\n\t<li class=\"page_item page-item-13870 page_item_has_children\"><a href=\"https:\/\/unterbaech.ch\/fr\/decouvertes-et-experiences\/winter\/\">L&rsquo;hiver<\/a>\n\t<ul class='children'>\n\t\t<li class=\"page_item page-item-24544\"><a href=\"https:\/\/unterbaech.ch\/fr\/decouvertes-et-experiences\/winter\/funslope\/\">Funslope<\/a><\/li>\n\t\t<li class=\"page_item page-item-13822\"><a href=\"https:\/\/unterbaech.ch\/fr\/decouvertes-et-experiences\/winter\/luge\/\">Luge<\/a><\/li>\n\t\t<li class=\"page_item page-item-14252\"><a href=\"https:\/\/unterbaech.ch\/fr\/decouvertes-et-experiences\/winter\/patinage\/\">Patinage<\/a><\/li>\n\t\t<li class=\"page_item page-item-13814\"><a href=\"https:\/\/unterbaech.ch\/fr\/decouvertes-et-experiences\/winter\/randonnee-hivernale\/\">Randonn\u00e9e hivernale<\/a><\/li>\n\t\t<li class=\"page_item page-item-13817 page_item_has_children\"><a href=\"https:\/\/unterbaech.ch\/fr\/decouvertes-et-experiences\/winter\/raquettes\/\">Raquettes<\/a>\n\t\t<ul class='children'>\n\t\t\t<li class=\"page_item page-item-13933\"><a href=\"https:\/\/unterbaech.ch\/fr\/decouvertes-et-experiences\/winter\/raquettes\/becki-trail\/\">Becki-Trail<\/a><\/li>\n\t\t\t<li class=\"page_item page-item-13939\"><a href=\"https:\/\/unterbaech.ch\/fr\/decouvertes-et-experiences\/winter\/raquettes\/le-sentier-citation\/\">Le sentier citation<\/a><\/li>\n\t\t\t<li class=\"page_item page-item-13936\"><a href=\"https:\/\/unterbaech.ch\/fr\/decouvertes-et-experiences\/winter\/raquettes\/riti-trail\/\">Riti-Trail<\/a><\/li>\n\t\t\t<li class=\"page_item page-item-13927\"><a href=\"https:\/\/unterbaech.ch\/fr\/decouvertes-et-experiences\/winter\/raquettes\/sentier-des-bisses\/\">Sentier des bisses<\/a><\/li>\n\t\t\t<li class=\"page_item page-item-13930\"><a href=\"https:\/\/unterbaech.ch\/fr\/decouvertes-et-experiences\/winter\/raquettes\/sentier-des-bisses-court\/\">Sentier des bisses (court)<\/a><\/li>\n\t\t\t<li class=\"page_item page-item-13924\"><a href=\"https:\/\/unterbaech.ch\/fr\/decouvertes-et-experiences\/winter\/raquettes\/sentier-des-bistros\/\">Sentier des bistros<\/a><\/li>\n\t\t\t<li class=\"page_item page-item-13921\"><a href=\"https:\/\/unterbaech.ch\/fr\/decouvertes-et-experiences\/winter\/raquettes\/sentier-eggini\/\">Sentier Eggini<\/a><\/li>\n\t\t<\/ul>\n<\/li>\n\t\t<li class=\"page_item page-item-13828\"><a href=\"https:\/\/unterbaech.ch\/fr\/decouvertes-et-experiences\/winter\/ski-de-fond\/\">Ski de fond<\/a><\/li>\n\t\t<li class=\"page_item page-item-13825 page_item_has_children\"><a href=\"https:\/\/unterbaech.ch\/fr\/decouvertes-et-experiences\/winter\/ski-de-randonnee\/\">Ski de randonn\u00e9e<\/a>\n\t\t<ul class='children'>\n\t\t\t<li class=\"page_item page-item-12837\"><a href=\"https:\/\/unterbaech.ch\/fr\/decouvertes-et-experiences\/winter\/ski-de-randonnee\/altstafelhorn\/\">Altstafelhorn<\/a><\/li>\n\t\t\t<li class=\"page_item page-item-12846\"><a href=\"https:\/\/unterbaech.ch\/fr\/decouvertes-et-experiences\/winter\/ski-de-randonnee\/augstbordhorn\/\">Augstbordhorn<\/a><\/li>\n\t\t\t<li class=\"page_item page-item-12831\"><a href=\"https:\/\/unterbaech.ch\/fr\/decouvertes-et-experiences\/winter\/ski-de-randonnee\/dreizehntenhorn\/\">Dreizehntenhorn<\/a><\/li>\n\t\t\t<li class=\"page_item page-item-12843\"><a href=\"https:\/\/unterbaech.ch\/fr\/decouvertes-et-experiences\/winter\/ski-de-randonnee\/ergischalphorn\/\">Ergischalphorn<\/a><\/li>\n\t\t\t<li class=\"page_item page-item-12834\"><a href=\"https:\/\/unterbaech.ch\/fr\/decouvertes-et-experiences\/winter\/ski-de-randonnee\/ginalshorn\/\">Ginalshorn<\/a><\/li>\n\t\t\t<li class=\"page_item page-item-12840\"><a href=\"https:\/\/unterbaech.ch\/fr\/decouvertes-et-experiences\/winter\/ski-de-randonnee\/signalhorn\/\">Signalhorn<\/a><\/li>\n\t\t\t<li class=\"page_item page-item-12849\"><a href=\"https:\/\/unterbaech.ch\/fr\/decouvertes-et-experiences\/winter\/ski-de-randonnee\/violenhorn\/\">Violenhorn<\/a><\/li>\n\t\t<\/ul>\n<\/li>\n\t\t<li class=\"page_item page-item-13808\"><a href=\"https:\/\/unterbaech.ch\/fr\/decouvertes-et-experiences\/winter\/ski-et-snowboard\/\">Ski et snowboard<\/a><\/li>\n\t\t<li class=\"page_item page-item-14258\"><a href=\"https:\/\/unterbaech.ch\/fr\/decouvertes-et-experiences\/winter\/skibus\/\">Skibus<\/a><\/li>\n\t<\/ul>\n<\/li>\n\t<li class=\"page_item page-item-14110 page_item_has_children\"><a href=\"https:\/\/unterbaech.ch\/fr\/decouvertes-et-experiences\/region-de-vacances\/\">R\u00e9gion de vacances<\/a>\n\t<ul class='children'>\n\t\t<li class=\"page_item page-item-14056\"><a href=\"https:\/\/unterbaech.ch\/fr\/decouvertes-et-experiences\/region-de-vacances\/la-region-daugstbord\/\">La r\u00e9gion d\u2019Augstbord<\/a><\/li>\n\t\t<li class=\"page_item page-item-14119\"><a href=\"https:\/\/unterbaech.ch\/fr\/decouvertes-et-experiences\/region-de-vacances\/region-oberwallis\/\">R\u00e9gion du Haut-Valais<\/a><\/li>\n\t\t<li class=\"page_item page-item-14122\"><a href=\"https:\/\/unterbaech.ch\/fr\/decouvertes-et-experiences\/region-de-vacances\/unterbaech\/\">Unterb\u00e4ch<\/a><\/li>\n\t<\/ul>\n<\/li>\n<\/ul>\n<\/li>\n<li class=\"page_item page-item-17992 page_item_has_children\"><a href=\"https:\/\/unterbaech.ch\/fr\/ecole-de-ski\/\">\u00c9cole de ski<\/a>\n<ul class='children'>\n\t<li class=\"page_item page-item-24379\"><a href=\"https:\/\/unterbaech.ch\/fr\/ecole-de-ski\/cours-en-groupe\/\">Cours en groupe<\/a><\/li>\n<\/ul>\n<\/li>\n<li class=\"page_item page-item-15718\"><a href=\"https:\/\/unterbaech.ch\/fr\/emplacement\/\">Emplacement<\/a><\/li>\n<li class=\"page_item page-item-14753 page_item_has_children\"><a href=\"https:\/\/unterbaech.ch\/fr\/en-direct-actualites\/\">En direct &#038; Actualit\u00e9s<\/a>\n<ul class='children'>\n\t<li class=\"page_item page-item-14762\"><a href=\"https:\/\/unterbaech.ch\/fr\/en-direct-actualites\/actualites\/\">Actualit\u00e9s<\/a><\/li>\n\t<li class=\"page_item page-item-14784\"><a href=\"https:\/\/unterbaech.ch\/fr\/en-direct-actualites\/actualites-2\/\">Actualit\u00e9s<\/a><\/li>\n\t<li class=\"page_item page-item-14802\"><a href=\"https:\/\/unterbaech.ch\/fr\/en-direct-actualites\/bulletin-des-sports-dhiver\/\">Bulletin des sports d&rsquo;hiver<\/a><\/li>\n\t<li class=\"page_item page-item-14790\"><a href=\"https:\/\/unterbaech.ch\/fr\/en-direct-actualites\/bulletin-sportif-dete\/\">Bulletin sportif d&rsquo;\u00e9t\u00e9<\/a><\/li>\n\t<li class=\"page_item page-item-14770 page_item_has_children\"><a href=\"https:\/\/unterbaech.ch\/fr\/en-direct-actualites\/evenements\/\">\u00c9v\u00e9nements<\/a>\n\t<ul class='children'>\n\t\t<li class=\"page_item page-item-14778\"><a href=\"https:\/\/unterbaech.ch\/fr\/en-direct-actualites\/evenements\/calendrier-des-evenements\/\">Calendrier des \u00e9v\u00e9nements<\/a><\/li>\n\t\t<li class=\"page_item page-item-24967\"><a href=\"https:\/\/unterbaech.ch\/fr\/en-direct-actualites\/evenements\/old-school-day\/\">Old School Day<\/a><\/li>\n\t\t<li class=\"page_item page-item-25396\"><a href=\"https:\/\/unterbaech.ch\/fr\/en-direct-actualites\/evenements\/randonnee-du-gin\/\">Randonn\u00e9e du gin<\/a><\/li>\n\t\t<li class=\"page_item page-item-25349\"><a href=\"https:\/\/unterbaech.ch\/fr\/en-direct-actualites\/evenements\/summersounds\/\">Summersounds<\/a><\/li>\n\t<\/ul>\n<\/li>\n\t<li class=\"page_item page-item-14796\"><a href=\"https:\/\/unterbaech.ch\/fr\/en-direct-actualites\/meteo-webcams\/\">M\u00e9t\u00e9o &#038; webcams<\/a><\/li>\n<\/ul>\n<\/li>\n<li class=\"page_item page-item-14299\"><a href=\"https:\/\/unterbaech.ch\/fr\/extranet\/\">Extranet<\/a><\/li>\n<li class=\"page_item page-item-14319\"><a href=\"https:\/\/unterbaech.ch\/fr\/formulaire-de-contact\/\">Formulaire de contact<\/a><\/li>\n<li class=\"page_item page-item-15724\"><a href=\"https:\/\/unterbaech.ch\/fr\/horaires-douverture\/\">Horaires d&rsquo;ouverture<\/a><\/li>\n<li class=\"page_item page-item-14278\"><a href=\"https:\/\/unterbaech.ch\/fr\/imprint\/\">Imprint<\/a><\/li>\n<li class=\"page_item page-item-14485 page_item_has_children\"><a href=\"https:\/\/unterbaech.ch\/fr\/lassociation-touristique-dunterbaech\/\">L&rsquo;association touristique d&rsquo;Unterb\u00e4ch<\/a>\n<ul class='children'>\n\t<li class=\"page_item page-item-15997\"><a href=\"https:\/\/unterbaech.ch\/fr\/lassociation-touristique-dunterbaech\/concept-de-protection-corona\/\">Concept de protection Corona<\/a><\/li>\n\t<li class=\"page_item page-item-15736\"><a href=\"https:\/\/unterbaech.ch\/fr\/lassociation-touristique-dunterbaech\/devenir-membre\/\">Devenir membre<\/a><\/li>\n\t<li class=\"page_item page-item-15739\"><a href=\"https:\/\/unterbaech.ch\/fr\/lassociation-touristique-dunterbaech\/hommage-aux-habitues\/\">Hommage aux habitu\u00e9s<\/a><\/li>\n\t<li class=\"page_item page-item-14488\"><a href=\"https:\/\/unterbaech.ch\/fr\/lassociation-touristique-dunterbaech\/intranet\/\">Intranet<\/a><\/li>\n\t<li class=\"page_item page-item-17626\"><a href=\"https:\/\/unterbaech.ch\/fr\/lassociation-touristique-dunterbaech\/offres-demploi-a-unterbaech\/\">Offres d&#8217;emploi \u00e0 Unterb\u00e4ch<\/a><\/li>\n<\/ul>\n<\/li>\n<li class=\"page_item page-item-14434 page_item_has_children\"><a href=\"https:\/\/unterbaech.ch\/fr\/planifier-reserver\/\">Planifier &#038; r\u00e9server<\/a>\n<ul class='children'>\n\t<li class=\"page_item page-item-14437 page_item_has_children\"><a href=\"https:\/\/unterbaech.ch\/fr\/planifier-reserver\/dormir-profiter\/\">Dormir &#038; profiter<\/a>\n\t<ul class='children'>\n\t\t<li class=\"page_item page-item-14446\"><a href=\"https:\/\/unterbaech.ch\/fr\/planifier-reserver\/dormir-profiter\/gastronomie\/\">Gastronomie<\/a><\/li>\n\t\t<li class=\"page_item page-item-14458 page_item_has_children\"><a href=\"https:\/\/unterbaech.ch\/fr\/planifier-reserver\/dormir-profiter\/hebergement\/\">H\u00e9bergement<\/a>\n\t\t<ul class='children'>\n\t\t\t<li class=\"page_item page-item-14461\"><a href=\"https:\/\/unterbaech.ch\/fr\/planifier-reserver\/dormir-profiter\/hebergement\/carte-touristique-et-taxe-de-courtage\/\">CARTE TOURISTIQUE ET TAXE DE COURTAGE<\/a><\/li>\n\t\t\t<li class=\"page_item page-item-14741\"><a href=\"https:\/\/unterbaech.ch\/fr\/planifier-reserver\/dormir-profiter\/hebergement\/forfait\/\">Forfait<\/a><\/li>\n\t\t<\/ul>\n<\/li>\n\t\t<li class=\"page_item page-item-25633\"><a href=\"https:\/\/unterbaech.ch\/fr\/planifier-reserver\/dormir-profiter\/saunakiste\/\">Saunakiste<\/a><\/li>\n\t\t<li class=\"page_item page-item-14449\"><a href=\"https:\/\/unterbaech.ch\/fr\/planifier-reserver\/dormir-profiter\/vie-nocturne\/\">Vie nocturne<\/a><\/li>\n\t<\/ul>\n<\/li>\n\t<li class=\"page_item page-item-14808\"><a href=\"https:\/\/unterbaech.ch\/fr\/planifier-reserver\/infrastructure-sur-place\/\">Infrastructure sur place<\/a><\/li>\n\t<li class=\"page_item page-item-14073 page_item_has_children\"><a href=\"https:\/\/unterbaech.ch\/fr\/planifier-reserver\/mobilite\/\">MOBILIT\u00c9<\/a>\n\t<ul class='children'>\n\t\t<li class=\"page_item page-item-14814\"><a href=\"https:\/\/unterbaech.ch\/fr\/planifier-reserver\/mobilite\/arrivee\/\">Arriv\u00e9e<\/a><\/li>\n\t\t<li class=\"page_item page-item-14082\"><a href=\"https:\/\/unterbaech.ch\/fr\/planifier-reserver\/mobilite\/bus-pour-le-ski-et-la-randonnee\/\">Bus pour le ski et la randonn\u00e9e<\/a><\/li>\n\t\t<li class=\"page_item page-item-14820\"><a href=\"https:\/\/unterbaech.ch\/fr\/planifier-reserver\/mobilite\/louer-une-voiture-electrique-sur-place\/\">Louer une voiture \u00e9lectrique sur place<\/a><\/li>\n\t\t<li class=\"page_item page-item-14070\"><a href=\"https:\/\/unterbaech.ch\/fr\/planifier-reserver\/mobilite\/carte-daventure\/\">Matterhorn Gotthard Pass<\/a><\/li>\n\t\t<li class=\"page_item page-item-14747\"><a href=\"https:\/\/unterbaech.ch\/fr\/planifier-reserver\/mobilite\/telepherique-rarogne-unterbaech\/\">T\u00e9l\u00e9ph\u00e9rique Rarogne-Unterb\u00e4ch<\/a><\/li>\n\t<\/ul>\n<\/li>\n\t<li class=\"page_item page-item-14470\"><a href=\"https:\/\/unterbaech.ch\/fr\/planifier-reserver\/webshop\/\">Webshop<\/a><\/li>\n<\/ul>\n<\/li>\n<li class=\"page_item page-item-15925 page_item_has_children\"><a href=\"https:\/\/unterbaech.ch\/fr\/remontees-mecaniques-de-sport\/\">Remont\u00e9es m\u00e9caniques de sport<\/a>\n<ul class='children'>\n\t<li class=\"page_item page-item-16036\"><a href=\"https:\/\/unterbaech.ch\/fr\/remontees-mecaniques-de-sport\/a-notre-sujet\/\">\u00c0 notre sujet<\/a><\/li>\n\t<li class=\"page_item page-item-15919\"><a href=\"https:\/\/unterbaech.ch\/fr\/remontees-mecaniques-de-sport\/concept-de-protection\/\">Concept de protection<\/a><\/li>\n\t<li class=\"page_item page-item-15913\"><a href=\"https:\/\/unterbaech.ch\/fr\/remontees-mecaniques-de-sport\/contact\/\">Contact<\/a><\/li>\n\t<li class=\"page_item page-item-15881\"><a href=\"https:\/\/unterbaech.ch\/fr\/remontees-mecaniques-de-sport\/courses-speciales\/\">Courses sp\u00e9ciales<\/a><\/li>\n\t<li class=\"page_item page-item-15899\"><a href=\"https:\/\/unterbaech.ch\/fr\/remontees-mecaniques-de-sport\/faqs\/\">FAQs<\/a><\/li>\n\t<li class=\"page_item page-item-15884\"><a href=\"https:\/\/unterbaech.ch\/fr\/remontees-mecaniques-de-sport\/horaires-dete\/\">Horaires d&rsquo;\u00e9t\u00e9<\/a><\/li>\n\t<li class=\"page_item page-item-15893\"><a href=\"https:\/\/unterbaech.ch\/fr\/remontees-mecaniques-de-sport\/horaires-dhiver\/\">Horaires d&rsquo;hiver<\/a><\/li>\n\t<li class=\"page_item page-item-20249\"><a href=\"https:\/\/unterbaech.ch\/fr\/remontees-mecaniques-de-sport\/magic-pass\/\">Magic Pass<\/a><\/li>\n\t<li class=\"page_item page-item-16027\"><a href=\"https:\/\/unterbaech.ch\/fr\/remontees-mecaniques-de-sport\/tarifs-dhiver\/\">Tarifs d&rsquo;hiver<\/a><\/li>\n\t<li class=\"page_item page-item-16018\"><a href=\"https:\/\/unterbaech.ch\/fr\/remontees-mecaniques-de-sport\/tarifs-ete\/\">Tarifs \u00e9t\u00e9<\/a><\/li>\n\t<li class=\"page_item page-item-16024\"><a href=\"https:\/\/unterbaech.ch\/fr\/remontees-mecaniques-de-sport\/webshop\/\">Webshop<\/a><\/li>\n<\/ul>\n<\/li>\n<li class=\"page_item page-item-14479\"><a href=\"https:\/\/unterbaech.ch\/fr\/sitemap\/\">Sitemap<\/a><\/li>\n<li class=\"page_item page-item-15727\"><a href=\"https:\/\/unterbaech.ch\/fr\/souvenirshop\/\">Souvenirshop<\/a><\/li>\n<li class=\"page_item page-item-27605\"><a href=\"https:\/\/unterbaech.ch\/fr\/unterbaech\/sommer\/wandern\/wandern-mit-kindern\/themenweg-moosalbi-und-die-waldtiere\/moosalbi-barbecue-avec-les-amis\/\">Moosalbi (Barbecue avec les amis)<\/a><\/li>\n<li class=\"page_item page-item-27549\"><a href=\"https:\/\/unterbaech.ch\/fr\/unterbaech\/sommer\/wandern\/wandern-mit-kindern\/themenweg-moosalbi-und-die-waldtiere\/moosalbi-buschi\/\">Moosalbi (Buschi)<\/a><\/li>\n<li class=\"page_item page-item-27590\"><a href=\"https:\/\/unterbaech.ch\/fr\/unterbaech\/sommer\/wandern\/wandern-mit-kindern\/themenweg-moosalbi-und-die-waldtiere\/moosalbi-deviner-avec-fuchsia\/\">Moosalbi (Deviner Avec Fuchsia)<\/a><\/li>\n<li class=\"page_item page-item-27612\"><a href=\"https:\/\/unterbaech.ch\/fr\/unterbaech\/sommer\/wandern\/wandern-mit-kindern\/themenweg-moosalbi-und-die-waldtiere\/moosalbi-et-les-animaux-de-la-foret\/\">Moosalbi (et les Animaux de la Foret)<\/a><\/li>\n<li class=\"page_item page-item-27600\"><a href=\"https:\/\/unterbaech.ch\/fr\/unterbaech\/sommer\/wandern\/wandern-mit-kindern\/themenweg-moosalbi-und-die-waldtiere\/moosalbi-mouton-nez-noir-2\/\">Moosalbi (Grimper avec Echsi)<\/a><\/li>\n<li class=\"page_item page-item-27578\"><a href=\"https:\/\/unterbaech.ch\/fr\/unterbaech\/sommer\/wandern\/wandern-mit-kindern\/themenweg-moosalbi-und-die-waldtiere\/moosalbi-mouton-nez-noir\/\">Moosalbi (Klopfi)<\/a><\/li>\n<li class=\"page_item page-item-27570\"><a href=\"https:\/\/unterbaech.ch\/fr\/unterbaech\/sommer\/wandern\/wandern-mit-kindern\/themenweg-moosalbi-und-die-waldtiere\/moosalbi-maitre-lampe\/\">Moosalbi (Maitre Lampe)<\/a><\/li>\n<li class=\"page_item page-item-26322\"><a href=\"https:\/\/unterbaech.ch\/fr\/unterbaech\/sommer\/wandern\/wandern-mit-kindern\/themenweg-moosalbi-und-die-waldtiere\/moosalbi\/\">Moosalbi (Mouton Nez Noir)<\/a><\/li>\n<\/ul>\n<h2 class=\"wsp-posts-title\">Articles par cat\u00e9gorie<\/h2>\n<ul class=\"wsp-posts-list\">\n\t<li><strong class=\"wsp-category-title\">Cat\u00e9gorie\u00a0: <a href=\"https:\/\/unterbaech.ch\/fr\/category\/non-classifiee\/\">Non classifi\u00e9(e)<\/a><\/strong>\n<ul class=\"wsp-posts-list\">\t\t<li class=\"wsp-post\"><a href=\"https:\/\/unterbaech.ch\/fr\/loffice-du-tourisme-demenage-bientot-a-son-nouvel-emplacement\/\">L&rsquo;office du tourisme d\u00e9m\u00e9nage \u2013 bient\u00f4t \u00e0 son nouvel emplacement<\/a><\/li>\n\t\t<li class=\"wsp-post\"><a href=\"https:\/\/unterbaech.ch\/fr\/arret-de-lexploitation-du-telepherique-2\/\">Arr\u00eat de l&rsquo;exploitation du t\u00e9l\u00e9ph\u00e9rique<\/a><\/li>\n\t\t<li class=\"wsp-post\"><a href=\"https:\/\/unterbaech.ch\/fr\/arret-de-lexploitation-du-telepherique\/\">Arr\u00eat de l&rsquo;exploitation du t\u00e9l\u00e9ph\u00e9rique<\/a><\/li>\n\t\t<li class=\"wsp-post\"><a href=\"https:\/\/unterbaech.ch\/fr\/arret-des-operations\/\">arr\u00eat des op\u00e9rations<\/a><\/li>\n\t\t<li class=\"wsp-post\"><a href=\"https:\/\/unterbaech.ch\/fr\/randonnee-autour-du-gin-2025\/\">T\u00e9l\u00e9si\u00e8ge Ap\u00e9ro<\/a><\/li>\n\t\t<li class=\"wsp-post\"><a href=\"https:\/\/unterbaech.ch\/fr\/nettoyage-du-lac-parc-du-lac\/\">Nettoyage du lac Parc du lac<\/a><\/li>\n\t\t<li class=\"wsp-post\"><a href=\"https:\/\/unterbaech.ch\/fr\/la-saunakiste-au-seepark-augstbord\/\">La Saunakiste au Seepark Augstbord<\/a><\/li>\n\t\t<li class=\"wsp-post\"><a href=\"https:\/\/unterbaech.ch\/fr\/tous-les-chemins-de-randonnee-et-de-vtt-fermes\/\">Chemins de randonn\u00e9e et de VTT ferm\u00e9s<\/a><\/li>\n\t\t<li class=\"wsp-post\"><a href=\"https:\/\/unterbaech.ch\/fr\/une-aventure-pour-toute-la-famille\/\">Une aventure pour toute la famille<\/a><\/li>\n\t\t<li class=\"wsp-post\"><a href=\"https:\/\/unterbaech.ch\/fr\/ton-opinion-est-importante-pour-nous\/\">Ton opinion est importante pour nous<\/a><\/li>\n\t\t<li class=\"wsp-post\"><a href=\"https:\/\/unterbaech.ch\/fr\/blick-winter-awards\/\">Blick Winter Awards<\/a><\/li>\n\t\t<li class=\"wsp-post\"><a href=\"https:\/\/unterbaech.ch\/fr\/courses-speciales-telesiege-unterbaech-brandalp\/\">Courses sp\u00e9ciales t\u00e9l\u00e9si\u00e8ge Unterb\u00e4ch-Brandalp<\/a><\/li>\n\t\t<li class=\"wsp-post\"><a href=\"https:\/\/unterbaech.ch\/fr\/fermeture-de-la-route-3\/\">Fermeture de la route<\/a><\/li>\n\t\t<li class=\"wsp-post\"><a href=\"https:\/\/unterbaech.ch\/fr\/fermetures-de-routes-2\/\">Fermetures de routes<\/a><\/li>\n\t\t<li class=\"wsp-post\"><a href=\"https:\/\/unterbaech.ch\/fr\/danger-actuel-dincendie-de-foret\/\">Danger actuel d&rsquo;incendie de for\u00eat<\/a><\/li>\n\t\t<li class=\"wsp-post\"><a href=\"https:\/\/unterbaech.ch\/fr\/fermetures-de-routes\/\">Fermetures de routes<\/a><\/li>\n\t\t<li class=\"wsp-post\"><a href=\"https:\/\/unterbaech.ch\/fr\/heures-douverture-restaurants\/\">Heures d&rsquo;ouverture restaurants<\/a><\/li>\n\t\t<li class=\"wsp-post\"><a href=\"https:\/\/unterbaech.ch\/fr\/heures-douverture-de-la-gastronomie\/\">Heures d&rsquo;ouverture de la gastronomie<\/a><\/li>\n\t\t<li class=\"wsp-post\"><a href=\"https:\/\/unterbaech.ch\/fr\/fermeture-de-la-piste-cyclable\/\">Fermeture de la piste cyclable<\/a><\/li>\n\t\t<li class=\"wsp-post\"><a href=\"https:\/\/unterbaech.ch\/fr\/semaine-de-revision-lru\/\">Fermeture du sentier de randonn\u00e9e<\/a><\/li>\n\t\t<li class=\"wsp-post\"><a href=\"https:\/\/unterbaech.ch\/fr\/magic-pass-2024-2025\/\">Magic Pass 2024\/2025<\/a><\/li>\n\t\t<li class=\"wsp-post\"><a href=\"https:\/\/unterbaech.ch\/fr\/fermeture-de-la-route-unterbaech-brandalp-2\/\">Fermeture de la route Unterb\u00e4ch-Brandalp<\/a><\/li>\n\t\t<li class=\"wsp-post\"><a href=\"https:\/\/unterbaech.ch\/fr\/bietschhornbar\/\">Bietschhornbar<\/a><\/li>\n\t\t<li class=\"wsp-post\"><a href=\"https:\/\/unterbaech.ch\/fr\/revision-telepherique-raron-unterbaech\/\">R\u00e9vision t\u00e9l\u00e9ph\u00e9rique Raron-Unterb\u00e4ch<\/a><\/li>\n\t\t<li class=\"wsp-post\"><a href=\"https:\/\/unterbaech.ch\/fr\/pause-saisonniere-telesiege-unterbaech-brandalp\/\">Pause saisonni\u00e8re t\u00e9l\u00e9si\u00e8ge Unterb\u00e4ch &#8211; Brandalp<\/a><\/li>\n\t\t<li class=\"wsp-post\"><a href=\"https:\/\/unterbaech.ch\/fr\/fermetures-chemins-randonnee\/\">Fermetures chemins randonn\u00e9e<\/a><\/li>\n\t\t<li class=\"wsp-post\"><a href=\"https:\/\/unterbaech.ch\/fr\/randonnee-du-gin\/\">Randonn\u00e9e du GIN<\/a><\/li>\n\t\t<li class=\"wsp-post\"><a href=\"https:\/\/unterbaech.ch\/fr\/interdiction-de-faire-du-feu\/\">Interdiction de faire du feu<\/a><\/li>\n\t\t<li class=\"wsp-post\"><a href=\"https:\/\/unterbaech.ch\/fr\/fermeture-de-la-route-2\/\">Fermeture de la route<\/a><\/li>\n\t\t<li class=\"wsp-post\"><a href=\"https:\/\/unterbaech.ch\/fr\/kiosque-dalpage-de-ginals\/\">Kiosque d&rsquo;alpage de Ginals<\/a><\/li>\n\t\t<li class=\"wsp-post\"><a href=\"https:\/\/unterbaech.ch\/fr\/fermeture-de-la-route\/\">Fermeture de la route<\/a><\/li>\n\t\t<li class=\"wsp-post\"><a href=\"https:\/\/unterbaech.ch\/fr\/fermeture-de-la-route-unterbaech-brandalp\/\">Fermeture de la route Unterb\u00e4ch-Brandalp<\/a><\/li>\n\t\t<li class=\"wsp-post\"><a href=\"https:\/\/unterbaech.ch\/fr\/muga-2022\/\">Muga 2022<\/a><\/li>\n\t\t<li class=\"wsp-post\"><a href=\"https:\/\/unterbaech.ch\/fr\/prevente-de-labonnement-de-saison\/\">Pr\u00e9vente de l&rsquo;abonnement de saison<\/a><\/li>\n\t\t<li class=\"wsp-post\"><a href=\"https:\/\/unterbaech.ch\/fr\/interdiction-generale-de-faire-du-feu\/\">Interdiction g\u00e9n\u00e9rale de faire du feu!<\/a><\/li>\n\t\t<li class=\"wsp-post\"><a href=\"https:\/\/unterbaech.ch\/fr\/debut-du-bus-de-randonnee\/\">D\u00e9but du bus de randonn\u00e9e<\/a><\/li>\n\t\t<li class=\"wsp-post\"><a href=\"https:\/\/unterbaech.ch\/fr\/reouverture-du-restaurant-de-la-boulangerie-augstbord\/\">R\u00e9ouverture du restaurant &#038; de la boulangerie Augstbord<\/a><\/li>\n\t\t<li class=\"wsp-post\"><a href=\"https:\/\/unterbaech.ch\/fr\/pont-suspendu-milibach\/\">Pont suspendu Milibach<\/a><\/li>\n\t\t<li class=\"wsp-post\"><a href=\"https:\/\/unterbaech.ch\/fr\/heures-douverture-de-la-restauration\/\">Courses sp\u00e9ciales en t\u00e9l\u00e9ph\u00e9rique<\/a><\/li>\n<\/ul><\/li>\n<\/ul>\n<h2 class=\"wsp-wp-wispos-title\">Wispo Contenus<\/h2>\n<ul class=\"wsp-wp-wispos-list\">\n<li><a href=\"https:\/\/unterbaech.ch\/fr\/wp-wispo\/saison-info-sommer\/\">Saison-Info Sommer<\/a><\/li>\n<li><a href=\"https:\/\/unterbaech.ch\/fr\/wp-wispo\/saison-info-winter\/\">Saison-Info Winter<\/a><\/li>\n<li><a href=\"https:\/\/unterbaech.ch\/fr\/wp-wispo\/liste-sommer\/\">Liste Sommer<\/a><\/li>\n<li><a href=\"https:\/\/unterbaech.ch\/fr\/wp-wispo\/fahrplan\/\">Fahrplan<\/a><\/li>\n<li><a href=\"https:\/\/unterbaech.ch\/fr\/wp-wispo\/wetter-verhaeltnisse\/\">Wetter-Verh\u00e4ltnisse<\/a><\/li>\n<li><a href=\"https:\/\/unterbaech.ch\/fr\/wp-wispo\/test\/\">Liste Winter<\/a><\/li>\n<\/ul>\n<\/div><\/p>\n<\/div><\/section><\/div>\n","protected":false},"excerpt":{"rendered":"","protected":false},"author":3,"featured_media":0,"parent":0,"menu_order":0,"comment_status":"closed","ping_status":"closed","template":"","meta":{"inline_featured_image":false,"footnotes":""},"class_list":["post-14479","page","type-page","status-publish","hentry"],"yoast_head":"<!-- This site is optimized with the Yoast SEO plugin v27.5 - https:\/\/yoast.com\/product\/yoast-seo-wordpress\/ -->\n<title>Sitemap - Unterb\u00e4ch<\/title>\n<meta name=\"robots\" content=\"index, follow, max-snippet:-1, max-image-preview:large, max-video-preview:-1\" \/>\n<link rel=\"canonical\" href=\"https:\/\/unterbaech.ch\/fr\/sitemap\/\" \/>\n<meta property=\"og:locale\" content=\"fr_FR\" \/>\n<meta property=\"og:type\" content=\"article\" \/>\n<meta property=\"og:title\" content=\"Sitemap - Unterb\u00e4ch\" \/>\n<meta property=\"og:url\" content=\"https:\/\/unterbaech.ch\/fr\/sitemap\/\" \/>\n<meta property=\"og:site_name\" content=\"Unterb\u00e4ch\" \/>\n<meta property=\"article:publisher\" content=\"https:\/\/www.facebook.com\/unterbaech\" \/>\n<meta property=\"article:modified_time\" content=\"2021-11-11T13:02:12+00:00\" \/>\n<meta name=\"twitter:card\" content=\"summary_large_image\" \/>\n<meta name=\"twitter:label1\" content=\"Dur\u00e9e de lecture estim\u00e9e\" \/>\n\t<meta name=\"twitter:data1\" content=\"1 minute\" \/>\n<script type=\"application\/ld+json\" class=\"yoast-schema-graph\">{\"@context\":\"https:\\\/\\\/schema.org\",\"@graph\":[{\"@type\":\"WebPage\",\"@id\":\"https:\\\/\\\/unterbaech.ch\\\/fr\\\/sitemap\\\/\",\"url\":\"https:\\\/\\\/unterbaech.ch\\\/fr\\\/sitemap\\\/\",\"name\":\"Sitemap - Unterb\u00e4ch\",\"isPartOf\":{\"@id\":\"https:\\\/\\\/unterbaech.ch\\\/fr\\\/#website\"},\"datePublished\":\"2021-11-11T13:02:10+00:00\",\"dateModified\":\"2021-11-11T13:02:12+00:00\",\"breadcrumb\":{\"@id\":\"https:\\\/\\\/unterbaech.ch\\\/fr\\\/sitemap\\\/#breadcrumb\"},\"inLanguage\":\"fr-FR\",\"potentialAction\":[{\"@type\":\"ReadAction\",\"target\":[\"https:\\\/\\\/unterbaech.ch\\\/fr\\\/sitemap\\\/\"]}]},{\"@type\":\"BreadcrumbList\",\"@id\":\"https:\\\/\\\/unterbaech.ch\\\/fr\\\/sitemap\\\/#breadcrumb\",\"itemListElement\":[{\"@type\":\"ListItem\",\"position\":1,\"name\":\"Startseite\",\"item\":\"https:\\\/\\\/unterbaech.ch\\\/fr\\\/accueil\\\/\"},{\"@type\":\"ListItem\",\"position\":2,\"name\":\"Sitemap\"}]},{\"@type\":\"WebSite\",\"@id\":\"https:\\\/\\\/unterbaech.ch\\\/fr\\\/#website\",\"url\":\"https:\\\/\\\/unterbaech.ch\\\/fr\\\/\",\"name\":\"Unterb\u00e4ch\",\"description\":\"\",\"publisher\":{\"@id\":\"https:\\\/\\\/unterbaech.ch\\\/fr\\\/#organization\"},\"potentialAction\":[{\"@type\":\"SearchAction\",\"target\":{\"@type\":\"EntryPoint\",\"urlTemplate\":\"https:\\\/\\\/unterbaech.ch\\\/fr\\\/?s={search_term_string}\"},\"query-input\":{\"@type\":\"PropertyValueSpecification\",\"valueRequired\":true,\"valueName\":\"search_term_string\"}}],\"inLanguage\":\"fr-FR\"},{\"@type\":\"Organization\",\"@id\":\"https:\\\/\\\/unterbaech.ch\\\/fr\\\/#organization\",\"name\":\"Unterb\u00e4ch Tourismus\",\"url\":\"https:\\\/\\\/unterbaech.ch\\\/fr\\\/\",\"logo\":{\"@type\":\"ImageObject\",\"inLanguage\":\"fr-FR\",\"@id\":\"https:\\\/\\\/unterbaech.ch\\\/fr\\\/#\\\/schema\\\/logo\\\/image\\\/\",\"url\":\"https:\\\/\\\/unterbaech.ch\\\/wp-content\\\/uploads\\\/Logo-1.png\",\"contentUrl\":\"https:\\\/\\\/unterbaech.ch\\\/wp-content\\\/uploads\\\/Logo-1.png\",\"width\":1125,\"height\":1102,\"caption\":\"Unterb\u00e4ch Tourismus\"},\"image\":{\"@id\":\"https:\\\/\\\/unterbaech.ch\\\/fr\\\/#\\\/schema\\\/logo\\\/image\\\/\"},\"sameAs\":[\"https:\\\/\\\/www.facebook.com\\\/unterbaech\",\"https:\\\/\\\/www.instagram.com\\\/visit.unterbaech\\\/\",\"https:\\\/\\\/de.wikipedia.org\\\/wiki\\\/Unterb\u00e4ch\"]}]}<\/script>\n<!-- \/ Yoast SEO plugin. -->","yoast_head_json":{"title":"Sitemap - Unterb\u00e4ch","robots":{"index":"index","follow":"follow","max-snippet":"max-snippet:-1","max-image-preview":"max-image-preview:large","max-video-preview":"max-video-preview:-1"},"canonical":"https:\/\/unterbaech.ch\/fr\/sitemap\/","og_locale":"fr_FR","og_type":"article","og_title":"Sitemap - Unterb\u00e4ch","og_url":"https:\/\/unterbaech.ch\/fr\/sitemap\/","og_site_name":"Unterb\u00e4ch","article_publisher":"https:\/\/www.facebook.com\/unterbaech","article_modified_time":"2021-11-11T13:02:12+00:00","twitter_card":"summary_large_image","twitter_misc":{"Dur\u00e9e de lecture estim\u00e9e":"1 minute"},"schema":{"@context":"https:\/\/schema.org","@graph":[{"@type":"WebPage","@id":"https:\/\/unterbaech.ch\/fr\/sitemap\/","url":"https:\/\/unterbaech.ch\/fr\/sitemap\/","name":"Sitemap - Unterb\u00e4ch","isPartOf":{"@id":"https:\/\/unterbaech.ch\/fr\/#website"},"datePublished":"2021-11-11T13:02:10+00:00","dateModified":"2021-11-11T13:02:12+00:00","breadcrumb":{"@id":"https:\/\/unterbaech.ch\/fr\/sitemap\/#breadcrumb"},"inLanguage":"fr-FR","potentialAction":[{"@type":"ReadAction","target":["https:\/\/unterbaech.ch\/fr\/sitemap\/"]}]},{"@type":"BreadcrumbList","@id":"https:\/\/unterbaech.ch\/fr\/sitemap\/#breadcrumb","itemListElement":[{"@type":"ListItem","position":1,"name":"Startseite","item":"https:\/\/unterbaech.ch\/fr\/accueil\/"},{"@type":"ListItem","position":2,"name":"Sitemap"}]},{"@type":"WebSite","@id":"https:\/\/unterbaech.ch\/fr\/#website","url":"https:\/\/unterbaech.ch\/fr\/","name":"Unterb\u00e4ch","description":"","publisher":{"@id":"https:\/\/unterbaech.ch\/fr\/#organization"},"potentialAction":[{"@type":"SearchAction","target":{"@type":"EntryPoint","urlTemplate":"https:\/\/unterbaech.ch\/fr\/?s={search_term_string}"},"query-input":{"@type":"PropertyValueSpecification","valueRequired":true,"valueName":"search_term_string"}}],"inLanguage":"fr-FR"},{"@type":"Organization","@id":"https:\/\/unterbaech.ch\/fr\/#organization","name":"Unterb\u00e4ch Tourismus","url":"https:\/\/unterbaech.ch\/fr\/","logo":{"@type":"ImageObject","inLanguage":"fr-FR","@id":"https:\/\/unterbaech.ch\/fr\/#\/schema\/logo\/image\/","url":"https:\/\/unterbaech.ch\/wp-content\/uploads\/Logo-1.png","contentUrl":"https:\/\/unterbaech.ch\/wp-content\/uploads\/Logo-1.png","width":1125,"height":1102,"caption":"Unterb\u00e4ch Tourismus"},"image":{"@id":"https:\/\/unterbaech.ch\/fr\/#\/schema\/logo\/image\/"},"sameAs":["https:\/\/www.facebook.com\/unterbaech","https:\/\/www.instagram.com\/visit.unterbaech\/","https:\/\/de.wikipedia.org\/wiki\/Unterb\u00e4ch"]}]}},"_links":{"self":[{"href":"https:\/\/unterbaech.ch\/fr\/wp-json\/wp\/v2\/pages\/14479","targetHints":{"allow":["GET"]}}],"collection":[{"href":"https:\/\/unterbaech.ch\/fr\/wp-json\/wp\/v2\/pages"}],"about":[{"href":"https:\/\/unterbaech.ch\/fr\/wp-json\/wp\/v2\/types\/page"}],"author":[{"embeddable":true,"href":"https:\/\/unterbaech.ch\/fr\/wp-json\/wp\/v2\/users\/3"}],"replies":[{"embeddable":true,"href":"https:\/\/unterbaech.ch\/fr\/wp-json\/wp\/v2\/comments?post=14479"}],"version-history":[{"count":0,"href":"https:\/\/unterbaech.ch\/fr\/wp-json\/wp\/v2\/pages\/14479\/revisions"}],"wp:attachment":[{"href":"https:\/\/unterbaech.ch\/fr\/wp-json\/wp\/v2\/media?parent=14479"}],"curies":[{"name":"wp","href":"https:\/\/api.w.org\/{rel}","templated":true}]}}