{"id":14741,"date":"2021-11-25T14:47:50","date_gmt":"2021-11-25T13:47:50","guid":{"rendered":"https:\/\/unterbaech.ch\/planifier-reserver\/dormir-profiter\/hebergement\/forfait\/"},"modified":"2026-04-03T15:52:41","modified_gmt":"2026-04-03T13:52:41","slug":"forfait","status":"publish","type":"page","link":"https:\/\/unterbaech.ch\/fr\/planifier-reserver\/dormir-profiter\/hebergement\/forfait\/","title":{"rendered":"Forfait"},"content":{"rendered":"\n<style type=\"text\/css\" data-created_by=\"avia_inline_auto\" id=\"style-css-av-kbax8y3e-facc63034a5cff2ca60ecbb75a19c268\">\n.avia-section.av-kbax8y3e-facc63034a5cff2ca60ecbb75a19c268 .av-parallax .av-parallax-inner{\nbackground-repeat:no-repeat;\nbackground-image:url(https:\/\/unterbaech.ch\/wp-content\/uploads\/DSC09756_marcoschnyder.jpg);\nbackground-position:50% 50%;\nbackground-attachment:scroll;\n}\n<\/style>\n<div id='av_section_1'  class='avia-section av-kbax8y3e-facc63034a5cff2ca60ecbb75a19c268 main_color avia-section-default avia-no-border-styling  avia-builder-el-0  el_before_av_section  avia-builder-el-first  section-fullwidthimage avia-full-stretch av-parallax-section avia-bg-style-parallax av-minimum-height av-minimum-height-50 av-height-50  container_wrap fullsize'  data-section-bg-repeat='stretch' data-av_minimum_height_pc='50' data-av_min_height_opt='50'><div class='av-parallax' data-avia-parallax-ratio='0.3' ><div class='av-parallax-inner main_color avia-full-stretch'><\/div><\/div><div class='container av-section-cont-open' ><main  role=\"main\" itemprop=\"mainContentOfPage\"  class='template-page content  av-content-full alpha units'><div class='post-entry post-entry-type-page post-entry-14741'><div class='entry-content-wrapper clearfix'>\n<\/div><\/div><\/main><!-- close content main element --><\/div><\/div><div id='av_section_2'  class='avia-section av-1n2h9-eef07d2470a934665895b572bc96122f main_color avia-section-default avia-no-border-styling  avia-builder-el-1  el_after_av_section  el_before_av_section  section-leadtext onecol avia-bg-style-scroll container_wrap fullsize'  ><div class='container av-section-cont-open' ><div class='template-page content  av-content-full alpha units'><div class='post-entry post-entry-type-page post-entry-14741'><div class='entry-content-wrapper clearfix'>\n<section  class='av_textblock_section av-kbawhdx8-9a55faeefcbf4e8706dea9c49b9010c2 '   itemscope=\"itemscope\" itemtype=\"https:\/\/schema.org\/CreativeWork\" ><div class='avia_textblock'  itemprop=\"text\" ><p style=\"text-align: center;\"><strong>HEBERGEMENTS<\/strong><\/p>\n<h3 style=\"text-align: center;\">FORFAIT<\/h3>\n<\/div><\/section>\n<section  class='av_textblock_section av-kbawhdx8-10-a3c14959f4f0898ac2b7650ed94f7e94 '   itemscope=\"itemscope\" itemtype=\"https:\/\/schema.org\/CreativeWork\" ><div class='avia_textblock lead'  itemprop=\"text\" ><p style=\"text-align: center;\">La destination de vacances d&rsquo;Unterb\u00e4ch vaut le d\u00e9tour en toute saison. En hiver, lorsque les pistes fra\u00eechement pr\u00e9par\u00e9es et les sentiers de randonn\u00e9e hivernale attirent, en \u00e9t\u00e9 lorsque l&rsquo;on peut se d\u00e9fouler sur les nombreux sentiers de randonn\u00e9e et pistes de VTT et en automne lorsque les m\u00e9l\u00e8zes changent de couleur pour rev\u00eatir leur robe dor\u00e9e et que \u00ab\u00a0l&rsquo;\u00e9t\u00e9 indien\u00a0\u00bb se montre sous son plus beau jour. Afin de rendre la r\u00e9servation de vos prochaines vacances en Suisse aussi agr\u00e9able et simple que possible, nos h\u00f4tels ont mis au point des forfaits attrayants.<\/p>\n<\/div><\/section>\n\n<style type=\"text\/css\" data-created_by=\"avia_inline_auto\" id=\"style-css-av-kbax4bbr-27f78f1f5574462b1f9eaf8ccb6701aa\">\n#top .hr.hr-invisible.av-kbax4bbr-27f78f1f5574462b1f9eaf8ccb6701aa{\nheight:25px;\n}\n<\/style>\n<div  class='hr av-kbax4bbr-27f78f1f5574462b1f9eaf8ccb6701aa hr-invisible  avia-builder-el-4  el_after_av_textblock  avia-builder-el-last '><span class='hr-inner '><span class=\"hr-inner-style\"><\/span><\/span><\/div>\n\n<\/div><\/div><\/div><!-- close content main div --><\/div><\/div><div id='av_section_3'  class='avia-section av-5517bg-8f690f38057b59a3adebe0f0596a632e main_color avia-section-default avia-no-border-styling  avia-builder-el-5  el_after_av_section  el_before_av_section  section-leadtext image avia-bg-style-scroll container_wrap fullsize'  ><div class='container av-section-cont-open' ><div class='template-page content  av-content-full alpha units'><div class='post-entry post-entry-type-page post-entry-14741'><div class='entry-content-wrapper clearfix'>\n<div class='flex_column_table av-40m324-9e7b834fd274427999f06efb31e4ffa1 sc-av_one_half av-break-at-tablet-flextable av-equal-height-column-flextable'>\n<style type=\"text\/css\" data-created_by=\"avia_inline_auto\" id=\"style-css-av-40m324-9e7b834fd274427999f06efb31e4ffa1\">\n.flex_column.av-40m324-9e7b834fd274427999f06efb31e4ffa1{\nborder-radius:0px 0px 0px 0px;\npadding:0px 0px 0px 0px;\n}\n<\/style>\n<div  class='flex_column av-40m324-9e7b834fd274427999f06efb31e4ffa1 av_one_half  avia-builder-el-6  el_before_av_one_half  avia-builder-el-first  first av-break-at-tablet flex_column_table_cell av-equal-height-column av-align-top av-zero-column-padding  '     ><p><section  class='av_textblock_section av-kwewyzi2-7c063a1fcd5f610e9cd3c30187fffc11 '   itemscope=\"itemscope\" itemtype=\"https:\/\/schema.org\/CreativeWork\" ><div class='avia_textblock'  itemprop=\"text\" ><p><strong>H\u00f4tel Alpenhof<\/strong><\/p>\n<h2>Forfait randonn\u00e9e &amp; v\u00e9lo 2026<\/h2>\n<\/div><\/section><br \/>\n<section  class='av_textblock_section av-kwex0xv1-127e052427895ab84b50b297c3095a0d '   itemscope=\"itemscope\" itemtype=\"https:\/\/schema.org\/CreativeWork\" ><div class='avia_textblock lead'  itemprop=\"text\" ><p>Profite des offres estivales 2026 \u00e0 l\u2019h\u00f4tel-restaurant Alpenhof.<\/p>\n<p><strong>3 nuits par personne CHF 430.\u2013<br \/>\n5 nuits par personne CHF 695.\u2013<br \/>\n<\/strong><\/p>\n<p>Le forfait comprend :<br \/>\nH\u00e9bergement en chambre double confortable<br \/>\nCopieux buffet de petit-d\u00e9jeuner<br \/>\nDemi-pension avec menu 3 plats<br \/>\nBoisson de bienvenue<br \/>\nPanier-repas quotidien pour la randonn\u00e9e<br \/>\nAcc\u00e8s \u00e0 la salle de fitness et au sauna<\/p>\n<p>P\u00e9riode : juin, septembre et octobre 2026<br \/>\nValidit\u00e9 des forfaits : du mardi au dimanche<br \/>\nPrix valables en chambre double pour 2 personnes, taxe de s\u00e9jour en sus<br \/>\nChambre individuelle \u00ab standard \u00bb : + CHF 20.00 par nuit\/chambre<\/p>\n<\/div><\/section><br \/>\n<div  class='avia-button-wrap av-kwex15ro-9bb074f8af243d86204de4db9b1aff8a-wrap avia-button-left  avia-builder-el-9  el_after_av_textblock  avia-builder-el-last '><a href='https:\/\/myalpenhof.ch\/packages-specials\/'  class='avia-button av-kwex15ro-9bb074f8af243d86204de4db9b1aff8a av-link-btn avia-icon_select-no avia-size-small avia-position-left avia-color-theme-color'  target=\"_blank\"  rel=\"noopener noreferrer\"  aria-label=\"Offre\"><span class='avia_iconbox_title' >Offre<\/span><\/a><\/div><\/p><\/div><div class='av-flex-placeholder'><\/div>\n<style type=\"text\/css\" data-created_by=\"avia_inline_auto\" id=\"style-css-av-85nycs-571cbeb3cd758e026c9c8216a4f783d6\">\n.flex_column.av-85nycs-571cbeb3cd758e026c9c8216a4f783d6{\nborder-radius:0px 0px 0px 0px;\npadding:0px 0px 0px 0px;\n}\n<\/style>\n<div  class='flex_column av-85nycs-571cbeb3cd758e026c9c8216a4f783d6 av_one_half  avia-builder-el-10  el_after_av_one_half  avia-builder-el-last  image av-break-at-tablet flex_column_table_cell av-equal-height-column av-align-top av-zero-column-padding avia-full-stretch  '     ><style type=\"text\/css\" data-created_by=\"avia_inline_auto\" id=\"style-css-av-lxspakq5-68556d9e1262b51acbc7e7344aa0f29d\">\n.avia-image-container.av-lxspakq5-68556d9e1262b51acbc7e7344aa0f29d img.avia_image{\nbox-shadow:none;\n}\n.avia-image-container.av-lxspakq5-68556d9e1262b51acbc7e7344aa0f29d .av-image-caption-overlay-center{\ncolor:#ffffff;\n}\n<\/style>\n<div  class='avia-image-container av-lxspakq5-68556d9e1262b51acbc7e7344aa0f29d av-styling- avia-align-center  avia-builder-el-11  avia-builder-el-no-sibling '   itemprop=\"image\" itemscope=\"itemscope\" itemtype=\"https:\/\/schema.org\/ImageObject\" ><div class=\"avia-image-container-inner\"><div class=\"avia-image-overlay-wrap\"><img decoding=\"async\" loading=\"lazy\" class='wp-image-8834 avia-img-lazy-loading-8834 avia_image ' src=\"https:\/\/unterbaech.ch\/wp-content\/uploads\/2018_VTT_GrachenMoosalp_47_\u00a9Valais-Wallis-Promotion-Pascal-Gertschen-1024x768.jpg\" alt='' title='2018_VTT_GrachenMoosalp_47_\u00a9Valais Wallis Promotion - Pascal Gertschen'  height=\"768\" width=\"1024\"  itemprop=\"thumbnailUrl\" srcset=\"https:\/\/unterbaech.ch\/wp-content\/uploads\/2018_VTT_GrachenMoosalp_47_\u00a9Valais-Wallis-Promotion-Pascal-Gertschen-1024x768.jpg 1024w, https:\/\/unterbaech.ch\/wp-content\/uploads\/2018_VTT_GrachenMoosalp_47_\u00a9Valais-Wallis-Promotion-Pascal-Gertschen-768x576.jpg 768w, https:\/\/unterbaech.ch\/wp-content\/uploads\/2018_VTT_GrachenMoosalp_47_\u00a9Valais-Wallis-Promotion-Pascal-Gertschen-705x529.jpg 705w, https:\/\/unterbaech.ch\/wp-content\/uploads\/2018_VTT_GrachenMoosalp_47_\u00a9Valais-Wallis-Promotion-Pascal-Gertschen.jpg 1191w\" sizes=\"auto, (max-width: 1024px) 100vw, 1024px\" \/><\/div><\/div><\/div><\/div><\/div><!--close column table wrapper. Autoclose: 1 --><\/div><\/div><\/div><!-- close content main div --><\/div><\/div><div id='av_section_4'  class='avia-section av-k6x24-1d6a515d59011a5f8e3c7b9e38fdd0b3 main_color avia-section-default avia-no-border-styling  avia-builder-el-12  el_after_av_section  el_before_av_section  section-leadtext image avia-bg-style-scroll container_wrap fullsize'  ><div class='container av-section-cont-open' ><div class='template-page content  av-content-full alpha units'><div class='post-entry post-entry-type-page post-entry-14741'><div class='entry-content-wrapper clearfix'>\n<div class='flex_column_table av-3s7npo-0c956f21bdd06f506273ff4a1c81a91c sc-av_one_half av-break-at-tablet-flextable av-equal-height-column-flextable'>\n<style type=\"text\/css\" data-created_by=\"avia_inline_auto\" id=\"style-css-av-3s7npo-0c956f21bdd06f506273ff4a1c81a91c\">\n.flex_column.av-3s7npo-0c956f21bdd06f506273ff4a1c81a91c{\nborder-radius:0px 0px 0px 0px;\npadding:0px 0px 0px 0px;\n}\n<\/style>\n<div  class='flex_column av-3s7npo-0c956f21bdd06f506273ff4a1c81a91c av_one_half  avia-builder-el-13  el_before_av_one_half  avia-builder-el-first  first av-break-at-tablet flex_column_table_cell av-equal-height-column av-align-top av-zero-column-padding  '     ><p><section  class='av_textblock_section av-m56kuf17-779c83c50cf472fa2ef7297b230d6b4a '   itemscope=\"itemscope\" itemtype=\"https:\/\/schema.org\/CreativeWork\" ><div class='avia_textblock'  itemprop=\"text\" ><p><strong>Hotel Walliserhof<\/strong><\/p>\n<h2>Saisonhit Januar &#038; M\u00e4rz 2026<\/h2>\n<\/div><\/section><br \/>\n<section  class='av_textblock_section av-m56kxzx4-4f59c701425577b5c6031ca186aca486 '   itemscope=\"itemscope\" itemtype=\"https:\/\/schema.org\/CreativeWork\" ><div class='avia_textblock lead'  itemprop=\"text\" ><p>R\u00e9serve ton s\u00e9jour directement \u00e0 l\u2019h\u00f4tel Walliserhof :<\/p>\n<ul>\n<li>Buffet de petit-d\u00e9jeuner<\/li>\n<li>Acc\u00e8s \u00e0 l\u2019espace bien-\u00eatre<\/li>\n<li>Place de parking directement devant l\u2019h\u00f4tel<\/li>\n<\/ul>\n<p><strong>3 nuits \u2013 CHF 270.00 p.p.<\/strong><br \/>\n<strong>4 nuits \u2013 CHF 360.00 p.p.<\/strong><br \/>\n<strong>5 nuits \u2013 CHF 450.00 p.p.<\/strong><\/p>\n<p>Validit\u00e9 du forfait :<br \/>\ndu 6 au 24 janvier 2026 et du 17 au 28 mars 2026<\/p>\n<\/div><\/section><br \/>\n<div  class='avia-button-wrap av-m56kys11-2586cf174a6b0df9120473dddf8568c0-wrap avia-button-left  avia-builder-el-16  el_after_av_textblock  avia-builder-el-last '><a href='https:\/\/www.sporthotel-walliserhof.ch\/'  class='avia-button av-m56kys11-2586cf174a6b0df9120473dddf8568c0 av-link-btn avia-icon_select-no avia-size-small avia-position-left avia-color-theme-color'  target=\"_blank\"  rel=\"noopener noreferrer\"  aria-label=\"Mehr \u00fcber das Hotel Walliserhof\"><span class='avia_iconbox_title' >Mehr \u00fcber das Hotel Walliserhof<\/span><\/a><\/div><\/p><\/div><div class='av-flex-placeholder'><\/div>\n<style type=\"text\/css\" data-created_by=\"avia_inline_auto\" id=\"style-css-av-204k5o-ea694c4fc1c3adaf306a80bcf0273a59\">\n.flex_column.av-204k5o-ea694c4fc1c3adaf306a80bcf0273a59{\nborder-radius:0px 0px 0px 0px;\npadding:0px 0px 0px 0px;\n}\n<\/style>\n<div  class='flex_column av-204k5o-ea694c4fc1c3adaf306a80bcf0273a59 av_one_half  avia-builder-el-17  el_after_av_one_half  avia-builder-el-last  image av-break-at-tablet flex_column_table_cell av-equal-height-column av-align-top av-zero-column-padding avia-full-stretch  '     ><style type=\"text\/css\" data-created_by=\"avia_inline_auto\" id=\"style-css-av-m56kussz-d589c87a883254d86d6d45d096fa50cd\">\n.avia-image-container.av-m56kussz-d589c87a883254d86d6d45d096fa50cd img.avia_image{\nbox-shadow:none;\n}\n.avia-image-container.av-m56kussz-d589c87a883254d86d6d45d096fa50cd .av-image-caption-overlay-center{\ncolor:#ffffff;\n}\n<\/style>\n<div  class='avia-image-container av-m56kussz-d589c87a883254d86d6d45d096fa50cd av-styling- avia-align-center  avia-builder-el-18  avia-builder-el-no-sibling '   itemprop=\"image\" itemscope=\"itemscope\" itemtype=\"https:\/\/schema.org\/ImageObject\" ><div class=\"avia-image-container-inner\"><div class=\"avia-image-overlay-wrap\"><img decoding=\"async\" loading=\"lazy\" class='wp-image-23547 avia-img-lazy-loading-23547 avia_image ' src=\"https:\/\/unterbaech.ch\/wp-content\/uploads\/Unterbaech_DSC00227_\u00a9marcoschnyder-1024x683.jpg\" alt='' title='Unterba\u0308ch_DSC00227_\u00a9marcoschnyder'  height=\"683\" width=\"1024\"  itemprop=\"thumbnailUrl\" srcset=\"https:\/\/unterbaech.ch\/wp-content\/uploads\/Unterbaech_DSC00227_\u00a9marcoschnyder-1024x683.jpg 1024w, https:\/\/unterbaech.ch\/wp-content\/uploads\/Unterbaech_DSC00227_\u00a9marcoschnyder-768x512.jpg 768w, https:\/\/unterbaech.ch\/wp-content\/uploads\/Unterbaech_DSC00227_\u00a9marcoschnyder-705x470.jpg 705w, https:\/\/unterbaech.ch\/wp-content\/uploads\/Unterbaech_DSC00227_\u00a9marcoschnyder.jpg 1920w\" sizes=\"auto, (max-width: 1024px) 100vw, 1024px\" \/><\/div><\/div><\/div><\/div><\/div><!--close column table wrapper. Autoclose: 1 -->\n<\/p>\n<\/div><\/div><\/div><!-- close content main div --><\/div><\/div><div id='av_section_5'  class='avia-section av-7js9vg-6ec59d9a350eb9c085445da3db791783 main_color avia-section-default avia-no-border-styling  avia-builder-el-19  el_after_av_section  avia-builder-el-last  section-leadtext image avia-bg-style-scroll container_wrap fullsize'  ><div class='container av-section-cont-open' ><div class='template-page content  av-content-full alpha units'><div class='post-entry post-entry-type-page post-entry-14741'><div class='entry-content-wrapper clearfix'>\n<div class='flex_column_table av-5ubwt8-9f1aae0958198816439ed7c541e4d0c7 sc-av_one_half av-break-at-tablet-flextable av-equal-height-column-flextable'>\n<style type=\"text\/css\" data-created_by=\"avia_inline_auto\" id=\"style-css-av-5ubwt8-9f1aae0958198816439ed7c541e4d0c7\">\n.flex_column.av-5ubwt8-9f1aae0958198816439ed7c541e4d0c7{\nborder-radius:0px 0px 0px 0px;\npadding:0px 0px 0px 0px;\n}\n<\/style>\n<div  class='flex_column av-5ubwt8-9f1aae0958198816439ed7c541e4d0c7 av_one_half  avia-builder-el-20  el_before_av_one_half  avia-builder-el-first  first av-break-at-tablet flex_column_table_cell av-equal-height-column av-align-top av-zero-column-padding  '     ><p><section  class='av_textblock_section av-m3stpyhz-cd3d12c17b97471017bc82196d6bfee8 '   itemscope=\"itemscope\" itemtype=\"https:\/\/schema.org\/CreativeWork\" ><div class='avia_textblock'  itemprop=\"text\" ><p><strong>Hotel Alpenhof<\/strong><\/p>\n<h2>Winterspecial 2026<\/h2>\n<\/div><\/section><br \/>\n<section  class='av_textblock_section av-m3stsp4f-ea29df837464da59cf6d891933afb8ae '   itemscope=\"itemscope\" itemtype=\"https:\/\/schema.org\/CreativeWork\" ><div class='avia_textblock lead'  itemprop=\"text\" ><ul>\n<li>Nuit\u00e9e en chambre double confortable<\/li>\n<li>Copieux buffet de petit-d\u00e9jeuner<\/li>\n<li>Notre demi-pension 4 plats<\/li>\n<li>Boisson de bienvenue<\/li>\n<li>Acc\u00e8s au fitness &#038; sauna<\/li>\n<\/ul>\n<p><strong>Validit\u00e9 du forfait :<br \/>\n<\/strong> <strong>6 \u2013 24 janvier 2026 et 17 \u2013 28 mars 2026<\/strong> R\u00e9servable du mardi au samedi Prix : 4 nuits CHF 495.00 par personne, taxes de s\u00e9jour en sus Chambre individuelle \u00ab standard \u00bb : + CHF 20.00 par chambre\/nuit<\/p>\n<\/div><\/section><br \/>\n<div  class='avia-button-wrap av-4lctrw-80fabb4950cfa29b28db8c39c5fd42ee-wrap avia-button-left  avia-builder-el-23  el_after_av_textblock  avia-builder-el-last '><a href='https:\/\/myalpenhof.ch\/packages-specials\/'  class='avia-button av-4lctrw-80fabb4950cfa29b28db8c39c5fd42ee av-link-btn avia-icon_select-no avia-size-small avia-position-left avia-color-theme-color'  target=\"_blank\"  rel=\"noopener noreferrer\"  aria-label=\"Click me\"><span class='avia_iconbox_title' >Click me<\/span><\/a><\/div><\/p><\/div><div class='av-flex-placeholder'><\/div>\n<style type=\"text\/css\" data-created_by=\"avia_inline_auto\" id=\"style-css-av-29qpks-131684ab76be97a39914df90b003d64a\">\n.flex_column.av-29qpks-131684ab76be97a39914df90b003d64a{\nborder-radius:0px 0px 0px 0px;\npadding:0px 0px 0px 0px;\n}\n<\/style>\n<div  class='flex_column av-29qpks-131684ab76be97a39914df90b003d64a av_one_half  avia-builder-el-24  el_after_av_one_half  avia-builder-el-last  image av-break-at-tablet flex_column_table_cell av-equal-height-column av-align-top av-zero-column-padding avia-full-stretch  '     ><style type=\"text\/css\" data-created_by=\"avia_inline_auto\" id=\"style-css-av-m3stt5kj-92a6e7a772101384edac51dde405fd93\">\n.avia-image-container.av-m3stt5kj-92a6e7a772101384edac51dde405fd93 img.avia_image{\nbox-shadow:none;\n}\n.avia-image-container.av-m3stt5kj-92a6e7a772101384edac51dde405fd93 .av-image-caption-overlay-center{\ncolor:#ffffff;\n}\n<\/style>\n<div  class='avia-image-container av-m3stt5kj-92a6e7a772101384edac51dde405fd93 av-styling- avia-align-center  avia-builder-el-25  avia-builder-el-no-sibling '   itemprop=\"image\" itemscope=\"itemscope\" itemtype=\"https:\/\/schema.org\/ImageObject\" ><div class=\"avia-image-container-inner\"><div class=\"avia-image-overlay-wrap\"><img decoding=\"async\" loading=\"lazy\" class='wp-image-23763 avia-img-lazy-loading-23763 avia_image ' src=\"https:\/\/unterbaech.ch\/wp-content\/uploads\/Unterbaech_DSC00954_\u00a9marcoschnyder-1024x683.jpg\" alt='' title='Unterba\u0308ch_DSC00954_\u00a9marcoschnyder'  height=\"683\" width=\"1024\"  itemprop=\"thumbnailUrl\" srcset=\"https:\/\/unterbaech.ch\/wp-content\/uploads\/Unterbaech_DSC00954_\u00a9marcoschnyder-1024x683.jpg 1024w, https:\/\/unterbaech.ch\/wp-content\/uploads\/Unterbaech_DSC00954_\u00a9marcoschnyder-768x512.jpg 768w, https:\/\/unterbaech.ch\/wp-content\/uploads\/Unterbaech_DSC00954_\u00a9marcoschnyder-705x470.jpg 705w, https:\/\/unterbaech.ch\/wp-content\/uploads\/Unterbaech_DSC00954_\u00a9marcoschnyder.jpg 1920w\" sizes=\"auto, (max-width: 1024px) 100vw, 1024px\" \/><\/div><\/div><\/div><\/div><\/div><!--close column table wrapper. Autoclose: 1 -->\n\n","protected":false},"excerpt":{"rendered":"","protected":false},"author":8,"featured_media":0,"parent":14458,"menu_order":0,"comment_status":"closed","ping_status":"closed","template":"","meta":{"inline_featured_image":false,"footnotes":""},"class_list":["post-14741","page","type-page","status-publish","hentry"],"yoast_head":"<!-- This site is optimized with the Yoast SEO plugin v27.5 - https:\/\/yoast.com\/product\/yoast-seo-wordpress\/ -->\n<title>Forfait - Unterb\u00e4ch<\/title>\n<meta name=\"description\" content=\"Les \u00e9tablissements h\u00f4teliers d&#039;Unterb\u00e4ch proposent \u00e0 leurs clients des forfaits attrayants et des offres sp\u00e9ciales en toute saison.\" \/>\n<meta name=\"robots\" content=\"index, follow, max-snippet:-1, max-image-preview:large, max-video-preview:-1\" \/>\n<link rel=\"canonical\" href=\"https:\/\/unterbaech.ch\/fr\/planifier-reserver\/dormir-profiter\/hebergement\/forfait\/\" \/>\n<meta property=\"og:locale\" content=\"fr_FR\" \/>\n<meta property=\"og:type\" content=\"article\" \/>\n<meta property=\"og:title\" content=\"Forfait - Unterb\u00e4ch\" \/>\n<meta property=\"og:description\" content=\"Les \u00e9tablissements h\u00f4teliers d&#039;Unterb\u00e4ch proposent \u00e0 leurs clients des forfaits attrayants et des offres sp\u00e9ciales en toute saison.\" \/>\n<meta property=\"og:url\" content=\"https:\/\/unterbaech.ch\/fr\/planifier-reserver\/dormir-profiter\/hebergement\/forfait\/\" \/>\n<meta property=\"og:site_name\" content=\"Unterb\u00e4ch\" \/>\n<meta property=\"article:publisher\" content=\"https:\/\/www.facebook.com\/unterbaech\" \/>\n<meta property=\"article:modified_time\" content=\"2026-04-03T13:52:41+00:00\" \/>\n<meta name=\"twitter:card\" content=\"summary_large_image\" \/>\n<meta name=\"twitter:label1\" content=\"Dur\u00e9e de lecture estim\u00e9e\" \/>\n\t<meta name=\"twitter:data1\" content=\"3 minutes\" \/>\n<script type=\"application\/ld+json\" class=\"yoast-schema-graph\">{\"@context\":\"https:\\\/\\\/schema.org\",\"@graph\":[{\"@type\":\"WebPage\",\"@id\":\"https:\\\/\\\/unterbaech.ch\\\/fr\\\/planifier-reserver\\\/dormir-profiter\\\/hebergement\\\/forfait\\\/\",\"url\":\"https:\\\/\\\/unterbaech.ch\\\/fr\\\/planifier-reserver\\\/dormir-profiter\\\/hebergement\\\/forfait\\\/\",\"name\":\"Forfait - Unterb\u00e4ch\",\"isPartOf\":{\"@id\":\"https:\\\/\\\/unterbaech.ch\\\/fr\\\/#website\"},\"datePublished\":\"2021-11-25T13:47:50+00:00\",\"dateModified\":\"2026-04-03T13:52:41+00:00\",\"description\":\"Les \u00e9tablissements h\u00f4teliers d'Unterb\u00e4ch proposent \u00e0 leurs clients des forfaits attrayants et des offres sp\u00e9ciales en toute saison.\",\"breadcrumb\":{\"@id\":\"https:\\\/\\\/unterbaech.ch\\\/fr\\\/planifier-reserver\\\/dormir-profiter\\\/hebergement\\\/forfait\\\/#breadcrumb\"},\"inLanguage\":\"fr-FR\",\"potentialAction\":[{\"@type\":\"ReadAction\",\"target\":[\"https:\\\/\\\/unterbaech.ch\\\/fr\\\/planifier-reserver\\\/dormir-profiter\\\/hebergement\\\/forfait\\\/\"]}]},{\"@type\":\"BreadcrumbList\",\"@id\":\"https:\\\/\\\/unterbaech.ch\\\/fr\\\/planifier-reserver\\\/dormir-profiter\\\/hebergement\\\/forfait\\\/#breadcrumb\",\"itemListElement\":[{\"@type\":\"ListItem\",\"position\":1,\"name\":\"Startseite\",\"item\":\"https:\\\/\\\/unterbaech.ch\\\/fr\\\/accueil\\\/\"},{\"@type\":\"ListItem\",\"position\":2,\"name\":\"Planifier &#038; r\u00e9server\",\"item\":\"https:\\\/\\\/unterbaech.ch\\\/fr\\\/planifier-reserver\\\/\"},{\"@type\":\"ListItem\",\"position\":3,\"name\":\"Dormir &#038; profiter\",\"item\":\"https:\\\/\\\/unterbaech.ch\\\/fr\\\/planifier-reserver\\\/dormir-profiter\\\/\"},{\"@type\":\"ListItem\",\"position\":4,\"name\":\"H\u00e9bergement\",\"item\":\"https:\\\/\\\/unterbaech.ch\\\/fr\\\/planifier-reserver\\\/dormir-profiter\\\/hebergement\\\/\"},{\"@type\":\"ListItem\",\"position\":5,\"name\":\"Forfait\"}]},{\"@type\":\"WebSite\",\"@id\":\"https:\\\/\\\/unterbaech.ch\\\/fr\\\/#website\",\"url\":\"https:\\\/\\\/unterbaech.ch\\\/fr\\\/\",\"name\":\"Unterb\u00e4ch\",\"description\":\"\",\"publisher\":{\"@id\":\"https:\\\/\\\/unterbaech.ch\\\/fr\\\/#organization\"},\"potentialAction\":[{\"@type\":\"SearchAction\",\"target\":{\"@type\":\"EntryPoint\",\"urlTemplate\":\"https:\\\/\\\/unterbaech.ch\\\/fr\\\/?s={search_term_string}\"},\"query-input\":{\"@type\":\"PropertyValueSpecification\",\"valueRequired\":true,\"valueName\":\"search_term_string\"}}],\"inLanguage\":\"fr-FR\"},{\"@type\":\"Organization\",\"@id\":\"https:\\\/\\\/unterbaech.ch\\\/fr\\\/#organization\",\"name\":\"Unterb\u00e4ch Tourismus\",\"url\":\"https:\\\/\\\/unterbaech.ch\\\/fr\\\/\",\"logo\":{\"@type\":\"ImageObject\",\"inLanguage\":\"fr-FR\",\"@id\":\"https:\\\/\\\/unterbaech.ch\\\/fr\\\/#\\\/schema\\\/logo\\\/image\\\/\",\"url\":\"https:\\\/\\\/unterbaech.ch\\\/wp-content\\\/uploads\\\/Logo-1.png\",\"contentUrl\":\"https:\\\/\\\/unterbaech.ch\\\/wp-content\\\/uploads\\\/Logo-1.png\",\"width\":1125,\"height\":1102,\"caption\":\"Unterb\u00e4ch Tourismus\"},\"image\":{\"@id\":\"https:\\\/\\\/unterbaech.ch\\\/fr\\\/#\\\/schema\\\/logo\\\/image\\\/\"},\"sameAs\":[\"https:\\\/\\\/www.facebook.com\\\/unterbaech\",\"https:\\\/\\\/www.instagram.com\\\/visit.unterbaech\\\/\",\"https:\\\/\\\/de.wikipedia.org\\\/wiki\\\/Unterb\u00e4ch\"]}]}<\/script>\n<!-- \/ Yoast SEO plugin. -->","yoast_head_json":{"title":"Forfait - Unterb\u00e4ch","description":"Les \u00e9tablissements h\u00f4teliers d'Unterb\u00e4ch proposent \u00e0 leurs clients des forfaits attrayants et des offres sp\u00e9ciales en toute saison.","robots":{"index":"index","follow":"follow","max-snippet":"max-snippet:-1","max-image-preview":"max-image-preview:large","max-video-preview":"max-video-preview:-1"},"canonical":"https:\/\/unterbaech.ch\/fr\/planifier-reserver\/dormir-profiter\/hebergement\/forfait\/","og_locale":"fr_FR","og_type":"article","og_title":"Forfait - Unterb\u00e4ch","og_description":"Les \u00e9tablissements h\u00f4teliers d'Unterb\u00e4ch proposent \u00e0 leurs clients des forfaits attrayants et des offres sp\u00e9ciales en toute saison.","og_url":"https:\/\/unterbaech.ch\/fr\/planifier-reserver\/dormir-profiter\/hebergement\/forfait\/","og_site_name":"Unterb\u00e4ch","article_publisher":"https:\/\/www.facebook.com\/unterbaech","article_modified_time":"2026-04-03T13:52:41+00:00","twitter_card":"summary_large_image","twitter_misc":{"Dur\u00e9e de lecture estim\u00e9e":"3 minutes"},"schema":{"@context":"https:\/\/schema.org","@graph":[{"@type":"WebPage","@id":"https:\/\/unterbaech.ch\/fr\/planifier-reserver\/dormir-profiter\/hebergement\/forfait\/","url":"https:\/\/unterbaech.ch\/fr\/planifier-reserver\/dormir-profiter\/hebergement\/forfait\/","name":"Forfait - Unterb\u00e4ch","isPartOf":{"@id":"https:\/\/unterbaech.ch\/fr\/#website"},"datePublished":"2021-11-25T13:47:50+00:00","dateModified":"2026-04-03T13:52:41+00:00","description":"Les \u00e9tablissements h\u00f4teliers d'Unterb\u00e4ch proposent \u00e0 leurs clients des forfaits attrayants et des offres sp\u00e9ciales en toute saison.","breadcrumb":{"@id":"https:\/\/unterbaech.ch\/fr\/planifier-reserver\/dormir-profiter\/hebergement\/forfait\/#breadcrumb"},"inLanguage":"fr-FR","potentialAction":[{"@type":"ReadAction","target":["https:\/\/unterbaech.ch\/fr\/planifier-reserver\/dormir-profiter\/hebergement\/forfait\/"]}]},{"@type":"BreadcrumbList","@id":"https:\/\/unterbaech.ch\/fr\/planifier-reserver\/dormir-profiter\/hebergement\/forfait\/#breadcrumb","itemListElement":[{"@type":"ListItem","position":1,"name":"Startseite","item":"https:\/\/unterbaech.ch\/fr\/accueil\/"},{"@type":"ListItem","position":2,"name":"Planifier &#038; r\u00e9server","item":"https:\/\/unterbaech.ch\/fr\/planifier-reserver\/"},{"@type":"ListItem","position":3,"name":"Dormir &#038; profiter","item":"https:\/\/unterbaech.ch\/fr\/planifier-reserver\/dormir-profiter\/"},{"@type":"ListItem","position":4,"name":"H\u00e9bergement","item":"https:\/\/unterbaech.ch\/fr\/planifier-reserver\/dormir-profiter\/hebergement\/"},{"@type":"ListItem","position":5,"name":"Forfait"}]},{"@type":"WebSite","@id":"https:\/\/unterbaech.ch\/fr\/#website","url":"https:\/\/unterbaech.ch\/fr\/","name":"Unterb\u00e4ch","description":"","publisher":{"@id":"https:\/\/unterbaech.ch\/fr\/#organization"},"potentialAction":[{"@type":"SearchAction","target":{"@type":"EntryPoint","urlTemplate":"https:\/\/unterbaech.ch\/fr\/?s={search_term_string}"},"query-input":{"@type":"PropertyValueSpecification","valueRequired":true,"valueName":"search_term_string"}}],"inLanguage":"fr-FR"},{"@type":"Organization","@id":"https:\/\/unterbaech.ch\/fr\/#organization","name":"Unterb\u00e4ch Tourismus","url":"https:\/\/unterbaech.ch\/fr\/","logo":{"@type":"ImageObject","inLanguage":"fr-FR","@id":"https:\/\/unterbaech.ch\/fr\/#\/schema\/logo\/image\/","url":"https:\/\/unterbaech.ch\/wp-content\/uploads\/Logo-1.png","contentUrl":"https:\/\/unterbaech.ch\/wp-content\/uploads\/Logo-1.png","width":1125,"height":1102,"caption":"Unterb\u00e4ch Tourismus"},"image":{"@id":"https:\/\/unterbaech.ch\/fr\/#\/schema\/logo\/image\/"},"sameAs":["https:\/\/www.facebook.com\/unterbaech","https:\/\/www.instagram.com\/visit.unterbaech\/","https:\/\/de.wikipedia.org\/wiki\/Unterb\u00e4ch"]}]}},"_links":{"self":[{"href":"https:\/\/unterbaech.ch\/fr\/wp-json\/wp\/v2\/pages\/14741","targetHints":{"allow":["GET"]}}],"collection":[{"href":"https:\/\/unterbaech.ch\/fr\/wp-json\/wp\/v2\/pages"}],"about":[{"href":"https:\/\/unterbaech.ch\/fr\/wp-json\/wp\/v2\/types\/page"}],"author":[{"embeddable":true,"href":"https:\/\/unterbaech.ch\/fr\/wp-json\/wp\/v2\/users\/8"}],"replies":[{"embeddable":true,"href":"https:\/\/unterbaech.ch\/fr\/wp-json\/wp\/v2\/comments?post=14741"}],"version-history":[{"count":18,"href":"https:\/\/unterbaech.ch\/fr\/wp-json\/wp\/v2\/pages\/14741\/revisions"}],"predecessor-version":[{"id":29778,"href":"https:\/\/unterbaech.ch\/fr\/wp-json\/wp\/v2\/pages\/14741\/revisions\/29778"}],"up":[{"embeddable":true,"href":"https:\/\/unterbaech.ch\/fr\/wp-json\/wp\/v2\/pages\/14458"}],"wp:attachment":[{"href":"https:\/\/unterbaech.ch\/fr\/wp-json\/wp\/v2\/media?parent=14741"}],"curies":[{"name":"wp","href":"https:\/\/api.w.org\/{rel}","templated":true}]}}