{"id":15884,"date":"2022-05-12T12:37:21","date_gmt":"2022-05-12T10:37:21","guid":{"rendered":"https:\/\/unterbaech.ch\/horaires-dete\/"},"modified":"2026-04-16T11:28:02","modified_gmt":"2026-04-16T09:28:02","slug":"horaires-dete","status":"publish","type":"page","link":"https:\/\/unterbaech.ch\/fr\/remontees-mecaniques-de-sport\/horaires-dete\/","title":{"rendered":"Horaires d&rsquo;\u00e9t\u00e9"},"content":{"rendered":"\n<style type=\"text\/css\" data-created_by=\"avia_inline_auto\" id=\"style-css-av-kbax8y3e-4b97ba0779402d83a98b0358c537080e\">\n.avia-section.av-kbax8y3e-4b97ba0779402d83a98b0358c537080e .av-parallax .av-parallax-inner{\nbackground-repeat:no-repeat;\nbackground-image:url(https:\/\/unterbaech.ch\/wp-content\/uploads\/DSC00625_marcoschnyder.jpg);\nbackground-position:50% 50%;\nbackground-attachment:scroll;\n}\n<\/style>\n<div id='av_section_1'  class='avia-section av-kbax8y3e-4b97ba0779402d83a98b0358c537080e main_color avia-section-default avia-no-border-styling  avia-builder-el-0  el_before_av_section  avia-builder-el-first  section-fullwidthimage avia-full-stretch av-parallax-section avia-bg-style-parallax av-minimum-height av-minimum-height-50 av-height-50  container_wrap fullsize'  data-section-bg-repeat='stretch' data-av_minimum_height_pc='50' data-av_min_height_opt='50'><div class='av-parallax' data-avia-parallax-ratio='0.3' ><div class='av-parallax-inner main_color avia-full-stretch'><\/div><\/div><div class='container av-section-cont-open' ><main  role=\"main\" itemprop=\"mainContentOfPage\"  class='template-page content  av-content-full alpha units'><div class='post-entry post-entry-type-page post-entry-15884'><div class='entry-content-wrapper clearfix'>\n<\/div><\/div><\/main><!-- close content main element --><\/div><\/div><div id='av_section_2'  class='avia-section av-1n2h9-eef07d2470a934665895b572bc96122f main_color avia-section-default avia-no-border-styling  avia-builder-el-1  el_after_av_section  el_before_av_table  section-leadtext onecol avia-bg-style-scroll container_wrap fullsize'  ><div class='container av-section-cont-open' ><div class='template-page content  av-content-full alpha units'><div class='post-entry post-entry-type-page post-entry-15884'><div class='entry-content-wrapper clearfix'>\n<section  class='av_textblock_section av-kbawhdx8-b39b97e16270520742dd6d07af52bcbd '   itemscope=\"itemscope\" itemtype=\"https:\/\/schema.org\/CreativeWork\" ><div class='avia_textblock'  itemprop=\"text\" ><p style=\"text-align: center;\"><strong>\u00c9T\u00c9 2026<\/strong><\/p>\n<h3 style=\"text-align: center;\">HORAIRE<\/h3>\n<\/div><\/section>\n<section  class='av_textblock_section av-kbawhdx8-8-38679bebd39f7eaff8ab6e8d2766ecc5 '   itemscope=\"itemscope\" itemtype=\"https:\/\/schema.org\/CreativeWork\" ><div class='avia_textblock lead'  itemprop=\"text\" ><p style=\"text-align: center;\">Le t\u00e9l\u00e9si\u00e8ge Unterb\u00e4ch &#8211; Brandalp est en service selon les horaires suivants :<br \/>\n<em>Sous r\u00e9serve de modifications en fonction des conditions m\u00e9t\u00e9orologiques. Les correspondances ne peuvent \u00eatre garanties.<\/em><\/p>\n<\/div><\/section>\n<\/div><\/div><\/div><!-- close content main div --><\/div><\/div><div id='after_section_2'  class='main_color av_default_container_wrap container_wrap fullsize'  ><div class='container av-section-cont-open' ><div class='template-page content  av-content-full alpha units'><div class='post-entry post-entry-type-page post-entry-15884'><div class='entry-content-wrapper clearfix'>\n<div class='avia-data-table-wrap av-ahtdt-519a29a99bd24effe53d39ffa2ba4f9a avia_scrollable_table avia-table-1'><table  class='avia-table avia-data-table avia_pricing_default  avia-builder-el-4  el_after_av_section  el_before_av_textblock  avia-builder-el-first '  itemscope=\"itemscope\" itemtype=\"https:\/\/schema.org\/Table\" ><tbody><tr class='avia-heading-row'><th class=''>p\u00e9riode d&rsquo;horaires<\/th><th class=''>Horaires d&rsquo;ouverture<\/th><\/tr><tr class=''><td class=''>20 June \/ 21 June 2026 <\/td><td class=''>Horaires du week-end :<br \/>de 9 h \u00e0 12 h 15 et de 14 h \u00e0 17 h 15<\/td><\/tr><tr class=''><td class=''>24 June \u2013 16 August 2026<\/td><td class=''>Weekday opening hours<br \/>9.00 am to 12.15 pm and 2.00 pm to 5.15 pm<\/td><\/tr><tr class=''><td class=''>17 August \u2013 4 October 2026<\/td><td class=''>Closed on Mondays<br \/>Tuesday\u2013Friday: 9.15 am\u201312.00 pm and 2.15 pm\u20135.00 pm<br \/>Saturday\u2013Sunday: 9.00 am\u201312.15 pm and 2.00 pm\u20135.15 pm <\/td><\/tr><tr class=''><td class=''>5 October \u2013 18 October 2026<\/td><td class=''>Weekday opening hours: <br \/>9.00 am to 12.15 pm and 2.00 pm to 5.15 pm <\/td><\/tr><\/tbody><\/table><\/div>\n<section  class='av_textblock_section av-kb9j7yy8-9a0ed7591ca062be6ee477bb9c8e0231 '   itemscope=\"itemscope\" itemtype=\"https:\/\/schema.org\/CreativeWork\" ><div class='avia_textblock'  itemprop=\"text\" ><p>Pendant la pause saisonni\u00e8re \u00e0 compter du 19 octobre 2026, les installations des remont\u00e9es m\u00e9caniques d&rsquo;Unterb\u00e4ch resteront ferm\u00e9es.<\/p>\n<\/div><\/section>\n<\/div><\/div><\/div><!-- close content main div --><\/div><\/div>\n<style type=\"text\/css\" data-created_by=\"avia_inline_auto\" id=\"style-css-av-kbax8y3e-3-19c8194d213963afdfaf4ef2d5774c9a\">\n.avia-section.av-kbax8y3e-3-19c8194d213963afdfaf4ef2d5774c9a .av-parallax .av-parallax-inner{\nbackground-repeat:no-repeat;\nbackground-image:url(https:\/\/unterbaech.ch\/wp-content\/uploads\/20250828_Apero-Sessel-1-1024x676.jpg);\nbackground-position:50% 50%;\nbackground-attachment:scroll;\n}\n<\/style>\n<div id='av_section_3'  class='avia-section av-kbax8y3e-3-19c8194d213963afdfaf4ef2d5774c9a main_color avia-section-default avia-no-border-styling  avia-builder-el-6  el_after_av_textblock  el_before_av_one_full  section-tip avia-full-stretch av-parallax-section avia-bg-style-parallax av-minimum-height av-minimum-height-100 av-height-100  container_wrap fullsize'  data-section-bg-repeat='stretch' data-av_minimum_height_pc='100' data-av_min_height_opt='100'><div class='av-parallax' data-avia-parallax-ratio='0.3' ><div class='av-parallax-inner main_color avia-full-stretch'><\/div><\/div><div class='container av-section-cont-open' ><div class='template-page content  av-content-full alpha units'><div class='post-entry post-entry-type-page post-entry-15884'><div class='entry-content-wrapper clearfix'>\n\n<style type=\"text\/css\" data-created_by=\"avia_inline_auto\" id=\"style-css-av-kbcj4u58-528702b2ac0e8486eaaf9cf9ec2ab7b8\">\n#top .hr.hr-invisible.av-kbcj4u58-528702b2ac0e8486eaaf9cf9ec2ab7b8{\nheight:400px;\n}\n<\/style>\n<div  class='hr av-kbcj4u58-528702b2ac0e8486eaaf9cf9ec2ab7b8 hr-invisible  avia-builder-el-7  el_before_av_one_half  avia-builder-el-first '><span class='hr-inner '><span class=\"hr-inner-style\"><\/span><\/span><\/div>\n<div class='flex_column_table av-kbcj1bss-2a3bc2edaf934878f272e15e690e2c59 sc-av_one_half av-equal-height-column-flextable'>\n<style type=\"text\/css\" data-created_by=\"avia_inline_auto\" id=\"style-css-av-kbcj1bss-2a3bc2edaf934878f272e15e690e2c59\">\n.flex_column.av-kbcj1bss-2a3bc2edaf934878f272e15e690e2c59{\nborder-radius:0px 0px 0px 0px;\npadding:0px 0px 0px 0px;\n}\n<\/style>\n<div  class='flex_column av-kbcj1bss-2a3bc2edaf934878f272e15e690e2c59 av_one_half  avia-builder-el-8  el_after_av_hr  el_before_av_one_half  first no_margin flex_column_table_cell av-equal-height-column av-align-top av-zero-column-padding  '     ><\/div>\n<style type=\"text\/css\" data-created_by=\"avia_inline_auto\" id=\"style-css-av-kbcj1bss-1-8eff7c2eacf75fd043e818bd8f93d34a\">\n.flex_column.av-kbcj1bss-1-8eff7c2eacf75fd043e818bd8f93d34a{\nborder-radius:0px 0px 0px 0px;\npadding:30px 30px 30px 30px;\nbackground-color:#ffffff;\n}\n<\/style>\n<div  class='flex_column av-kbcj1bss-1-8eff7c2eacf75fd043e818bd8f93d34a av_one_half  avia-builder-el-9  el_after_av_one_half  avia-builder-el-last  no_margin flex_column_table_cell av-equal-height-column av-align-top  '     ><section  class='av_textblock_section av-kbawhdx8-2-a0e40e2a25884eaf82fe1a75d225eebb '   itemscope=\"itemscope\" itemtype=\"https:\/\/schema.org\/CreativeWork\" ><div class='avia_textblock'  itemprop=\"text\" ><p class=\"tabtitle\" style=\"text-align: right;\"><em>Tipp<\/em><\/p>\n<p style=\"text-align: center;\"><strong>Le plaisir \u00e0 haute altitude<\/strong><\/p>\n<h3 style=\"text-align: center;\">Fauteuil ap\u00e9ritif<\/h3>\n<p style=\"text-align: center;\">Venez prendre l&rsquo;ap\u00e9ritif dans le t\u00e9l\u00e9si\u00e8ge reliant Unterb\u00e4ch \u00e0 la Brandalp, ou inversement.<\/p>\n<\/div><\/section><br \/>\n<div  class='avia-button-wrap av-kbawx3il-a64bc5a74612ef23f58757a72b97d01d-wrap avia-button-center  avia-builder-el-11  el_after_av_textblock  avia-builder-el-last '><a href='https:\/\/unterbaech.ch\/fr\/planifier-reserver\/webshop\/#\/erlebnisse\/SAA\/6686fe8e-683a-49eb-8645-44083934a82d\/apero-sesselfahrt---genuss-in-luftiger-hoehe'  class='avia-button av-kbawx3il-a64bc5a74612ef23f58757a72b97d01d av-link-btn avia-icon_select-no avia-size-small avia-position-center avia-color-theme-color'   aria-label=\"Mehr erfahren \"><span class='avia_iconbox_title' >Mehr erfahren <\/span><\/a><\/div><\/p><\/div><\/div><!--close column table wrapper. Autoclose: 1 -->\n<\/div><\/div><\/div><!-- close content main div --><\/div><\/div><div id='after_section_3'  class='main_color av_default_container_wrap container_wrap fullsize'  ><div class='container av-section-cont-open' ><div class='template-page content  av-content-full alpha units'><div class='post-entry post-entry-type-page post-entry-15884'><div class='entry-content-wrapper clearfix'>\n\n<style type=\"text\/css\" data-created_by=\"avia_inline_auto\" id=\"style-css-av-kbujysp3-bb5986012cdba25cfd25bc18cd1575b4\">\n.flex_column.av-kbujysp3-bb5986012cdba25cfd25bc18cd1575b4{\nborder-radius:0px 0px 0px 0px;\npadding:0px 0px 0px 0px;\n}\n<\/style>\n<div  class='flex_column av-kbujysp3-bb5986012cdba25cfd25bc18cd1575b4 av_one_full  avia-builder-el-12  el_after_av_section  el_before_av_promobox  avia-builder-el-first  gallery-masonry first flex_column_div av-zero-column-padding  '     ><div id='av-masonry-1' class='av-masonry av-kbrrgn31-965100d779e0b521e996b9d79c8b9985 noHover av-fixed-size av-large-gap av-hover-overlay-active av-masonry-animation-active av-masonry-col-3 av-caption-always av-caption-style- av-masonry-gallery ' data-post_id=\"15884\"><div class=\"av-masonry-container isotope av-js-disabled\"><div class='av-masonry-entry isotope-item av-masonry-item-no-image '><\/div><a href=\"https:\/\/unterbaech.ch\/wp-content\/uploads\/DSC00625_marcoschnyder-1619x1080.jpg\" data-srcset=\"https:\/\/unterbaech.ch\/wp-content\/uploads\/DSC00625_marcoschnyder-1619x1080.jpg 1619w, https:\/\/unterbaech.ch\/wp-content\/uploads\/DSC00625_marcoschnyder-1024x683.jpg 1024w, https:\/\/unterbaech.ch\/wp-content\/uploads\/DSC00625_marcoschnyder-768x512.jpg 768w, https:\/\/unterbaech.ch\/wp-content\/uploads\/DSC00625_marcoschnyder-1536x1025.jpg 1536w, https:\/\/unterbaech.ch\/wp-content\/uploads\/DSC00625_marcoschnyder-1500x1001.jpg 1500w, https:\/\/unterbaech.ch\/wp-content\/uploads\/DSC00625_marcoschnyder-705x470.jpg 705w, https:\/\/unterbaech.ch\/wp-content\/uploads\/DSC00625_marcoschnyder.jpg 1920w\" data-sizes=\"(max-width: 1500px) 100vw, 1500px\"  aria-label=\"image DSC00625_marcoschnyder\"  id='av-masonry-1-item-6045' data-av-masonry-item='6045' class='av-masonry-entry isotope-item post-6045 attachment type-attachment status-inherit hentry  av-masonry-item-with-image av-grid-img' title=\"DSC00625_marcoschnyder\" alt=\"Dorf Unterb\u00e4ch\"    itemprop=\"thumbnailUrl\" ><div class='av-inner-masonry-sizer'><\/div><figure class='av-inner-masonry main_color'><div class=\"av-masonry-outerimage-container\"><div class='av-masonry-image-container' style=\"background-image: url(https:\/\/unterbaech.ch\/wp-content\/uploads\/DSC00625_marcoschnyder-705x470.jpg);\"  title=\"DSC00625_marcoschnyder\" ><\/div><\/div><\/figure><\/a><!--end av-masonry entry--><a href=\"https:\/\/unterbaech.ch\/wp-content\/uploads\/DSC07736_\u00a9marcoschnyder-1619x1080.jpg\" data-srcset=\"https:\/\/unterbaech.ch\/wp-content\/uploads\/DSC07736_\u00a9marcoschnyder-1619x1080.jpg 1619w, https:\/\/unterbaech.ch\/wp-content\/uploads\/DSC07736_\u00a9marcoschnyder-1024x683.jpg 1024w, https:\/\/unterbaech.ch\/wp-content\/uploads\/DSC07736_\u00a9marcoschnyder-768x512.jpg 768w, https:\/\/unterbaech.ch\/wp-content\/uploads\/DSC07736_\u00a9marcoschnyder-1536x1025.jpg 1536w, https:\/\/unterbaech.ch\/wp-content\/uploads\/DSC07736_\u00a9marcoschnyder-1500x1001.jpg 1500w, https:\/\/unterbaech.ch\/wp-content\/uploads\/DSC07736_\u00a9marcoschnyder-705x470.jpg 705w, https:\/\/unterbaech.ch\/wp-content\/uploads\/DSC07736_\u00a9marcoschnyder.jpg 1920w\" data-sizes=\"(max-width: 1500px) 100vw, 1500px\"  aria-label=\"image DSC07736_\u00a9marcoschnyder\"  id='av-masonry-1-item-6102' data-av-masonry-item='6102' class='av-masonry-entry isotope-item post-6102 attachment type-attachment status-inherit hentry  av-masonry-item-with-image av-grid-img' title=\"DSC07736_\u00a9marcoschnyder\" alt=\"Sportbahnen Unterb\u00e4ch\"    itemprop=\"thumbnailUrl\" ><div class='av-inner-masonry-sizer'><\/div><figure class='av-inner-masonry main_color'><div class=\"av-masonry-outerimage-container\"><div class='av-masonry-image-container' style=\"background-image: url(https:\/\/unterbaech.ch\/wp-content\/uploads\/DSC07736_\u00a9marcoschnyder-705x470.jpg);\"  title=\"DSC07736_\u00a9marcoschnyder\" ><\/div><\/div><\/figure><\/a><!--end av-masonry entry--><a href=\"https:\/\/unterbaech.ch\/wp-content\/uploads\/DSC07747_\u00a9marcoschnyder-1619x1080.jpg\" data-srcset=\"https:\/\/unterbaech.ch\/wp-content\/uploads\/DSC07747_\u00a9marcoschnyder-1619x1080.jpg 1619w, https:\/\/unterbaech.ch\/wp-content\/uploads\/DSC07747_\u00a9marcoschnyder-1024x683.jpg 1024w, https:\/\/unterbaech.ch\/wp-content\/uploads\/DSC07747_\u00a9marcoschnyder-768x512.jpg 768w, https:\/\/unterbaech.ch\/wp-content\/uploads\/DSC07747_\u00a9marcoschnyder-1536x1025.jpg 1536w, https:\/\/unterbaech.ch\/wp-content\/uploads\/DSC07747_\u00a9marcoschnyder-2048x1366.jpg 2048w, https:\/\/unterbaech.ch\/wp-content\/uploads\/DSC07747_\u00a9marcoschnyder-1500x1001.jpg 1500w, https:\/\/unterbaech.ch\/wp-content\/uploads\/DSC07747_\u00a9marcoschnyder-705x470.jpg 705w, https:\/\/unterbaech.ch\/wp-content\/uploads\/DSC07747_\u00a9marcoschnyder-scaled.jpg 1920w\" data-sizes=\"(max-width: 1500px) 100vw, 1500px\"  aria-label=\"image DSC07747_\u00a9marcoschnyder\"  id='av-masonry-1-item-6105' data-av-masonry-item='6105' class='av-masonry-entry isotope-item post-6105 attachment type-attachment status-inherit hentry  av-masonry-item-with-image av-grid-img' title=\"DSC07747_\u00a9marcoschnyder\" alt=\"Sportbahnen Unterb\u00e4ch\"    itemprop=\"thumbnailUrl\" ><div class='av-inner-masonry-sizer'><\/div><figure class='av-inner-masonry main_color'><div class=\"av-masonry-outerimage-container\"><div class='av-masonry-image-container' style=\"background-image: url(https:\/\/unterbaech.ch\/wp-content\/uploads\/DSC07747_\u00a9marcoschnyder-705x470.jpg);\"  title=\"DSC07747_\u00a9marcoschnyder\" ><\/div><\/div><\/figure><\/a><!--end av-masonry entry--><a href=\"https:\/\/unterbaech.ch\/wp-content\/uploads\/DSC07800_\u00a9marcoschnyder-1619x1080.jpg\" data-srcset=\"https:\/\/unterbaech.ch\/wp-content\/uploads\/DSC07800_\u00a9marcoschnyder-1619x1080.jpg 1619w, https:\/\/unterbaech.ch\/wp-content\/uploads\/DSC07800_\u00a9marcoschnyder-1024x683.jpg 1024w, https:\/\/unterbaech.ch\/wp-content\/uploads\/DSC07800_\u00a9marcoschnyder-768x512.jpg 768w, https:\/\/unterbaech.ch\/wp-content\/uploads\/DSC07800_\u00a9marcoschnyder-1536x1025.jpg 1536w, https:\/\/unterbaech.ch\/wp-content\/uploads\/DSC07800_\u00a9marcoschnyder-1500x1001.jpg 1500w, https:\/\/unterbaech.ch\/wp-content\/uploads\/DSC07800_\u00a9marcoschnyder-705x470.jpg 705w, https:\/\/unterbaech.ch\/wp-content\/uploads\/DSC07800_\u00a9marcoschnyder.jpg 1920w\" data-sizes=\"(max-width: 1500px) 100vw, 1500px\"  aria-label=\"image DSC07800_\u00a9marcoschnyder\"  id='av-masonry-1-item-6114' data-av-masonry-item='6114' class='av-masonry-entry isotope-item post-6114 attachment type-attachment status-inherit hentry  av-masonry-item-with-image av-grid-img' title=\"DSC07800_\u00a9marcoschnyder\" alt=\"Sportbahnen Unterb\u00e4ch\"    itemprop=\"thumbnailUrl\" ><div class='av-inner-masonry-sizer'><\/div><figure class='av-inner-masonry main_color'><div class=\"av-masonry-outerimage-container\"><div class='av-masonry-image-container' style=\"background-image: url(https:\/\/unterbaech.ch\/wp-content\/uploads\/DSC07800_\u00a9marcoschnyder-705x470.jpg);\"  title=\"DSC07800_\u00a9marcoschnyder\" ><\/div><\/div><\/figure><\/a><!--end av-masonry entry--><a href=\"https:\/\/unterbaech.ch\/wp-content\/uploads\/DSC00379_marcoschnyder-1619x1080.jpg\" data-srcset=\"https:\/\/unterbaech.ch\/wp-content\/uploads\/DSC00379_marcoschnyder-1619x1080.jpg 1619w, https:\/\/unterbaech.ch\/wp-content\/uploads\/DSC00379_marcoschnyder-1024x683.jpg 1024w, https:\/\/unterbaech.ch\/wp-content\/uploads\/DSC00379_marcoschnyder-768x512.jpg 768w, https:\/\/unterbaech.ch\/wp-content\/uploads\/DSC00379_marcoschnyder-1536x1025.jpg 1536w, https:\/\/unterbaech.ch\/wp-content\/uploads\/DSC00379_marcoschnyder-1500x1001.jpg 1500w, https:\/\/unterbaech.ch\/wp-content\/uploads\/DSC00379_marcoschnyder-705x470.jpg 705w, https:\/\/unterbaech.ch\/wp-content\/uploads\/DSC00379_marcoschnyder.jpg 1920w\" data-sizes=\"(max-width: 1500px) 100vw, 1500px\"  aria-label=\"image DSC00379_marcoschnyder\"  id='av-masonry-1-item-5979' data-av-masonry-item='5979' class='av-masonry-entry isotope-item post-5979 attachment type-attachment status-inherit hentry  av-masonry-item-with-image av-grid-img' title=\"DSC00379_marcoschnyder\" alt=\"Trottinett Brandalp - Unterb\u00e4ch\"    itemprop=\"thumbnailUrl\" ><div class='av-inner-masonry-sizer'><\/div><figure class='av-inner-masonry main_color'><div class=\"av-masonry-outerimage-container\"><div class='av-masonry-image-container' style=\"background-image: url(https:\/\/unterbaech.ch\/wp-content\/uploads\/DSC00379_marcoschnyder-705x470.jpg);\"  title=\"DSC00379_marcoschnyder\" ><\/div><\/div><\/figure><\/a><!--end av-masonry entry--><a href=\"https:\/\/unterbaech.ch\/wp-content\/uploads\/DSC07846_\u00a9marcoschnyder-1619x1080.jpg\" data-srcset=\"https:\/\/unterbaech.ch\/wp-content\/uploads\/DSC07846_\u00a9marcoschnyder-1619x1080.jpg 1619w, https:\/\/unterbaech.ch\/wp-content\/uploads\/DSC07846_\u00a9marcoschnyder-1024x683.jpg 1024w, https:\/\/unterbaech.ch\/wp-content\/uploads\/DSC07846_\u00a9marcoschnyder-768x512.jpg 768w, https:\/\/unterbaech.ch\/wp-content\/uploads\/DSC07846_\u00a9marcoschnyder-1536x1025.jpg 1536w, https:\/\/unterbaech.ch\/wp-content\/uploads\/DSC07846_\u00a9marcoschnyder-1500x1001.jpg 1500w, https:\/\/unterbaech.ch\/wp-content\/uploads\/DSC07846_\u00a9marcoschnyder-705x470.jpg 705w, https:\/\/unterbaech.ch\/wp-content\/uploads\/DSC07846_\u00a9marcoschnyder.jpg 1920w\" data-sizes=\"(max-width: 1500px) 100vw, 1500px\"  aria-label=\"image DSC07846_\u00a9marcoschnyder\"  id='av-masonry-1-item-6126' data-av-masonry-item='6126' class='av-masonry-entry isotope-item post-6126 attachment type-attachment status-inherit hentry  av-masonry-item-with-image av-grid-img' title=\"DSC07846_\u00a9marcoschnyder\" alt=\"Brandalp Unterb\u00e4ch\"    itemprop=\"thumbnailUrl\" ><div class='av-inner-masonry-sizer'><\/div><figure class='av-inner-masonry main_color'><div class=\"av-masonry-outerimage-container\"><div class='av-masonry-image-container' style=\"background-image: url(https:\/\/unterbaech.ch\/wp-content\/uploads\/DSC07846_\u00a9marcoschnyder-705x470.jpg);\"  title=\"DSC07846_\u00a9marcoschnyder\" ><\/div><\/div><\/figure><\/a><!--end av-masonry entry--><\/div><\/div><\/div>\n<div  class='av_promobox av-kcelab5r-5ae22b292767d7279b523ba11314fcb9 avia-button-yes  avia-builder-el-14  el_after_av_one_full  el_before_av_promobox  promobox'><div class='avia-promocontent'><p>\n<strong>Trajets suppl\u00e9mentaires<\/strong><\/p>\n<p>Nous nous ferons un plaisir de t&#8217;emmener, toi et ton groupe, \u00e0 la Brandalp m\u00eame en dehors des heures d&rsquo;ouverture.<\/p>\n<\/div><div  class='avia-button-wrap av-kcelab5r-1af254137e4473feaec3de9480334f4c-wrap avia-button-right  promobox'><a href='https:\/\/unterbaech.ch\/fr\/remontees-mecaniques-de-sport\/courses-speciales\/'  class='avia-button av-kcelab5r-1af254137e4473feaec3de9480334f4c av-link-btn avia-icon_select-no avia-size-large avia-position-right avia-color-theme-color'   aria-label=\"plus des informations\"><span class='avia_iconbox_title' >plus des informations<\/span><\/a><\/div><\/div>\n<div  class='av_promobox av-kcelab5r-7-06de9bedd1919697b17b42ee7ab59b25 avia-button-yes  avia-builder-el-15  el_after_av_promobox  avia-builder-el-last  promobox av-desktop-hide av-medium-hide av-small-hide av-mini-hide'><div class='avia-promocontent'><p>\n<strong>Plan de protection<\/strong><\/p>\n<p>Mesures visant \u00e0 garantir la s\u00e9curit\u00e9 de ton s\u00e9jour.<\/p>\n<\/div><div  class='avia-button-wrap av-kcelab5r-7-23a80f210e8a3c8da59213cf77a1c92f-wrap avia-button-right  promobox'><a href='https:\/\/unterbaech.ch\/fr\/remontees-mecaniques-de-sport\/concept-de-protection\/'  class='avia-button av-kcelab5r-7-23a80f210e8a3c8da59213cf77a1c92f av-link-btn avia-icon_select-no avia-size-large avia-position-right av-desktop-hide av-medium-hide av-small-hide av-mini-hide avia-color-theme-color'   aria-label=\"plus des informations\"><span class='avia_iconbox_title' >plus des informations<\/span><\/a><\/div><\/div>\n","protected":false},"excerpt":{"rendered":"","protected":false},"author":9,"featured_media":0,"parent":15925,"menu_order":0,"comment_status":"closed","ping_status":"closed","template":"","meta":{"inline_featured_image":false,"footnotes":""},"class_list":["post-15884","page","type-page","status-publish","hentry"],"yoast_head":"<!-- This site is optimized with the Yoast SEO plugin v27.5 - https:\/\/yoast.com\/product\/yoast-seo-wordpress\/ -->\n<title>Horaires d&#039;\u00e9t\u00e9 - Unterb\u00e4ch<\/title>\n<meta name=\"description\" content=\"Trouve toutes les informations sur les horaires d&#039;\u00e9t\u00e9 des Sportbahnen Unterb\u00e4ch dans l&#039;horaire en ligne. Nous nous r\u00e9jouissons de ta visite!\" \/>\n<meta name=\"robots\" content=\"index, follow, max-snippet:-1, max-image-preview:large, max-video-preview:-1\" \/>\n<link rel=\"canonical\" href=\"https:\/\/unterbaech.ch\/fr\/remontees-mecaniques-de-sport\/horaires-dete\/\" \/>\n<meta property=\"og:locale\" content=\"fr_FR\" \/>\n<meta property=\"og:type\" content=\"article\" \/>\n<meta property=\"og:title\" content=\"Horaires d&#039;\u00e9t\u00e9 - Unterb\u00e4ch\" \/>\n<meta property=\"og:description\" content=\"Trouve toutes les informations sur les horaires d&#039;\u00e9t\u00e9 des Sportbahnen Unterb\u00e4ch dans l&#039;horaire en ligne. Nous nous r\u00e9jouissons de ta visite!\" \/>\n<meta property=\"og:url\" content=\"https:\/\/unterbaech.ch\/fr\/remontees-mecaniques-de-sport\/horaires-dete\/\" \/>\n<meta property=\"og:site_name\" content=\"Unterb\u00e4ch\" \/>\n<meta property=\"article:publisher\" content=\"https:\/\/www.facebook.com\/unterbaech\" \/>\n<meta property=\"article:modified_time\" content=\"2026-04-16T09:28:02+00:00\" \/>\n<meta name=\"twitter:card\" content=\"summary_large_image\" \/>\n<meta name=\"twitter:label1\" content=\"Dur\u00e9e de lecture estim\u00e9e\" \/>\n\t<meta name=\"twitter:data1\" content=\"2 minutes\" \/>\n<script type=\"application\/ld+json\" class=\"yoast-schema-graph\">{\"@context\":\"https:\\\/\\\/schema.org\",\"@graph\":[{\"@type\":\"WebPage\",\"@id\":\"https:\\\/\\\/unterbaech.ch\\\/fr\\\/remontees-mecaniques-de-sport\\\/horaires-dete\\\/\",\"url\":\"https:\\\/\\\/unterbaech.ch\\\/fr\\\/remontees-mecaniques-de-sport\\\/horaires-dete\\\/\",\"name\":\"Horaires d'\u00e9t\u00e9 - Unterb\u00e4ch\",\"isPartOf\":{\"@id\":\"https:\\\/\\\/unterbaech.ch\\\/fr\\\/#website\"},\"datePublished\":\"2022-05-12T10:37:21+00:00\",\"dateModified\":\"2026-04-16T09:28:02+00:00\",\"description\":\"Trouve toutes les informations sur les horaires d'\u00e9t\u00e9 des Sportbahnen Unterb\u00e4ch dans l'horaire en ligne. Nous nous r\u00e9jouissons de ta visite!\",\"breadcrumb\":{\"@id\":\"https:\\\/\\\/unterbaech.ch\\\/fr\\\/remontees-mecaniques-de-sport\\\/horaires-dete\\\/#breadcrumb\"},\"inLanguage\":\"fr-FR\",\"potentialAction\":[{\"@type\":\"ReadAction\",\"target\":[\"https:\\\/\\\/unterbaech.ch\\\/fr\\\/remontees-mecaniques-de-sport\\\/horaires-dete\\\/\"]}]},{\"@type\":\"BreadcrumbList\",\"@id\":\"https:\\\/\\\/unterbaech.ch\\\/fr\\\/remontees-mecaniques-de-sport\\\/horaires-dete\\\/#breadcrumb\",\"itemListElement\":[{\"@type\":\"ListItem\",\"position\":1,\"name\":\"Startseite\",\"item\":\"https:\\\/\\\/unterbaech.ch\\\/fr\\\/accueil\\\/\"},{\"@type\":\"ListItem\",\"position\":2,\"name\":\"Remont\u00e9es m\u00e9caniques de sport\",\"item\":\"https:\\\/\\\/unterbaech.ch\\\/fr\\\/remontees-mecaniques-de-sport\\\/\"},{\"@type\":\"ListItem\",\"position\":3,\"name\":\"Horaires d&#8217;\u00e9t\u00e9\"}]},{\"@type\":\"WebSite\",\"@id\":\"https:\\\/\\\/unterbaech.ch\\\/fr\\\/#website\",\"url\":\"https:\\\/\\\/unterbaech.ch\\\/fr\\\/\",\"name\":\"Unterb\u00e4ch\",\"description\":\"\",\"publisher\":{\"@id\":\"https:\\\/\\\/unterbaech.ch\\\/fr\\\/#organization\"},\"potentialAction\":[{\"@type\":\"SearchAction\",\"target\":{\"@type\":\"EntryPoint\",\"urlTemplate\":\"https:\\\/\\\/unterbaech.ch\\\/fr\\\/?s={search_term_string}\"},\"query-input\":{\"@type\":\"PropertyValueSpecification\",\"valueRequired\":true,\"valueName\":\"search_term_string\"}}],\"inLanguage\":\"fr-FR\"},{\"@type\":\"Organization\",\"@id\":\"https:\\\/\\\/unterbaech.ch\\\/fr\\\/#organization\",\"name\":\"Unterb\u00e4ch Tourismus\",\"url\":\"https:\\\/\\\/unterbaech.ch\\\/fr\\\/\",\"logo\":{\"@type\":\"ImageObject\",\"inLanguage\":\"fr-FR\",\"@id\":\"https:\\\/\\\/unterbaech.ch\\\/fr\\\/#\\\/schema\\\/logo\\\/image\\\/\",\"url\":\"https:\\\/\\\/unterbaech.ch\\\/wp-content\\\/uploads\\\/Logo-1.png\",\"contentUrl\":\"https:\\\/\\\/unterbaech.ch\\\/wp-content\\\/uploads\\\/Logo-1.png\",\"width\":1125,\"height\":1102,\"caption\":\"Unterb\u00e4ch Tourismus\"},\"image\":{\"@id\":\"https:\\\/\\\/unterbaech.ch\\\/fr\\\/#\\\/schema\\\/logo\\\/image\\\/\"},\"sameAs\":[\"https:\\\/\\\/www.facebook.com\\\/unterbaech\",\"https:\\\/\\\/www.instagram.com\\\/visit.unterbaech\\\/\",\"https:\\\/\\\/de.wikipedia.org\\\/wiki\\\/Unterb\u00e4ch\"]}]}<\/script>\n<!-- \/ Yoast SEO plugin. -->","yoast_head_json":{"title":"Horaires d'\u00e9t\u00e9 - Unterb\u00e4ch","description":"Trouve toutes les informations sur les horaires d'\u00e9t\u00e9 des Sportbahnen Unterb\u00e4ch dans l'horaire en ligne. Nous nous r\u00e9jouissons de ta visite!","robots":{"index":"index","follow":"follow","max-snippet":"max-snippet:-1","max-image-preview":"max-image-preview:large","max-video-preview":"max-video-preview:-1"},"canonical":"https:\/\/unterbaech.ch\/fr\/remontees-mecaniques-de-sport\/horaires-dete\/","og_locale":"fr_FR","og_type":"article","og_title":"Horaires d'\u00e9t\u00e9 - Unterb\u00e4ch","og_description":"Trouve toutes les informations sur les horaires d'\u00e9t\u00e9 des Sportbahnen Unterb\u00e4ch dans l'horaire en ligne. Nous nous r\u00e9jouissons de ta visite!","og_url":"https:\/\/unterbaech.ch\/fr\/remontees-mecaniques-de-sport\/horaires-dete\/","og_site_name":"Unterb\u00e4ch","article_publisher":"https:\/\/www.facebook.com\/unterbaech","article_modified_time":"2026-04-16T09:28:02+00:00","twitter_card":"summary_large_image","twitter_misc":{"Dur\u00e9e de lecture estim\u00e9e":"2 minutes"},"schema":{"@context":"https:\/\/schema.org","@graph":[{"@type":"WebPage","@id":"https:\/\/unterbaech.ch\/fr\/remontees-mecaniques-de-sport\/horaires-dete\/","url":"https:\/\/unterbaech.ch\/fr\/remontees-mecaniques-de-sport\/horaires-dete\/","name":"Horaires d'\u00e9t\u00e9 - Unterb\u00e4ch","isPartOf":{"@id":"https:\/\/unterbaech.ch\/fr\/#website"},"datePublished":"2022-05-12T10:37:21+00:00","dateModified":"2026-04-16T09:28:02+00:00","description":"Trouve toutes les informations sur les horaires d'\u00e9t\u00e9 des Sportbahnen Unterb\u00e4ch dans l'horaire en ligne. Nous nous r\u00e9jouissons de ta visite!","breadcrumb":{"@id":"https:\/\/unterbaech.ch\/fr\/remontees-mecaniques-de-sport\/horaires-dete\/#breadcrumb"},"inLanguage":"fr-FR","potentialAction":[{"@type":"ReadAction","target":["https:\/\/unterbaech.ch\/fr\/remontees-mecaniques-de-sport\/horaires-dete\/"]}]},{"@type":"BreadcrumbList","@id":"https:\/\/unterbaech.ch\/fr\/remontees-mecaniques-de-sport\/horaires-dete\/#breadcrumb","itemListElement":[{"@type":"ListItem","position":1,"name":"Startseite","item":"https:\/\/unterbaech.ch\/fr\/accueil\/"},{"@type":"ListItem","position":2,"name":"Remont\u00e9es m\u00e9caniques de sport","item":"https:\/\/unterbaech.ch\/fr\/remontees-mecaniques-de-sport\/"},{"@type":"ListItem","position":3,"name":"Horaires d&#8217;\u00e9t\u00e9"}]},{"@type":"WebSite","@id":"https:\/\/unterbaech.ch\/fr\/#website","url":"https:\/\/unterbaech.ch\/fr\/","name":"Unterb\u00e4ch","description":"","publisher":{"@id":"https:\/\/unterbaech.ch\/fr\/#organization"},"potentialAction":[{"@type":"SearchAction","target":{"@type":"EntryPoint","urlTemplate":"https:\/\/unterbaech.ch\/fr\/?s={search_term_string}"},"query-input":{"@type":"PropertyValueSpecification","valueRequired":true,"valueName":"search_term_string"}}],"inLanguage":"fr-FR"},{"@type":"Organization","@id":"https:\/\/unterbaech.ch\/fr\/#organization","name":"Unterb\u00e4ch Tourismus","url":"https:\/\/unterbaech.ch\/fr\/","logo":{"@type":"ImageObject","inLanguage":"fr-FR","@id":"https:\/\/unterbaech.ch\/fr\/#\/schema\/logo\/image\/","url":"https:\/\/unterbaech.ch\/wp-content\/uploads\/Logo-1.png","contentUrl":"https:\/\/unterbaech.ch\/wp-content\/uploads\/Logo-1.png","width":1125,"height":1102,"caption":"Unterb\u00e4ch Tourismus"},"image":{"@id":"https:\/\/unterbaech.ch\/fr\/#\/schema\/logo\/image\/"},"sameAs":["https:\/\/www.facebook.com\/unterbaech","https:\/\/www.instagram.com\/visit.unterbaech\/","https:\/\/de.wikipedia.org\/wiki\/Unterb\u00e4ch"]}]}},"_links":{"self":[{"href":"https:\/\/unterbaech.ch\/fr\/wp-json\/wp\/v2\/pages\/15884","targetHints":{"allow":["GET"]}}],"collection":[{"href":"https:\/\/unterbaech.ch\/fr\/wp-json\/wp\/v2\/pages"}],"about":[{"href":"https:\/\/unterbaech.ch\/fr\/wp-json\/wp\/v2\/types\/page"}],"author":[{"embeddable":true,"href":"https:\/\/unterbaech.ch\/fr\/wp-json\/wp\/v2\/users\/9"}],"replies":[{"embeddable":true,"href":"https:\/\/unterbaech.ch\/fr\/wp-json\/wp\/v2\/comments?post=15884"}],"version-history":[{"count":30,"href":"https:\/\/unterbaech.ch\/fr\/wp-json\/wp\/v2\/pages\/15884\/revisions"}],"predecessor-version":[{"id":30001,"href":"https:\/\/unterbaech.ch\/fr\/wp-json\/wp\/v2\/pages\/15884\/revisions\/30001"}],"up":[{"embeddable":true,"href":"https:\/\/unterbaech.ch\/fr\/wp-json\/wp\/v2\/pages\/15925"}],"wp:attachment":[{"href":"https:\/\/unterbaech.ch\/fr\/wp-json\/wp\/v2\/media?parent=15884"}],"curies":[{"name":"wp","href":"https:\/\/api.w.org\/{rel}","templated":true}]}}