{"id":27590,"date":"2025-08-14T15:54:17","date_gmt":"2025-08-14T13:54:17","guid":{"rendered":"https:\/\/unterbaech.ch\/?page_id=27590"},"modified":"2025-08-19T14:44:11","modified_gmt":"2025-08-19T12:44:11","slug":"moosalbi-deviner-avec-fuchsia","status":"publish","type":"page","link":"https:\/\/unterbaech.ch\/fr\/unterbaech\/sommer\/wandern\/wandern-mit-kindern\/themenweg-moosalbi-und-die-waldtiere\/moosalbi-deviner-avec-fuchsia\/","title":{"rendered":"Moosalbi (Deviner Avec Fuchsia)"},"content":{"rendered":"<\/p>\n\n<style type=\"text\/css\" data-created_by=\"avia_inline_auto\" id=\"style-css-av-kbax8y3e-3776389b67e3830a1c996d1d911a99c4\">\n.avia-section.av-kbax8y3e-3776389b67e3830a1c996d1d911a99c4 .av-parallax .av-parallax-inner{\nbackground-repeat:no-repeat;\nbackground-image:url(https:\/\/unterbaech.ch\/wp-content\/uploads\/DSC07846_\u00a9marcoschnyder-1024x683.jpg);\nbackground-position:50% 50%;\nbackground-attachment:scroll;\n}\n<\/style>\n<div id='av_section_1'  class='avia-section av-kbax8y3e-3776389b67e3830a1c996d1d911a99c4 main_color avia-section-default avia-no-border-styling  avia-builder-el-0  el_before_av_section  avia-builder-el-first  section-fullwidthimage avia-full-stretch av-parallax-section avia-bg-style-parallax av-minimum-height av-minimum-height-50 av-height-50  container_wrap fullsize'  data-section-bg-repeat='stretch' data-av_minimum_height_pc='50' data-av_min_height_opt='50'><div class='av-parallax' data-avia-parallax-ratio='0.3' ><div class='av-parallax-inner main_color avia-full-stretch'><\/div><\/div><div class='container av-section-cont-open' ><main  role=\"main\" itemprop=\"mainContentOfPage\"  class='template-page content  av-content-full alpha units'><div class='post-entry post-entry-type-page post-entry-27590'><div class='entry-content-wrapper clearfix'>\n<\/div><\/div><\/main><!-- close content main element --><\/div><\/div><div id='av_section_2'  class='avia-section av-1n2h9-eef07d2470a934665895b572bc96122f main_color avia-section-default avia-no-border-styling  avia-builder-el-1  el_after_av_section  el_before_av_textblock  section-leadtext onecol avia-bg-style-scroll container_wrap fullsize'  ><div class='container av-section-cont-open' ><div class='template-page content  av-content-full alpha units'><div class='post-entry post-entry-type-page post-entry-27590'><div class='entry-content-wrapper clearfix'>\n<section  class='av_textblock_section av-kbawhdx8-aafd6986f60364d4af7d68b05c94543c '   itemscope=\"itemscope\" itemtype=\"https:\/\/schema.org\/CreativeWork\" ><div class='avia_textblock'  itemprop=\"text\" ><p style=\"text-align: center;\"><strong>SENTIER THEMATIQUE<\/strong><\/p>\n<h3 style=\"text-align: center;\">MOOSALBI ET LES ANIMAUX DE LA F\u00d4RET<\/h3>\n<h3 style=\"text-align: center;\"><\/h3>\n<\/div><\/section>\n<section  class='av_textblock_section av-kbawhdx8-50-2d39441da883fdb7680e8816a4b18665 '   itemscope=\"itemscope\" itemtype=\"https:\/\/schema.org\/CreativeWork\" ><div class='avia_textblock lead'  itemprop=\"text\" ><p style=\"text-align: center;\">Le sentier th\u00e9matique \u00ab Moosalbi et les animaux de la for\u00eat \u00bb est particuli\u00e8rement appr\u00e9ci\u00e9 des familles. Long d&rsquo;environ une heure et accessible aux poussettes, il est jalonn\u00e9 de nombreux \u00e9quipements ludiques qui transforment la randonn\u00e9e en aventure. Les enfants d\u00e9couvrent ainsi de pr\u00e8s comment le nain Moosalbi et ses amis passent leur temps avec les animaux de la for\u00eat. \u00c0 la fin du sentier, dans le hameau de N\u00e4ssjere, un barbecue familial vous attend au bord d&rsquo;un petit \u00e9tang. Le mercredi, vous pouvez prendre le bus de randonn\u00e9e pour retourner \u00e0 Unterb\u00e4ch.<\/p>\n<p style=\"text-align: center;\">\n<\/div><\/section>\n<section  class='av_textblock_section av-me71m2ww-94d9f954aa83303e7459881a79780fcf '   itemscope=\"itemscope\" itemtype=\"https:\/\/schema.org\/CreativeWork\" ><div class='avia_textblock lead'  itemprop=\"text\" ><p style=\"text-align: center;\"><strong>DEVINER AVEC FUCHSIA<\/strong><\/p>\n<p style=\"text-align: center;\">Apr\u00e8s avoir appris beaucoup de choses sur les diff\u00e9rentes essences de bois, Moosi se met en route en sifflant joyeusement.<\/p>\n<p style=\"text-align: center;\">Tout \u00e0 coup, il remarque un grand trou au bord du chemin. Mais qu&rsquo;est-ce que c&rsquo;est ? Curieux, il s&rsquo;approche et regarde avec curiosit\u00e9 \u00e0 l&rsquo;int\u00e9rieur de la grotte. \u00ab Salut ? Il y a quelqu&rsquo;un ? \u00bb, crie-t-il dans le couloir sombre. Au d\u00e9but, Moosi ne remarque rien, mais soudain, il voit un petit nez et des oreilles pointues lui sauter dessus. Il sursaute et tombe en arri\u00e8re sur son post\u00e9rieur ! \u00ab Fuchsia ! Pourquoi me fais-tu si peur ? \u00bb, dit le nain.\u00a0 En riant, Moosi se l\u00e8ve et nettoie la poussi\u00e8re de son pantalon. Fuchsia &#8211; la renarde rus\u00e9e &#8211; rit avec le nain et r\u00e9pond, avec regret : \u00ab Pardon Moosi, je ne voulais pas. J&rsquo;ai d\u00fb sortir un peu trop vite de mon terrier \u00bb. \u00ab Qu&rsquo;est-ce que tu fais dans cette grotte sombre ? \u00bb, veut savoir Moosi de la renarde. Elle lui r\u00e9pond : \u00ab Je suis en train de faire mon terrier. Dans quelques semaines, je vais avoir des petits et c&rsquo;est pourquoi je leur pr\u00e9pare une belle maison \u00bb. Moosi ouvre de grands yeux et dit : \u00ab \u00c7a a l&rsquo;air d&rsquo;\u00eatre beaucoup de travail. Comment fais-tu ce terrier exactement? \u00bb Fuchsia explique \u00e0 Moosi : \u00ab Je creuse ici un tunnel et une grotte souterraine. J&rsquo;y installe ma famille confortablement avec diff\u00e9rentes choses de la for\u00eat, pour que nous ayons un endroit prot\u00e9g\u00e9 et que nous puissions nous cacher \u00bb. \u00ab De quelles choses as-tu besoin pour cela ? \u00bb, demande Moosi. La renarde r\u00e9pond : \u00ab Regarde Moosi, l\u00e0-bas, il y a une petite \u00e9nigme pour toi \u00e0 ce sujet. Il te suffit de plonger la main dans les trous et de deviner ce que tu peux y toucher. Tu ne dois vraiment pas avoir peur, les objets ne mordent pas \u00bb. Moosi lui r\u00e9pond : \u00ab Cela a l&rsquo;air passionnant ! C&rsquo;est avec plaisir que j&rsquo;essaierai de deviner les objets \u00bb.<\/p>\n<p style=\"text-align: center;\">\n<p style=\"text-align: center;\">Et toi, qu&rsquo;en penses-tu ? Peux-tu deviner tous les objets ?<\/p>\n<p style=\"text-align: center;\">\n<\/div><\/section>\n<div  class='flex_column av-5llxqq-de65d6daf3b9e3b8a8d18756a85c1a6d av_one_third  avia-builder-el-5  el_after_av_textblock  el_before_av_one_third  first flex_column_div  column-top-margin'     ><section  class='av_textblock_section av-me9wkw4m-a9fb805820c5a11a386c35e5fdf36e1c '   itemscope=\"itemscope\" itemtype=\"https:\/\/schema.org\/CreativeWork\" ><div class='avia_textblock'  itemprop=\"text\" ><p><img decoding=\"async\" class=\"alignnone wp-image-26364\" src=\"https:\/\/unterbaech.ch\/wp-content\/uploads\/Wallis_Unterbaech-767x768.jpg\" alt=\"\" width=\"289\" height=\"289\" srcset=\"https:\/\/unterbaech.ch\/wp-content\/uploads\/Wallis_Unterbaech-767x768.jpg 767w, https:\/\/unterbaech.ch\/wp-content\/uploads\/Wallis_Unterbaech-1079x1080.jpg 1079w, https:\/\/unterbaech.ch\/wp-content\/uploads\/Wallis_Unterbaech-80x80.jpg 80w, https:\/\/unterbaech.ch\/wp-content\/uploads\/Wallis_Unterbaech-768x769.jpg 768w, https:\/\/unterbaech.ch\/wp-content\/uploads\/Wallis_Unterbaech-36x36.jpg 36w, https:\/\/unterbaech.ch\/wp-content\/uploads\/Wallis_Unterbaech-475x475.jpg 475w, https:\/\/unterbaech.ch\/wp-content\/uploads\/Wallis_Unterbaech-705x705.jpg 705w, https:\/\/unterbaech.ch\/wp-content\/uploads\/Wallis_Unterbaech.jpg 1182w\" sizes=\"(max-width: 289px) 100vw, 289px\" \/><\/p>\n<\/div><\/section><\/div><div  class='flex_column av-18iiw5u-be0b81861a862cdf149d1c8d43fea97b av_one_third  avia-builder-el-7  el_after_av_one_third  el_before_av_one_third  flex_column_div  column-top-margin'     ><section  class='av_textblock_section av-me9wl7cq-a4962446afe2ff4d0ece802f8c56c8b1 '   itemscope=\"itemscope\" itemtype=\"https:\/\/schema.org\/CreativeWork\" ><div class='avia_textblock'  itemprop=\"text\" ><p><img decoding=\"async\" class=\"wp-image-26361 alignleft\" src=\"https:\/\/unterbaech.ch\/wp-content\/uploads\/Moosalp_RGB_quer.png\" alt=\"\" width=\"527\" height=\"373\" srcset=\"https:\/\/unterbaech.ch\/wp-content\/uploads\/Moosalp_RGB_quer.png 901w, https:\/\/unterbaech.ch\/wp-content\/uploads\/Moosalp_RGB_quer-768x543.png 768w, https:\/\/unterbaech.ch\/wp-content\/uploads\/Moosalp_RGB_quer-260x185.png 260w, https:\/\/unterbaech.ch\/wp-content\/uploads\/Moosalp_RGB_quer-705x498.png 705w\" sizes=\"(max-width: 527px) 100vw, 527px\" \/><\/p>\n<\/div><\/section><\/div><div  class='flex_column av-nfs2tu-8aed25325ed2f4be451c1447a4b256bf av_one_third  avia-builder-el-9  el_after_av_one_third  el_before_av_hr  flex_column_div  column-top-margin'     ><section  class='av_textblock_section av-me9wm8db-2555471b9721a79778650eba88344eb1 '   itemscope=\"itemscope\" itemtype=\"https:\/\/schema.org\/CreativeWork\" ><div class='avia_textblock'  itemprop=\"text\" ><p><img decoding=\"async\" class=\"alignnone wp-image-26352 alignright\" src=\"https:\/\/unterbaech.ch\/wp-content\/uploads\/Moosalbi-Bild-753x768.jpg\" alt=\"\" width=\"336\" height=\"343\" srcset=\"https:\/\/unterbaech.ch\/wp-content\/uploads\/Moosalbi-Bild-753x768.jpg 753w, https:\/\/unterbaech.ch\/wp-content\/uploads\/Moosalbi-Bild-1059x1080.jpg 1059w, https:\/\/unterbaech.ch\/wp-content\/uploads\/Moosalbi-Bild-768x783.jpg 768w, https:\/\/unterbaech.ch\/wp-content\/uploads\/Moosalbi-Bild-1506x1536.jpg 1506w, https:\/\/unterbaech.ch\/wp-content\/uploads\/Moosalbi-Bild-36x36.jpg 36w, https:\/\/unterbaech.ch\/wp-content\/uploads\/Moosalbi-Bild-1471x1500.jpg 1471w, https:\/\/unterbaech.ch\/wp-content\/uploads\/Moosalbi-Bild-691x705.jpg 691w, https:\/\/unterbaech.ch\/wp-content\/uploads\/Moosalbi-Bild.jpg 1521w\" sizes=\"(max-width: 336px) 100vw, 336px\" \/><\/p>\n<\/div><\/section><\/div>\n<style type=\"text\/css\" data-created_by=\"avia_inline_auto\" id=\"style-css-av-kbax4bbr-27f78f1f5574462b1f9eaf8ccb6701aa\">\n#top .hr.hr-invisible.av-kbax4bbr-27f78f1f5574462b1f9eaf8ccb6701aa{\nheight:25px;\n}\n<\/style>\n<div  class='hr av-kbax4bbr-27f78f1f5574462b1f9eaf8ccb6701aa hr-invisible  avia-builder-el-11  el_after_av_one_third  avia-builder-el-last '><span class='hr-inner '><span class=\"hr-inner-style\"><\/span><\/span><\/div>\n<\/div><\/div><\/div><!-- close content main div --><\/div><\/div><div id='after_section_2'  class='main_color av_default_container_wrap container_wrap fullsize'  ><div class='container av-section-cont-open' ><div class='template-page content  av-content-full alpha units'><div class='post-entry post-entry-type-page post-entry-27590'><div class='entry-content-wrapper clearfix'><section  class='av_textblock_section av-me74ahk0-165e6eef31f49976845b711f988f4657 '   itemscope=\"itemscope\" itemtype=\"https:\/\/schema.org\/CreativeWork\" ><div class='avia_textblock'  itemprop=\"text\" ><p style=\"text-align: center;\"><em>Tipp:\u00a0<\/em><\/p>\n<h3 style=\"text-align: center;\">CHEMIN DES PIRATES<\/h3>\n<p style=\"text-align: center;\">D\u00e9couvrez maintenant ici<\/p>\n<p><img decoding=\"async\" class=\"alignnone wp-image-19480 aligncenter\" src=\"https:\/\/unterbaech.ch\/wp-content\/uploads\/Goldlocke-web-header-1024x546.jpg\" alt=\"\" width=\"602\" height=\"321\" srcset=\"https:\/\/unterbaech.ch\/wp-content\/uploads\/Goldlocke-web-header-1024x546.jpg 1024w, https:\/\/unterbaech.ch\/wp-content\/uploads\/Goldlocke-web-header-1920x1025.jpg 1920w, https:\/\/unterbaech.ch\/wp-content\/uploads\/Goldlocke-web-header-768x410.jpg 768w, https:\/\/unterbaech.ch\/wp-content\/uploads\/Goldlocke-web-header-1536x820.jpg 1536w, https:\/\/unterbaech.ch\/wp-content\/uploads\/Goldlocke-web-header-1500x800.jpg 1500w, https:\/\/unterbaech.ch\/wp-content\/uploads\/Goldlocke-web-header-705x376.jpg 705w, https:\/\/unterbaech.ch\/wp-content\/uploads\/Goldlocke-web-header.jpg 2024w\" sizes=\"(max-width: 602px) 100vw, 602px\" \/><\/p>\n<\/div><\/section><\/p>\n<div  class='avia-button-wrap av-me74c22l-8508ca4da8b0c0d15fe06649a503d72f-wrap avia-button-center  avia-builder-el-13  el_after_av_textblock  avia-builder-el-last '><a href='https:\/\/unterbaech.ch\/fr\/decouvertes-et-experiences\/chemin-des-pirates\/'  class='avia-button av-me74c22l-8508ca4da8b0c0d15fe06649a503d72f av-link-btn avia-icon_select-no avia-size-small avia-position-center avia-color-theme-color'   aria-label=\"Cliquez ici\"><span class='avia_iconbox_title' >Cliquez ici<\/span><\/a><\/div>\n","protected":false},"excerpt":{"rendered":"","protected":false},"author":4,"featured_media":0,"parent":4460,"menu_order":0,"comment_status":"closed","ping_status":"closed","template":"","meta":{"inline_featured_image":false,"footnotes":""},"class_list":["post-27590","page","type-page","status-publish","hentry"],"yoast_head":"<!-- This site is optimized with the Yoast SEO plugin v27.5 - https:\/\/yoast.com\/product\/yoast-seo-wordpress\/ -->\n<title>Moosalbi (Deviner Avec Fuchsia) - Unterb\u00e4ch<\/title>\n<meta name=\"description\" content=\"Le sentier th\u00e9matique \u00ab Moosalbi et les animaux de la for\u00eat \u00bb est particuli\u00e8rement appr\u00e9ci\u00e9 des familles. Long d&#039;environ une heure et accessible aux poussettes, il est jalonn\u00e9 de nombreux \u00e9quipements ludiques qui transforment la randonn\u00e9e en aventure. Les enfants d\u00e9couvrent ainsi de pr\u00e8s comment le nain Moosalbi et ses amis passent leur temps avec les animaux de la for\u00eat. \u00c0 la fin du sentier, dans le hameau de N\u00e4ssjere, un barbecue familial vous attend au bord d&#039;un petit \u00e9tang. Le mercredi, vous pouvez prendre le bus de randonn\u00e9e pour retourner \u00e0 Unterb\u00e4ch.\" \/>\n<meta name=\"robots\" content=\"index, follow, max-snippet:-1, max-image-preview:large, max-video-preview:-1\" \/>\n<link rel=\"canonical\" href=\"https:\/\/unterbaech.ch\/fr\/unterbaech\/sommer\/wandern\/wandern-mit-kindern\/themenweg-moosalbi-und-die-waldtiere\/moosalbi-deviner-avec-fuchsia\/\" \/>\n<meta property=\"og:locale\" content=\"fr_FR\" \/>\n<meta property=\"og:type\" content=\"article\" \/>\n<meta property=\"og:title\" content=\"Moosalbi (Deviner Avec Fuchsia) - Unterb\u00e4ch\" \/>\n<meta property=\"og:description\" content=\"Le sentier th\u00e9matique \u00ab Moosalbi et les animaux de la for\u00eat \u00bb est particuli\u00e8rement appr\u00e9ci\u00e9 des familles. Long d&#039;environ une heure et accessible aux poussettes, il est jalonn\u00e9 de nombreux \u00e9quipements ludiques qui transforment la randonn\u00e9e en aventure. Les enfants d\u00e9couvrent ainsi de pr\u00e8s comment le nain Moosalbi et ses amis passent leur temps avec les animaux de la for\u00eat. \u00c0 la fin du sentier, dans le hameau de N\u00e4ssjere, un barbecue familial vous attend au bord d&#039;un petit \u00e9tang. Le mercredi, vous pouvez prendre le bus de randonn\u00e9e pour retourner \u00e0 Unterb\u00e4ch.\" \/>\n<meta property=\"og:url\" content=\"https:\/\/unterbaech.ch\/fr\/unterbaech\/sommer\/wandern\/wandern-mit-kindern\/themenweg-moosalbi-und-die-waldtiere\/moosalbi-deviner-avec-fuchsia\/\" \/>\n<meta property=\"og:site_name\" content=\"Unterb\u00e4ch\" \/>\n<meta property=\"article:publisher\" content=\"https:\/\/www.facebook.com\/unterbaech\" \/>\n<meta property=\"article:modified_time\" content=\"2025-08-19T12:44:11+00:00\" \/>\n<meta property=\"og:image\" content=\"https:\/\/unterbaech.ch\/wp-content\/uploads\/Wallis_Unterbaech.jpg\" \/>\n\t<meta property=\"og:image:width\" content=\"1182\" \/>\n\t<meta property=\"og:image:height\" content=\"1183\" \/>\n\t<meta property=\"og:image:type\" content=\"image\/jpeg\" \/>\n<meta name=\"twitter:card\" content=\"summary_large_image\" \/>\n<meta name=\"twitter:label1\" content=\"Dur\u00e9e de lecture estim\u00e9e\" \/>\n\t<meta name=\"twitter:data1\" content=\"4 minutes\" \/>\n<script type=\"application\/ld+json\" class=\"yoast-schema-graph\">{\"@context\":\"https:\\\/\\\/schema.org\",\"@graph\":[{\"@type\":\"WebPage\",\"@id\":\"https:\\\/\\\/unterbaech.ch\\\/fr\\\/unterbaech\\\/sommer\\\/wandern\\\/wandern-mit-kindern\\\/themenweg-moosalbi-und-die-waldtiere\\\/moosalbi-deviner-avec-fuchsia\\\/\",\"url\":\"https:\\\/\\\/unterbaech.ch\\\/fr\\\/unterbaech\\\/sommer\\\/wandern\\\/wandern-mit-kindern\\\/themenweg-moosalbi-und-die-waldtiere\\\/moosalbi-deviner-avec-fuchsia\\\/\",\"name\":\"Moosalbi (Deviner Avec Fuchsia) - Unterb\u00e4ch\",\"isPartOf\":{\"@id\":\"https:\\\/\\\/unterbaech.ch\\\/fr\\\/#website\"},\"primaryImageOfPage\":{\"@id\":\"https:\\\/\\\/unterbaech.ch\\\/fr\\\/unterbaech\\\/sommer\\\/wandern\\\/wandern-mit-kindern\\\/themenweg-moosalbi-und-die-waldtiere\\\/moosalbi-deviner-avec-fuchsia\\\/#primaryimage\"},\"image\":{\"@id\":\"https:\\\/\\\/unterbaech.ch\\\/fr\\\/unterbaech\\\/sommer\\\/wandern\\\/wandern-mit-kindern\\\/themenweg-moosalbi-und-die-waldtiere\\\/moosalbi-deviner-avec-fuchsia\\\/#primaryimage\"},\"thumbnailUrl\":\"https:\\\/\\\/unterbaech.ch\\\/wp-content\\\/uploads\\\/Wallis_Unterbaech-767x768.jpg\",\"datePublished\":\"2025-08-14T13:54:17+00:00\",\"dateModified\":\"2025-08-19T12:44:11+00:00\",\"description\":\"Le sentier th\u00e9matique \u00ab Moosalbi et les animaux de la for\u00eat \u00bb est particuli\u00e8rement appr\u00e9ci\u00e9 des familles. Long d'environ une heure et accessible aux poussettes, il est jalonn\u00e9 de nombreux \u00e9quipements ludiques qui transforment la randonn\u00e9e en aventure. Les enfants d\u00e9couvrent ainsi de pr\u00e8s comment le nain Moosalbi et ses amis passent leur temps avec les animaux de la for\u00eat. \u00c0 la fin du sentier, dans le hameau de N\u00e4ssjere, un barbecue familial vous attend au bord d'un petit \u00e9tang. Le mercredi, vous pouvez prendre le bus de randonn\u00e9e pour retourner \u00e0 Unterb\u00e4ch.\",\"breadcrumb\":{\"@id\":\"https:\\\/\\\/unterbaech.ch\\\/fr\\\/unterbaech\\\/sommer\\\/wandern\\\/wandern-mit-kindern\\\/themenweg-moosalbi-und-die-waldtiere\\\/moosalbi-deviner-avec-fuchsia\\\/#breadcrumb\"},\"inLanguage\":\"fr-FR\",\"potentialAction\":[{\"@type\":\"ReadAction\",\"target\":[\"https:\\\/\\\/unterbaech.ch\\\/fr\\\/unterbaech\\\/sommer\\\/wandern\\\/wandern-mit-kindern\\\/themenweg-moosalbi-und-die-waldtiere\\\/moosalbi-deviner-avec-fuchsia\\\/\"]}]},{\"@type\":\"ImageObject\",\"inLanguage\":\"fr-FR\",\"@id\":\"https:\\\/\\\/unterbaech.ch\\\/fr\\\/unterbaech\\\/sommer\\\/wandern\\\/wandern-mit-kindern\\\/themenweg-moosalbi-und-die-waldtiere\\\/moosalbi-deviner-avec-fuchsia\\\/#primaryimage\",\"url\":\"https:\\\/\\\/unterbaech.ch\\\/wp-content\\\/uploads\\\/Wallis_Unterbaech-767x768.jpg\",\"contentUrl\":\"https:\\\/\\\/unterbaech.ch\\\/wp-content\\\/uploads\\\/Wallis_Unterbaech-767x768.jpg\"},{\"@type\":\"BreadcrumbList\",\"@id\":\"https:\\\/\\\/unterbaech.ch\\\/fr\\\/unterbaech\\\/sommer\\\/wandern\\\/wandern-mit-kindern\\\/themenweg-moosalbi-und-die-waldtiere\\\/moosalbi-deviner-avec-fuchsia\\\/#breadcrumb\",\"itemListElement\":[{\"@type\":\"ListItem\",\"position\":1,\"name\":\"Startseite\",\"item\":\"https:\\\/\\\/unterbaech.ch\\\/fr\\\/accueil\\\/\"},{\"@type\":\"ListItem\",\"position\":2,\"name\":\"Entdecken &#038; Erleben\",\"item\":\"https:\\\/\\\/unterbaech.ch\\\/fr\\\/unterbaech\\\/\"},{\"@type\":\"ListItem\",\"position\":3,\"name\":\"Sommer\",\"item\":\"https:\\\/\\\/unterbaech.ch\\\/fr\\\/unterbaech\\\/sommer\\\/\"},{\"@type\":\"ListItem\",\"position\":4,\"name\":\"Wandern\",\"item\":\"https:\\\/\\\/unterbaech.ch\\\/fr\\\/unterbaech\\\/sommer\\\/wandern\\\/\"},{\"@type\":\"ListItem\",\"position\":5,\"name\":\"Wandern mit Kindern\",\"item\":\"https:\\\/\\\/unterbaech.ch\\\/fr\\\/unterbaech\\\/sommer\\\/wandern\\\/wandern-mit-kindern\\\/\"},{\"@type\":\"ListItem\",\"position\":6,\"name\":\"Themenweg Moosalbi und die Waldtiere\",\"item\":\"https:\\\/\\\/unterbaech.ch\\\/fr\\\/unterbaech\\\/sommer\\\/wandern\\\/wandern-mit-kindern\\\/themenweg-moosalbi-und-die-waldtiere\\\/\"},{\"@type\":\"ListItem\",\"position\":7,\"name\":\"Moosalbi (Deviner Avec Fuchsia)\"}]},{\"@type\":\"WebSite\",\"@id\":\"https:\\\/\\\/unterbaech.ch\\\/fr\\\/#website\",\"url\":\"https:\\\/\\\/unterbaech.ch\\\/fr\\\/\",\"name\":\"Unterb\u00e4ch\",\"description\":\"\",\"publisher\":{\"@id\":\"https:\\\/\\\/unterbaech.ch\\\/fr\\\/#organization\"},\"potentialAction\":[{\"@type\":\"SearchAction\",\"target\":{\"@type\":\"EntryPoint\",\"urlTemplate\":\"https:\\\/\\\/unterbaech.ch\\\/fr\\\/?s={search_term_string}\"},\"query-input\":{\"@type\":\"PropertyValueSpecification\",\"valueRequired\":true,\"valueName\":\"search_term_string\"}}],\"inLanguage\":\"fr-FR\"},{\"@type\":\"Organization\",\"@id\":\"https:\\\/\\\/unterbaech.ch\\\/fr\\\/#organization\",\"name\":\"Unterb\u00e4ch Tourismus\",\"url\":\"https:\\\/\\\/unterbaech.ch\\\/fr\\\/\",\"logo\":{\"@type\":\"ImageObject\",\"inLanguage\":\"fr-FR\",\"@id\":\"https:\\\/\\\/unterbaech.ch\\\/fr\\\/#\\\/schema\\\/logo\\\/image\\\/\",\"url\":\"https:\\\/\\\/unterbaech.ch\\\/wp-content\\\/uploads\\\/Logo-1.png\",\"contentUrl\":\"https:\\\/\\\/unterbaech.ch\\\/wp-content\\\/uploads\\\/Logo-1.png\",\"width\":1125,\"height\":1102,\"caption\":\"Unterb\u00e4ch Tourismus\"},\"image\":{\"@id\":\"https:\\\/\\\/unterbaech.ch\\\/fr\\\/#\\\/schema\\\/logo\\\/image\\\/\"},\"sameAs\":[\"https:\\\/\\\/www.facebook.com\\\/unterbaech\",\"https:\\\/\\\/www.instagram.com\\\/visit.unterbaech\\\/\",\"https:\\\/\\\/de.wikipedia.org\\\/wiki\\\/Unterb\u00e4ch\"]}]}<\/script>\n<!-- \/ Yoast SEO plugin. -->","yoast_head_json":{"title":"Moosalbi (Deviner Avec Fuchsia) - Unterb\u00e4ch","description":"Le sentier th\u00e9matique \u00ab Moosalbi et les animaux de la for\u00eat \u00bb est particuli\u00e8rement appr\u00e9ci\u00e9 des familles. Long d'environ une heure et accessible aux poussettes, il est jalonn\u00e9 de nombreux \u00e9quipements ludiques qui transforment la randonn\u00e9e en aventure. Les enfants d\u00e9couvrent ainsi de pr\u00e8s comment le nain Moosalbi et ses amis passent leur temps avec les animaux de la for\u00eat. \u00c0 la fin du sentier, dans le hameau de N\u00e4ssjere, un barbecue familial vous attend au bord d'un petit \u00e9tang. Le mercredi, vous pouvez prendre le bus de randonn\u00e9e pour retourner \u00e0 Unterb\u00e4ch.","robots":{"index":"index","follow":"follow","max-snippet":"max-snippet:-1","max-image-preview":"max-image-preview:large","max-video-preview":"max-video-preview:-1"},"canonical":"https:\/\/unterbaech.ch\/fr\/unterbaech\/sommer\/wandern\/wandern-mit-kindern\/themenweg-moosalbi-und-die-waldtiere\/moosalbi-deviner-avec-fuchsia\/","og_locale":"fr_FR","og_type":"article","og_title":"Moosalbi (Deviner Avec Fuchsia) - Unterb\u00e4ch","og_description":"Le sentier th\u00e9matique \u00ab Moosalbi et les animaux de la for\u00eat \u00bb est particuli\u00e8rement appr\u00e9ci\u00e9 des familles. Long d'environ une heure et accessible aux poussettes, il est jalonn\u00e9 de nombreux \u00e9quipements ludiques qui transforment la randonn\u00e9e en aventure. Les enfants d\u00e9couvrent ainsi de pr\u00e8s comment le nain Moosalbi et ses amis passent leur temps avec les animaux de la for\u00eat. \u00c0 la fin du sentier, dans le hameau de N\u00e4ssjere, un barbecue familial vous attend au bord d'un petit \u00e9tang. Le mercredi, vous pouvez prendre le bus de randonn\u00e9e pour retourner \u00e0 Unterb\u00e4ch.","og_url":"https:\/\/unterbaech.ch\/fr\/unterbaech\/sommer\/wandern\/wandern-mit-kindern\/themenweg-moosalbi-und-die-waldtiere\/moosalbi-deviner-avec-fuchsia\/","og_site_name":"Unterb\u00e4ch","article_publisher":"https:\/\/www.facebook.com\/unterbaech","article_modified_time":"2025-08-19T12:44:11+00:00","og_image":[{"width":1182,"height":1183,"url":"https:\/\/unterbaech.ch\/wp-content\/uploads\/Wallis_Unterbaech.jpg","type":"image\/jpeg"}],"twitter_card":"summary_large_image","twitter_misc":{"Dur\u00e9e de lecture estim\u00e9e":"4 minutes"},"schema":{"@context":"https:\/\/schema.org","@graph":[{"@type":"WebPage","@id":"https:\/\/unterbaech.ch\/fr\/unterbaech\/sommer\/wandern\/wandern-mit-kindern\/themenweg-moosalbi-und-die-waldtiere\/moosalbi-deviner-avec-fuchsia\/","url":"https:\/\/unterbaech.ch\/fr\/unterbaech\/sommer\/wandern\/wandern-mit-kindern\/themenweg-moosalbi-und-die-waldtiere\/moosalbi-deviner-avec-fuchsia\/","name":"Moosalbi (Deviner Avec Fuchsia) - Unterb\u00e4ch","isPartOf":{"@id":"https:\/\/unterbaech.ch\/fr\/#website"},"primaryImageOfPage":{"@id":"https:\/\/unterbaech.ch\/fr\/unterbaech\/sommer\/wandern\/wandern-mit-kindern\/themenweg-moosalbi-und-die-waldtiere\/moosalbi-deviner-avec-fuchsia\/#primaryimage"},"image":{"@id":"https:\/\/unterbaech.ch\/fr\/unterbaech\/sommer\/wandern\/wandern-mit-kindern\/themenweg-moosalbi-und-die-waldtiere\/moosalbi-deviner-avec-fuchsia\/#primaryimage"},"thumbnailUrl":"https:\/\/unterbaech.ch\/wp-content\/uploads\/Wallis_Unterbaech-767x768.jpg","datePublished":"2025-08-14T13:54:17+00:00","dateModified":"2025-08-19T12:44:11+00:00","description":"Le sentier th\u00e9matique \u00ab Moosalbi et les animaux de la for\u00eat \u00bb est particuli\u00e8rement appr\u00e9ci\u00e9 des familles. Long d'environ une heure et accessible aux poussettes, il est jalonn\u00e9 de nombreux \u00e9quipements ludiques qui transforment la randonn\u00e9e en aventure. Les enfants d\u00e9couvrent ainsi de pr\u00e8s comment le nain Moosalbi et ses amis passent leur temps avec les animaux de la for\u00eat. \u00c0 la fin du sentier, dans le hameau de N\u00e4ssjere, un barbecue familial vous attend au bord d'un petit \u00e9tang. Le mercredi, vous pouvez prendre le bus de randonn\u00e9e pour retourner \u00e0 Unterb\u00e4ch.","breadcrumb":{"@id":"https:\/\/unterbaech.ch\/fr\/unterbaech\/sommer\/wandern\/wandern-mit-kindern\/themenweg-moosalbi-und-die-waldtiere\/moosalbi-deviner-avec-fuchsia\/#breadcrumb"},"inLanguage":"fr-FR","potentialAction":[{"@type":"ReadAction","target":["https:\/\/unterbaech.ch\/fr\/unterbaech\/sommer\/wandern\/wandern-mit-kindern\/themenweg-moosalbi-und-die-waldtiere\/moosalbi-deviner-avec-fuchsia\/"]}]},{"@type":"ImageObject","inLanguage":"fr-FR","@id":"https:\/\/unterbaech.ch\/fr\/unterbaech\/sommer\/wandern\/wandern-mit-kindern\/themenweg-moosalbi-und-die-waldtiere\/moosalbi-deviner-avec-fuchsia\/#primaryimage","url":"https:\/\/unterbaech.ch\/wp-content\/uploads\/Wallis_Unterbaech-767x768.jpg","contentUrl":"https:\/\/unterbaech.ch\/wp-content\/uploads\/Wallis_Unterbaech-767x768.jpg"},{"@type":"BreadcrumbList","@id":"https:\/\/unterbaech.ch\/fr\/unterbaech\/sommer\/wandern\/wandern-mit-kindern\/themenweg-moosalbi-und-die-waldtiere\/moosalbi-deviner-avec-fuchsia\/#breadcrumb","itemListElement":[{"@type":"ListItem","position":1,"name":"Startseite","item":"https:\/\/unterbaech.ch\/fr\/accueil\/"},{"@type":"ListItem","position":2,"name":"Entdecken &#038; Erleben","item":"https:\/\/unterbaech.ch\/fr\/unterbaech\/"},{"@type":"ListItem","position":3,"name":"Sommer","item":"https:\/\/unterbaech.ch\/fr\/unterbaech\/sommer\/"},{"@type":"ListItem","position":4,"name":"Wandern","item":"https:\/\/unterbaech.ch\/fr\/unterbaech\/sommer\/wandern\/"},{"@type":"ListItem","position":5,"name":"Wandern mit Kindern","item":"https:\/\/unterbaech.ch\/fr\/unterbaech\/sommer\/wandern\/wandern-mit-kindern\/"},{"@type":"ListItem","position":6,"name":"Themenweg Moosalbi und die Waldtiere","item":"https:\/\/unterbaech.ch\/fr\/unterbaech\/sommer\/wandern\/wandern-mit-kindern\/themenweg-moosalbi-und-die-waldtiere\/"},{"@type":"ListItem","position":7,"name":"Moosalbi (Deviner Avec Fuchsia)"}]},{"@type":"WebSite","@id":"https:\/\/unterbaech.ch\/fr\/#website","url":"https:\/\/unterbaech.ch\/fr\/","name":"Unterb\u00e4ch","description":"","publisher":{"@id":"https:\/\/unterbaech.ch\/fr\/#organization"},"potentialAction":[{"@type":"SearchAction","target":{"@type":"EntryPoint","urlTemplate":"https:\/\/unterbaech.ch\/fr\/?s={search_term_string}"},"query-input":{"@type":"PropertyValueSpecification","valueRequired":true,"valueName":"search_term_string"}}],"inLanguage":"fr-FR"},{"@type":"Organization","@id":"https:\/\/unterbaech.ch\/fr\/#organization","name":"Unterb\u00e4ch Tourismus","url":"https:\/\/unterbaech.ch\/fr\/","logo":{"@type":"ImageObject","inLanguage":"fr-FR","@id":"https:\/\/unterbaech.ch\/fr\/#\/schema\/logo\/image\/","url":"https:\/\/unterbaech.ch\/wp-content\/uploads\/Logo-1.png","contentUrl":"https:\/\/unterbaech.ch\/wp-content\/uploads\/Logo-1.png","width":1125,"height":1102,"caption":"Unterb\u00e4ch Tourismus"},"image":{"@id":"https:\/\/unterbaech.ch\/fr\/#\/schema\/logo\/image\/"},"sameAs":["https:\/\/www.facebook.com\/unterbaech","https:\/\/www.instagram.com\/visit.unterbaech\/","https:\/\/de.wikipedia.org\/wiki\/Unterb\u00e4ch"]}]}},"_links":{"self":[{"href":"https:\/\/unterbaech.ch\/fr\/wp-json\/wp\/v2\/pages\/27590","targetHints":{"allow":["GET"]}}],"collection":[{"href":"https:\/\/unterbaech.ch\/fr\/wp-json\/wp\/v2\/pages"}],"about":[{"href":"https:\/\/unterbaech.ch\/fr\/wp-json\/wp\/v2\/types\/page"}],"author":[{"embeddable":true,"href":"https:\/\/unterbaech.ch\/fr\/wp-json\/wp\/v2\/users\/4"}],"replies":[{"embeddable":true,"href":"https:\/\/unterbaech.ch\/fr\/wp-json\/wp\/v2\/comments?post=27590"}],"version-history":[{"count":12,"href":"https:\/\/unterbaech.ch\/fr\/wp-json\/wp\/v2\/pages\/27590\/revisions"}],"predecessor-version":[{"id":27706,"href":"https:\/\/unterbaech.ch\/fr\/wp-json\/wp\/v2\/pages\/27590\/revisions\/27706"}],"up":[{"embeddable":true,"href":"https:\/\/unterbaech.ch\/fr\/wp-json\/wp\/v2\/pages\/4460"}],"wp:attachment":[{"href":"https:\/\/unterbaech.ch\/fr\/wp-json\/wp\/v2\/media?parent=27590"}],"curies":[{"name":"wp","href":"https:\/\/api.w.org\/{rel}","templated":true}]}}